{"id":632,"date":"2024-11-05T08:49:18","date_gmt":"2024-11-05T07:49:18","guid":{"rendered":"https:\/\/dinsotare.com\/?page_id=632"},"modified":"2024-12-02T10:05:07","modified_gmt":"2024-12-02T09:05:07","slug":"kanaltatning","status":"publish","type":"page","link":"https:\/\/molndalssotarna.se\/?page_id=632","title":{"rendered":"Kanalt\u00e4tning"},"content":{"rendered":"\n<div id=\"wp-block-themeisle-blocks-advanced-columns-1ae2e18b\" class=\"wp-block-themeisle-blocks-advanced-columns alignfull has-1-columns has-desktop-equal-layout has-tablet-equal-layout has-mobile-equal-layout has-vertical-unset\"><div class=\"wp-block-themeisle-blocks-advanced-columns-overlay\"><\/div><div class=\"innerblocks-wrap\">\n<div id=\"wp-block-themeisle-blocks-advanced-column-0ea1032a\" class=\"wp-block-themeisle-blocks-advanced-column\">\n<header class=\"wp-block-uagb-advanced-heading uagb-block-5f1fd0b7\"><h1 class=\"uagb-heading-text\"><strong><strong><strong>Kanalt\u00e4tning<\/strong><\/strong><\/strong> \u2013 vi t\u00e4tar alla typer av ventilationskanaler<\/h1><\/header>\n\n\n\n<div style=\"height:15px\" aria-hidden=\"true\" class=\"wp-block-spacer\"><\/div>\n\n\n\n<p class=\"has-text-align-center has-nv-site-bg-color has-text-color has-link-color wp-elements-f09f04069dc65d6eaa05e073c0826a2b wp-block-paragraph\">Se \u00f6ver dina ventilationskanalers funktion och underh\u00e5ll dem. Att investera i en kanalt\u00e4tning kan g\u00f6ra att systemet betalar av sig sj\u00e4lv \u00f6ver tid. T\u00e4tning av ventilationskanaler sparar pengar och ger ett b\u00e4ttre inomhusklimat!<\/p>\n<\/div>\n<\/div><\/div>\n\n\n\n<div style=\"height:100px\" aria-hidden=\"true\" class=\"wp-block-spacer\"><\/div>\n\n\n\n<h2 class=\"wp-block-heading\">Vi t\u00e4tar alla ventilationskanaler utan att riva i det befintliga, oavsett form, storlek och material p\u00e5 systemet.<\/h2>\n\n\n\n<div class=\"wp-block-columns is-layout-flex wp-container-core-columns-is-layout-8f761849 wp-block-columns-is-layout-flex\">\n<div class=\"wp-block-column is-layout-flow wp-block-column-is-layout-flow\" style=\"flex-basis:33.33%\">\n<p id=\"wp-block-themeisle-blocks-advanced-heading-91baffe5\" class=\"wp-block-themeisle-blocks-advanced-heading wp-block-themeisle-blocks-advanced-heading-91baffe5\"><strong>Relining \/ Sealing<\/strong><\/p>\n\n\n\n<h2 id=\"wp-block-themeisle-blocks-advanced-heading-360f5b02\" class=\"wp-block-themeisle-blocks-advanced-heading wp-block-themeisle-blocks-advanced-heading-360f5b02\">Tv\u00e5 olika metoder<\/h2>\n\n\n\n<p class=\"wp-block-paragraph\">Vi anv\u00e4nder oss av tv\u00e5 olika metoder, Relining och Sealing, beroende p\u00e5 vad som passar dina kanaler b\u00e4st.<\/p>\n<\/div>\n\n\n\n<div class=\"wp-block-column is-layout-flow wp-block-column-is-layout-flow\" style=\"flex-basis:66.66%\">\n<div class=\"wp-block-group is-nowrap is-layout-flex wp-container-core-group-is-layout-8f761849 wp-block-group-is-layout-flex\">\n<div class=\"wp-block-cover is-light wp-container-content-9dbf05af\" style=\"border-radius:10px\"><img loading=\"lazy\" decoding=\"async\" width=\"1207\" height=\"1207\" class=\"wp-block-cover__image-background wp-image-745\" alt=\"Reliningslang sicker upp ur skorsten, nyt\u00e4tad ventilationskanal\" src=\"http:\/\/molndalssotarna.se\/wp-content\/uploads\/2024\/11\/Relining-Goteborg-4.jpg\" data-object-fit=\"cover\" srcset=\"https:\/\/molndalssotarna.se\/wp-content\/uploads\/2024\/11\/Relining-Goteborg-4.jpg 1207w, https:\/\/molndalssotarna.se\/wp-content\/uploads\/2024\/11\/Relining-Goteborg-4-300x300.jpg 300w, https:\/\/molndalssotarna.se\/wp-content\/uploads\/2024\/11\/Relining-Goteborg-4-1024x1024.jpg 1024w, https:\/\/molndalssotarna.se\/wp-content\/uploads\/2024\/11\/Relining-Goteborg-4-150x150.jpg 150w, https:\/\/molndalssotarna.se\/wp-content\/uploads\/2024\/11\/Relining-Goteborg-4-768x768.jpg 768w\" sizes=\"auto, (max-width: 1207px) 100vw, 1207px\" \/><span aria-hidden=\"true\" class=\"wp-block-cover__background has-background-dim-0 has-background-dim\" style=\"background-color:#94a09a\"><\/span><div class=\"wp-block-cover__inner-container is-layout-constrained wp-block-cover-is-layout-constrained\">\n<div class=\"wp-block-buttons has-custom-font-size has-large-font-size is-horizontal is-content-justification-center is-layout-flex wp-container-core-buttons-is-layout-7d812b4c wp-block-buttons-is-layout-flex\">\n<div class=\"wp-block-button has-custom-font-size is-style-default has-medium-font-size\"><a class=\"wp-block-button__link has-nv-site-bg-color has-text-color wp-element-button\" href=\"#relining\">Relining<\/a><\/div>\n<\/div>\n<\/div><\/div>\n\n\n\n<div class=\"wp-block-cover is-light wp-container-content-9dbf05af\" style=\"border-radius:10px\"><img loading=\"lazy\" decoding=\"async\" width=\"1010\" height=\"708\" class=\"wp-block-cover__image-background wp-image-748\" alt=\"Genom metoden Sealing t\u00e4tar vi ventilationskanaler\" src=\"http:\/\/molndalssotarna.se\/wp-content\/uploads\/2024\/11\/Sealing.jpg\" style=\"object-position:51% 93%\" data-object-fit=\"cover\" data-object-position=\"51% 93%\" srcset=\"https:\/\/molndalssotarna.se\/wp-content\/uploads\/2024\/11\/Sealing.jpg 1010w, https:\/\/molndalssotarna.se\/wp-content\/uploads\/2024\/11\/Sealing-300x210.jpg 300w, https:\/\/molndalssotarna.se\/wp-content\/uploads\/2024\/11\/Sealing-768x538.jpg 768w\" sizes=\"auto, (max-width: 1010px) 100vw, 1010px\" \/><span aria-hidden=\"true\" class=\"wp-block-cover__background has-background-dim-0 has-background-dim\" style=\"background-color:#949c97\"><\/span><div class=\"wp-block-cover__inner-container is-layout-constrained wp-block-cover-is-layout-constrained\">\n<div class=\"wp-block-buttons has-custom-font-size has-large-font-size is-horizontal is-content-justification-center is-layout-flex wp-container-core-buttons-is-layout-7d812b4c wp-block-buttons-is-layout-flex\">\n<div class=\"wp-block-button has-custom-font-size is-style-default has-medium-font-size\"><a class=\"wp-block-button__link has-nv-site-bg-color has-text-color wp-element-button\" href=\"#sealing\">Sealing<\/a><\/div>\n<\/div>\n<\/div><\/div>\n<\/div>\n<\/div>\n<\/div>\n\n\n\n<div id=\"wp-block-themeisle-blocks-advanced-columns-dc44a453\" class=\"wp-block-themeisle-blocks-advanced-columns alignfull has-2-columns has-desktop-twoOne-layout has-tablet-equal-layout has-mobile-collapsedRows-layout has-vertical-top ticss-c00aadba has-light-bg\"><div class=\"wp-block-themeisle-blocks-advanced-columns-overlay\"><\/div><div class=\"innerblocks-wrap\">\n<div id=\"wp-block-themeisle-blocks-advanced-column-babfd63e\" class=\"wp-block-themeisle-blocks-advanced-column\">\n<h2 id=\"relining\" class=\"wp-block-themeisle-blocks-advanced-heading relining\">Relining<\/h2>\n\n\n\n<h3 class=\"wp-block-heading has-medium-font-size\">Relining \u00e4r en prisv\u00e4rd och milj\u00f6v\u00e4nlig l\u00f6sning p\u00e5 t\u00e4tning av alla typer av ventilationskanaler. Under reliningprocessen fodras insidan p\u00e5 den befintliga kanalen och en ny sl\u00e4t kanal utan skarvar skapas. En effektiv l\u00f6sning som g\u00e5r betydligt fortare \u00e4n att byta ut mot nya kanaler. <\/h3>\n\n\n\n<p class=\"wp-block-paragraph\">Fastigheter byggda f\u00f6re 1990 anses s\u00e4rskilt drabbade. Ot\u00e4ta ventilationskanaler och imkanaler orsakar d\u00e5lig luftkvalitet d\u00e4r lukter, f\u00f6roreningar och radon sprids. Dessutom kostar l\u00e4ckande ventilationskanaler mycket pengar n\u00e4r fl\u00e4ktar och aggregat g\u00e5r p\u00e5 h\u00f6gvarv.<\/p>\n\n\n\n<p class=\"has-text-align-left wp-block-paragraph\">Fastighets\u00e4gare och bostadsr\u00e4ttsf\u00f6reningar har allt att vinna p\u00e5 en kanalt\u00e4tning l\u00e4ckande ventilationskanaler. M\u00e5nga investerar i v\u00e4rme\u00e5tergivningssystem men gl\u00f6mmer de stora energif\u00f6rlusterna i ot\u00e4ta kanalsystem. T\u00e4tning av ventilationskanaler och imkanaler \u00e4r en klok ekonomisk investering som ger \u00f6kad livskvalitet f\u00f6r de boende och en mer energismart fastighet.<\/p>\n<\/div>\n\n\n\n<div id=\"wp-block-themeisle-blocks-advanced-column-953bddcf\" class=\"wp-block-themeisle-blocks-advanced-column\">\n<figure class=\"wp-block-image size-full\"><img decoding=\"async\" src=\"https:\/\/sotoventgruppen.se\/wp-content\/uploads\/2023\/12\/Relining.png\" alt=\"\" class=\"wp-image-1655\"\/><\/figure>\n\n\n\n<p class=\"has-text-align-center has-small-font-size wp-block-paragraph\"><em>Under reliningen fodras insidan p\u00e5 den befintliga kanalen och en ny sl\u00e4t kanal utan skarvar skapas.<\/em><\/p>\n<\/div>\n<\/div><\/div>\n\n\n\n<div id=\"wp-block-themeisle-blocks-advanced-columns-ebdfb20d\" class=\"wp-block-themeisle-blocks-advanced-columns alignfull has-3-columns has-desktop-equal-layout has-tablet-equal-layout has-mobile-collapsedRows-layout has-vertical-unset has-light-bg\"><div class=\"wp-block-themeisle-blocks-advanced-columns-overlay\"><\/div><div class=\"innerblocks-wrap\">\n<div id=\"wp-block-themeisle-blocks-advanced-column-dc752022\" class=\"wp-block-themeisle-blocks-advanced-column\">\n<figure class=\"wp-block-image size-large has-custom-border\"><img loading=\"lazy\" decoding=\"async\" width=\"1014\" height=\"1024\" src=\"http:\/\/molndalssotarna.se\/wp-content\/uploads\/2024\/11\/Relining_mobil-Gra-1014x1024.jpg\" alt=\"Man sitter uppe p\u00e5 skorsten och f\u00f6r ner reliningslang f\u00f6r att t\u00e4ta ventilationskanal, en del i processen av kanlt\u00e4tning\" class=\"wp-image-730\" style=\"border-radius:10px;aspect-ratio:1;object-fit:cover\" srcset=\"https:\/\/molndalssotarna.se\/wp-content\/uploads\/2024\/11\/Relining_mobil-Gra-1014x1024.jpg 1014w, https:\/\/molndalssotarna.se\/wp-content\/uploads\/2024\/11\/Relining_mobil-Gra-297x300.jpg 297w, https:\/\/molndalssotarna.se\/wp-content\/uploads\/2024\/11\/Relining_mobil-Gra-150x150.jpg 150w, https:\/\/molndalssotarna.se\/wp-content\/uploads\/2024\/11\/Relining_mobil-Gra-768x776.jpg 768w, https:\/\/molndalssotarna.se\/wp-content\/uploads\/2024\/11\/Relining_mobil-Gra.jpg 1024w\" sizes=\"auto, (max-width: 1014px) 100vw, 1014px\" \/><\/figure>\n\n\n\n<div style=\"height:30px\" aria-hidden=\"true\" class=\"wp-block-spacer\"><\/div>\n\n\n\n<div class=\"wp-block-group is-vertical is-layout-flex wp-container-core-group-is-layout-4fc3f8e1 wp-block-group-is-layout-flex\">\n<h3 class=\"wp-block-heading\">Relining av skorstenar och r\u00f6kkanaler<\/h3>\n\n\n\n<p class=\"wp-block-paragraph\">Relining med FitFire\u00ae ger en t\u00e4tning med h\u00f6gsta brandklass. Metoden passar skorstenar f\u00f6r olja, pellets, gas, braskaminer, vedugnar, \u00f6ppna spisar samt br\u00e4nnugnar och industriugnar.<\/p>\n<\/div>\n\n\n\n<div style=\"height:30px\" aria-hidden=\"true\" class=\"wp-block-spacer\"><\/div>\n<\/div>\n\n\n\n<div id=\"wp-block-themeisle-blocks-advanced-column-1533a724\" class=\"wp-block-themeisle-blocks-advanced-column\">\n<figure class=\"wp-block-image size-large has-custom-border\"><img decoding=\"async\" src=\"https:\/\/sotoventgruppen.se\/wp-content\/uploads\/2024\/04\/Ventilation_2-640x1024.jpg\" alt=\"Ventilationskanaler i behov av kanalt\u00e4tning\" class=\"wp-image-2383\" style=\"border-radius:10px;aspect-ratio:1;object-fit:cover\"\/><\/figure>\n\n\n\n<div style=\"height:30px\" aria-hidden=\"true\" class=\"wp-block-spacer\"><\/div>\n\n\n\n<div class=\"wp-block-group is-vertical is-layout-flex wp-container-core-group-is-layout-4fc3f8e1 wp-block-group-is-layout-flex\">\n<h3 class=\"wp-block-heading\">Relining av ventilationskanaler<\/h3>\n\n\n\n<p class=\"wp-block-paragraph\">Genom relining f\u00e5r man en kostnadseffektiv l\u00f6sning f\u00f6r att kunna \u00e5terst\u00e4lla gamla ventilationskanalerna till nyskick. Med denna metod kan befintliga konstruktioner anv\u00e4ndas. Vi skapar ett nytt t\u00e4tt skikt med bibeh\u00e5llen kanalarea.<\/p>\n<\/div>\n\n\n\n<div style=\"height:30px\" aria-hidden=\"true\" class=\"wp-block-spacer\"><\/div>\n<\/div>\n\n\n\n<div id=\"wp-block-themeisle-blocks-advanced-column-42e4aaf2\" class=\"wp-block-themeisle-blocks-advanced-column\">\n<figure class=\"wp-block-image size-full has-custom-border\"><img loading=\"lazy\" decoding=\"async\" width=\"1000\" height=\"665\" src=\"http:\/\/molndalssotarna.se\/wp-content\/uploads\/2024\/11\/Imkanal_Gra.jpg\" alt=\"Man reng\u00f6r imkanal\" class=\"wp-image-732\" style=\"border-radius:10px;aspect-ratio:1;object-fit:cover\" srcset=\"https:\/\/molndalssotarna.se\/wp-content\/uploads\/2024\/11\/Imkanal_Gra.jpg 1000w, https:\/\/molndalssotarna.se\/wp-content\/uploads\/2024\/11\/Imkanal_Gra-300x200.jpg 300w, https:\/\/molndalssotarna.se\/wp-content\/uploads\/2024\/11\/Imkanal_Gra-768x511.jpg 768w\" sizes=\"auto, (max-width: 1000px) 100vw, 1000px\" \/><\/figure>\n\n\n\n<div style=\"height:30px\" aria-hidden=\"true\" class=\"wp-block-spacer\"><\/div>\n\n\n\n<div class=\"wp-block-group is-vertical is-layout-flex wp-container-core-group-is-layout-4fc3f8e1 wp-block-group-is-layout-flex\">\n<h3 class=\"wp-block-heading\">Relining av imkanaler i stork\u00f6k<\/h3>\n\n\n\n<p class=\"wp-block-paragraph\">Relining med FitFire\u00ae anv\u00e4nds f\u00f6r att t\u00e4ta alla typer av ventilationskanaler och imkanaler i klass 1-3. Med denna metoder slipper man nedsmutsande h\u00e5ltagningar, dyr saneringar av eternit eller andra yttre ingrepp, och ger en ny och sl\u00e4t kanal utan skarvar.<\/p>\n\n\n\n<p class=\"wp-block-paragraph\">I stork\u00f6k finns s\u00e4rskilda krav p\u00e5 reng\u00f6ring. Ventilation i k\u00f6k som <strong>v\u00e4rmer mat<\/strong> ska reng\u00f6ras minst en g\u00e5ng per \u00e5r, medan reng\u00f6ringen av ventilation i k\u00f6k som <strong>lagar mat <\/strong>beh\u00f6ver ske minst tre g\u00e5nger per \u00e5r. L\u00e4s mer om <a href=\"http:\/\/molndalssotarna.se\/?page_id=575\">ventilationsrensning och reng\u00f6ring<\/a>.<\/p>\n<\/div>\n\n\n\n<div style=\"height:30px\" aria-hidden=\"true\" class=\"wp-block-spacer\"><\/div>\n<\/div>\n<\/div><\/div>\n\n\n\n<div style=\"height:100px\" aria-hidden=\"true\" class=\"wp-block-spacer\"><\/div>\n\n\n\n<div class=\"wp-block-group is-vertical is-layout-flex wp-container-core-group-is-layout-4fc3f8e1 wp-block-group-is-layout-flex\">\n<h2 class=\"wp-block-heading\" id=\"S\u00e5_h\u00e4r_g\u00e5r_installationen_till\">S\u00e5 h\u00e4r g\u00e5r relining till<\/h2>\n\n\n\n<p class=\"wp-block-paragraph\">F\u00f6rst dokumenterar vi ventilationskanalernas skick med en kamera och g\u00f6r en eventuell l\u00e4ckagem\u00e4tning. Reliningmaterialet f\u00f6rs sedan in via en slang i de befintliga kanalerna, bl\u00e5ses upp och h\u00e4rdas med \u00e5nga. Du f\u00e5r en \u00e5tg\u00e4rd som \u00e4r mycket kostnadseffektiv \u2013 och inte minst tidsbesparande.<\/p>\n<\/div>\n\n\n\n<div id=\"wp-block-themeisle-blocks-advanced-columns-15c694d2\" class=\"wp-block-themeisle-blocks-advanced-columns has-5-columns has-desktop-equal-layout has-tablet-equal-layout has-mobile-collapsedRows-layout has-vertical-unset\"><div class=\"wp-block-themeisle-blocks-advanced-columns-overlay\"><\/div><div class=\"innerblocks-wrap\">\n<div id=\"wp-block-themeisle-blocks-advanced-column-8a07745d\" class=\"wp-block-themeisle-blocks-advanced-column\"><div class=\"wp-block-image\">\n<figure class=\"aligncenter size-full\"><img decoding=\"async\" src=\"https:\/\/sotoventgruppen.se\/wp-content\/uploads\/2023\/12\/Installation-relining-1-1.jpg\" alt=\"Videoinspektion inf\u00f6r t\u00e4tning av ventilationskanal\" class=\"wp-image-1681\"\/><\/figure>\n<\/div>\n\n\n<p class=\"wp-block-paragraph\">1. Videoinspektion av r\u00f6k- eller ventilationskanalen<\/p>\n<\/div>\n\n\n\n<div id=\"wp-block-themeisle-blocks-advanced-column-30645d17\" class=\"wp-block-themeisle-blocks-advanced-column\"><div class=\"wp-block-image\">\n<figure class=\"aligncenter size-full\"><img decoding=\"async\" src=\"https:\/\/sotoventgruppen.se\/wp-content\/uploads\/2023\/12\/Installation-relining-2-1.jpg\" alt=\"Arbetsmoment inf\u00f6r t\u00e4tning av ventilationskanal\" class=\"wp-image-1682\"\/><\/figure>\n<\/div>\n\n\n<p class=\"wp-block-paragraph\">2. Montage av inmurningsstos \/ ventilationsdetalj<\/p>\n<\/div>\n\n\n\n<div id=\"wp-block-themeisle-blocks-advanced-column-de53625f\" class=\"wp-block-themeisle-blocks-advanced-column\"><div class=\"wp-block-image\">\n<figure class=\"aligncenter size-full\"><img decoding=\"async\" src=\"https:\/\/sotoventgruppen.se\/wp-content\/uploads\/2023\/12\/Installation-relining-3-1.jpg\" alt=\"Reliningslang bl\u00e5ses upp, t\u00e4tning av ventilationskanal\" class=\"wp-image-1683\"\/><\/figure>\n<\/div>\n\n\n<p class=\"wp-block-paragraph\">3. Insatsr\u00f6ret bl\u00e5ses upp med luft s\u00e5 att den anpassar sig till kanalv\u00e4ggen<\/p>\n<\/div>\n\n\n\n<div id=\"wp-block-themeisle-blocks-advanced-column-8ca1035f\" class=\"wp-block-themeisle-blocks-advanced-column\"><div class=\"wp-block-image\">\n<figure class=\"aligncenter size-full\"><img decoding=\"async\" src=\"https:\/\/sotoventgruppen.se\/wp-content\/uploads\/2023\/12\/Installation-relining-4-1.jpg\" alt=\"Reliningslang h\u00e4rdas med 100\u00b0 \u00e5nga, t\u00e4tning av ventilationskanal\" class=\"wp-image-1684\"\/><\/figure>\n<\/div>\n\n\n<p class=\"wp-block-paragraph\">4. Insatsr\u00f6ret h\u00e4rdas med 100\u00b0 \u00e5nga, s\u00e5 att hartset polymeras<\/p>\n<\/div>\n\n\n\n<div id=\"wp-block-themeisle-blocks-advanced-column-a5fec2f2\" class=\"wp-block-themeisle-blocks-advanced-column\"><div class=\"wp-block-image\">\n<figure class=\"aligncenter size-full\"><img decoding=\"async\" src=\"https:\/\/sotoventgruppen.se\/wp-content\/uploads\/2023\/12\/Installation-relining-5-1.jpg\" alt=\"Ventilationskanal nyt\u00e4tad genom relining-metod\" class=\"wp-image-1685\"\/><\/figure>\n<\/div>\n\n\n<p class=\"wp-block-paragraph\">5. Insatsr\u00f6rets \u00e4ndar sk\u00e4rs bort och arbetet \u00e4r klart!<\/p>\n<\/div>\n<\/div><\/div>\n\n\n\n<div class=\"wp-block-group is-vertical is-layout-flex wp-container-core-group-is-layout-4fc3f8e1 wp-block-group-is-layout-flex\">\n<p class=\"wp-block-paragraph\">N\u00e4r reliningen \u00e4r klar l\u00e4mnar vi fastigheten i snyggt och prydligt skick. En snabb och smidig \u00e5tg\u00e4rd \u2013 b\u00e5de f\u00f6r dig som fastighets\u00e4gare eller f\u00f6rvaltare, och inte minst f\u00f6r de boende, med minimalt av st\u00f6rande moment. <\/p>\n<\/div>\n\n\n\n<div style=\"height:60px\" aria-hidden=\"true\" class=\"wp-block-spacer\"><\/div>\n\n\n\n<div id=\"wp-block-themeisle-blocks-advanced-columns-d9e3a08e\" class=\"wp-block-themeisle-blocks-advanced-columns has-1-columns has-desktop-equal-layout has-tablet-equal-layout has-mobile-collapsedRows-layout has-vertical-unset\"><div class=\"wp-block-themeisle-blocks-advanced-columns-overlay\"><\/div><div class=\"innerblocks-wrap\">\n<div id=\"wp-block-themeisle-blocks-advanced-column-c4212358\" class=\"wp-block-themeisle-blocks-advanced-column\">\n<div class=\"wp-block-cover\" style=\"border-radius:10px\"><img loading=\"lazy\" decoding=\"async\" width=\"1024\" height=\"576\" class=\"wp-block-cover__image-background wp-image-752\" alt=\"Vatten\u00e5nga\" src=\"http:\/\/molndalssotarna.se\/wp-content\/uploads\/2024\/11\/Vattenanga-1024x576.jpg\" data-object-fit=\"cover\" srcset=\"https:\/\/molndalssotarna.se\/wp-content\/uploads\/2024\/11\/Vattenanga-1024x576.jpg 1024w, https:\/\/molndalssotarna.se\/wp-content\/uploads\/2024\/11\/Vattenanga-300x169.jpg 300w, https:\/\/molndalssotarna.se\/wp-content\/uploads\/2024\/11\/Vattenanga-768x432.jpg 768w, https:\/\/molndalssotarna.se\/wp-content\/uploads\/2024\/11\/Vattenanga-1536x864.jpg 1536w, https:\/\/molndalssotarna.se\/wp-content\/uploads\/2024\/11\/Vattenanga.jpg 1539w\" sizes=\"auto, (max-width: 1024px) 100vw, 1024px\" \/><span aria-hidden=\"true\" class=\"wp-block-cover__background has-background-dim-20 has-background-dim\"><\/span><div class=\"wp-block-cover__inner-container is-layout-flow wp-block-cover-is-layout-flow\">\n<div class=\"wp-block-group is-content-justification-center is-nowrap is-layout-flex wp-container-core-group-is-layout-d05cb3ef wp-block-group-is-layout-flex\">\n<div id=\"wp-block-themeisle-blocks-font-awesome-icons-93e9085d\" class=\"wp-block-themeisle-blocks-font-awesome-icons\"><span class=\"wp-block-themeisle-blocks-font-awesome-icons-container\"><i class=\"fas fa-star\"><\/i><\/span><\/div>\n\n\n\n<div id=\"wp-block-themeisle-blocks-font-awesome-icons-2813e08f\" class=\"wp-block-themeisle-blocks-font-awesome-icons\"><span class=\"wp-block-themeisle-blocks-font-awesome-icons-container\"><i class=\"fas fa-star\"><\/i><\/span><\/div>\n\n\n\n<div id=\"wp-block-themeisle-blocks-font-awesome-icons-9192cc8e\" class=\"wp-block-themeisle-blocks-font-awesome-icons\"><span class=\"wp-block-themeisle-blocks-font-awesome-icons-container\"><i class=\"fas fa-star\"><\/i><\/span><\/div>\n\n\n\n<div id=\"wp-block-themeisle-blocks-font-awesome-icons-c5e47c30\" class=\"wp-block-themeisle-blocks-font-awesome-icons\"><span class=\"wp-block-themeisle-blocks-font-awesome-icons-container\"><i class=\"fas fa-star\"><\/i><\/span><\/div>\n\n\n\n<div id=\"wp-block-themeisle-blocks-font-awesome-icons-cb6a5d81\" class=\"wp-block-themeisle-blocks-font-awesome-icons\"><span class=\"wp-block-themeisle-blocks-font-awesome-icons-container\"><i class=\"fas fa-star\"><\/i><\/span><\/div>\n<\/div>\n\n\n\n<div style=\"height:22px\" aria-hidden=\"true\" class=\"wp-block-spacer\"><\/div>\n\n\n\n<p id=\"wp-block-themeisle-blocks-advanced-heading-0eb3288f\" class=\"wp-block-themeisle-blocks-advanced-heading wp-block-themeisle-blocks-advanced-heading-0eb3288f\">20 \u00e5rs<br>materialgaranti!<\/p>\n<\/div><\/div>\n<\/div>\n<\/div><\/div>\n\n\n\n<div style=\"height:60px\" aria-hidden=\"true\" class=\"wp-block-spacer\"><\/div>\n\n\n\n<div style=\"height:28px\" aria-hidden=\"true\" class=\"wp-block-spacer\"><\/div>\n\n\n\n<hr class=\"wp-block-separator has-alpha-channel-opacity is-style-default\"\/>\n\n\n\n<div style=\"height:20px\" aria-hidden=\"true\" class=\"wp-block-spacer\"><\/div>\n\n\n\n<div class=\"wp-block-group alignfull has-text-color has-background\" style=\"color:#000000;background-color:#ffffff\"><div class=\"wp-block-group__inner-container is-layout-flow wp-block-group-is-layout-flow\">\n<p class=\"has-text-align-center has-small-font-size wp-block-paragraph\" style=\"line-height:.9\">KOSTNADSFRI OFFERT<\/p>\n\n\n\n<h2 class=\"wp-block-heading has-text-align-center animated backInUp has-neve-link-hover-color-color has-text-color has-link-color wp-elements-9ff6dc52beb02e7434de76af098c5f91\" id=\"schedule-a-visit\"><strong>Har du fr\u00e5gor kring relining?<\/strong><\/h2>\n\n\n\n<div class=\"wp-block-buttons is-horizontal is-content-justification-center is-layout-flex wp-container-core-buttons-is-layout-7d812b4c wp-block-buttons-is-layout-flex\">\n<div class=\"wp-block-button is-style-primary animated fadeIn\"><a class=\"wp-block-button__link wp-element-button\" href=\"mailto:ventilation@molndalssotarna.se\" style=\"border-radius:50px\"><strong>Kontakta oss<\/strong> f\u00f6r r\u00e5dgivning<\/a><\/div>\n<\/div>\n\n\n\n<div style=\"height:64px\" aria-hidden=\"true\" class=\"wp-block-spacer\"><\/div>\n<\/div><\/div>\n\n\n\n<div style=\"height:60px\" aria-hidden=\"true\" class=\"wp-block-spacer\"><\/div>\n\n\n\n<div id=\"wp-block-themeisle-blocks-advanced-columns-7aefef92\" class=\"wp-block-themeisle-blocks-advanced-columns alignfull has-2-columns has-desktop-equal-layout has-tablet-equal-layout has-mobile-collapsedRows-layout has-vertical-top ticss-c00aadba has-light-bg\"><div class=\"wp-block-themeisle-blocks-advanced-columns-overlay\"><\/div><div class=\"innerblocks-wrap\">\n<div id=\"wp-block-themeisle-blocks-advanced-column-92d9fe16\" class=\"wp-block-themeisle-blocks-advanced-column\">\n<h2 id=\"sealing\" class=\"wp-block-themeisle-blocks-advanced-heading sealing\">Sealing<\/h2>\n\n\n\n<div class=\"wp-block-group is-vertical is-layout-flex wp-container-core-group-is-layout-4fc3f8e1 wp-block-group-is-layout-flex\">\n<h2 class=\"wp-block-heading has-medium-font-size\">Ventilationssystemen som installerades f\u00f6r mer \u00e4n 50 \u00e5r sedan, har arbetat dygnet runt under ett halvt sekel. De drar ofta kostsamma m\u00e4ngder energi och l\u00e4cker dyrbar luft.<\/h2>\n\n\n\n<p class=\"wp-block-paragraph\">Sealing-metoden sparar ocks\u00e5 energi och pengar samtidigt som metoden \u00f6kar b\u00e5de livskvaliteten f\u00f6r de boende och fastighetens v\u00e4rde p\u00e5 ett h\u00e5llbart och effektivt s\u00e4tt.<\/p>\n<\/div>\n<\/div>\n\n\n\n<div id=\"wp-block-themeisle-blocks-advanced-column-26e21862\" class=\"wp-block-themeisle-blocks-advanced-column\">\n<div class=\"wp-block-group is-content-justification-center is-nowrap is-layout-flex wp-container-core-group-is-layout-ac1e3a9d wp-block-group-is-layout-flex\">\n<figure class=\"wp-block-image size-large has-custom-border\"><img decoding=\"async\" src=\"https:\/\/ventgruppen.se\/wp-content\/uploads\/2024\/09\/Skarmavbild-2023-08-24-kl.-14.40.50-1024x973.png\" alt=\"Man f\u00f6rbereder f\u00f6r att t\u00e4ta ventilationskanal, kanalt\u00e4tning\" class=\"wp-image-1555\" style=\"border-radius:10px;aspect-ratio:1;object-fit:cover\"\/><\/figure>\n\n\n\n<figure class=\"wp-block-image size-large has-custom-border\"><img decoding=\"async\" src=\"https:\/\/ventgruppen.se\/wp-content\/uploads\/2024\/09\/Skarmavbild-2023-08-24-kl.-14.43.50-1024x718.png\" alt=\"Genom metoden Sealing t\u00e4tar vi ventilationskanaler\" class=\"wp-image-1500\" style=\"border-radius:10px;aspect-ratio:1;object-fit:cover\"\/><\/figure>\n<\/div>\n<\/div>\n<\/div><\/div>\n\n\n\n<div id=\"wp-block-themeisle-blocks-advanced-columns-a24c5a07\" class=\"wp-block-themeisle-blocks-advanced-columns alignfull has-1-columns has-desktop-twoOne-layout has-tablet-equal-layout has-mobile-collapsedRows-layout has-vertical-top ticss-c00aadba has-light-bg\"><div class=\"wp-block-themeisle-blocks-advanced-columns-overlay\"><\/div><div class=\"innerblocks-wrap\">\n<div id=\"wp-block-themeisle-blocks-advanced-column-c3f99cbc\" class=\"wp-block-themeisle-blocks-advanced-column\">\n<div class=\"wp-block-group is-vertical is-layout-flex wp-container-core-group-is-layout-4fc3f8e1 wp-block-group-is-layout-flex\">\n<h3 class=\"wp-block-heading\">S\u00e5 h\u00e4r fungerar Aeroseal<\/h3>\n\n\n\n<p class=\"has-text-align-left wp-block-paragraph\" style=\"font-size:17px\">Aeroseal \u00e4r ett vattenbaserat t\u00e4tningsmedel som omvandlas till en luftburen dimma av aerosoliserat t\u00e4tningmedel n\u00e4r det exponeras f\u00f6r varm tryckluft.&nbsp;De aerosoliserade partiklarna sprids i hela kanalsystemet med hj\u00e4lp av \u00f6vertryck och omvandlas till en elastisk t\u00e4tningsmassa, men endast d\u00e4r ot\u00e4theter finns och t\u00e4tar h\u00e5l och spalter p\u00e5 upp till 1,5 cm oavsett kanalens materialtyp.<\/p>\n\n\n\n<p class=\"wp-block-paragraph\">Aeroseal t\u00e4tningsmedel uppfyller svenska krav f\u00f6r ofarlighet. Stora kanalareor kan t\u00e4tas varje dag under r\u00e4tt f\u00f6ruts\u00e4ttningar. De t\u00e4tade kanalerna t\u00e5l ett \u00f6vertryck p\u00e5 2000 Pa och kan tas i drift tv\u00e5 timmar efter utf\u00f6rd t\u00e4tning. Snabbt, enkelt och effektivt.<\/p>\n<\/div>\n<\/div>\n<\/div><\/div>\n\n\n\n<div style=\"height:100px\" aria-hidden=\"true\" class=\"wp-block-spacer\"><\/div>\n\n\n\n<h2 class=\"wp-block-heading\">Processen i tre steg<\/h2>\n\n\n\n<div id=\"wp-block-themeisle-blocks-advanced-columns-65f9f937\" class=\"wp-block-themeisle-blocks-advanced-columns alignfull has-3-columns has-desktop-equal-layout has-tablet-equal-layout has-mobile-collapsedRows-layout has-vertical-top ticss-c00aadba\"><div class=\"wp-block-themeisle-blocks-advanced-columns-overlay\"><\/div><div class=\"innerblocks-wrap\">\n<div id=\"wp-block-themeisle-blocks-advanced-column-fe49c34f\" class=\"wp-block-themeisle-blocks-advanced-column\">\n<div class=\"wp-block-group is-vertical is-layout-flex wp-container-core-group-is-layout-4fc3f8e1 wp-block-group-is-layout-flex\">\n<h3 class=\"wp-block-heading\">1. F\u00f6rsegling<\/h3>\n\n\n\n<p class=\"wp-block-paragraph\">Processen inleds med att alla don t\u00e4tas, brand- och driftlarm st\u00e4ngs av och alla typer av givare i kanalen demonteras. D\u00e4refter ansluts Aeroseal-utrustningen p\u00e5 en plats d\u00e4r kanaltv\u00e4rsnittet \u00e4r som st\u00f6rst, oftast i fl\u00e4ktrummet. <\/p>\n\n\n\n<p class=\"wp-block-paragraph\">Innan t\u00e4tningsprocessen p\u00e5b\u00f6rjas g\u00f6rs en statuskontroll av befintligt l\u00e4ckage. Det ger oss en tydlig bild av ventilationssystemets l\u00e4ckage och status f\u00f6re och efter t\u00e4tningsprocessen.<\/p>\n<\/div>\n<\/div>\n\n\n\n<div id=\"wp-block-themeisle-blocks-advanced-column-8ec67cf7\" class=\"wp-block-themeisle-blocks-advanced-column\">\n<div class=\"wp-block-group is-vertical is-layout-flex wp-container-core-group-is-layout-4fc3f8e1 wp-block-group-is-layout-flex\">\n<h3 class=\"wp-block-heading\">2. T\u00e4tning<\/h3>\n\n\n\n<p class=\"wp-block-paragraph\">Tryckluft kopplas p\u00e5 och t\u00e4tningsprocessen startas. Aerosoliserat t\u00e4tningmedel sprids i det trycksatta kanalsystemet. Processen \u00f6vervakas i realtid och redovisar f\u00f6rb\u00e4ttringen av t\u00e4thet momentant och stoppas n\u00e4r \u00f6nskad\/best\u00e4lld niv\u00e5 har uppn\u00e5tts. <\/p>\n\n\n\n<p class=\"wp-block-paragraph\">Tids\u00e5tg\u00e5ngen f\u00f6r t\u00e4tningsprocessen ligger normalt p\u00e5 n\u00e5gra timmar, men varierar beroende p\u00e5 omfattningen av l\u00e4ckage, storlek p\u00e5 ventilationssystem och p\u00e5 vilken t\u00e4thetsklass som \u00e4r best\u00e4lld.<\/p>\n<\/div>\n<\/div>\n\n\n\n<div id=\"wp-block-themeisle-blocks-advanced-column-4f31a8a9\" class=\"wp-block-themeisle-blocks-advanced-column\">\n<div class=\"wp-block-group is-vertical is-layout-flex wp-container-core-group-is-layout-4fc3f8e1 wp-block-group-is-layout-flex\">\n<h3 class=\"wp-block-heading\">3. Resultat och intyg<\/h3>\n\n\n\n<p class=\"wp-block-paragraph\">N\u00e4r t\u00e4tningen \u00e4r klar skrivs protokollet ut \u00f6ver resultatet, med l\u00e4ckage f\u00f6re och efter t\u00e4tning. Det \u00e4r ditt kvitto p\u00e5 att systemet nu fungerar ur t\u00e4thetsh\u00e4nseende \u2013 vilket kommer att ge positiva resultat p\u00e5 v\u00e4rmef\u00f6rbrukning och energi\u00e5tg\u00e5ng.<\/p>\n<\/div>\n<\/div>\n<\/div><\/div>\n\n\n\n<div id=\"wp-block-themeisle-blocks-advanced-columns-289232f3\" class=\"wp-block-themeisle-blocks-advanced-columns alignfull has-1-columns has-desktop-equal-layout has-tablet-equal-layout has-mobile-equal-layout has-vertical-top ticss-c00aadba\"><div class=\"wp-block-themeisle-blocks-advanced-columns-overlay\"><\/div><div class=\"innerblocks-wrap\">\n<div id=\"wp-block-themeisle-blocks-advanced-column-4bb30d34\" class=\"wp-block-themeisle-blocks-advanced-column\"><div class=\"wp-block-image\">\n<figure class=\"aligncenter size-large is-resized\"><img decoding=\"async\" src=\"https:\/\/ventgruppen.se\/wp-content\/uploads\/2024\/09\/Aeroseal_2024-1024x299.png\" alt=\"\" class=\"wp-image-1548\" style=\"width:312px;height:auto\"\/><\/figure>\n<\/div>\n\n\n<div style=\"height:60px\" aria-hidden=\"true\" class=\"wp-block-spacer\"><\/div>\n\n\n\n<div class=\"wp-block-group alignfull has-text-color\" style=\"color:#000000\"><div class=\"wp-block-group__inner-container is-layout-flow wp-block-group-is-layout-flow\">\n<div style=\"height:64px\" aria-hidden=\"true\" class=\"wp-block-spacer\"><\/div>\n\n\n\n<p class=\"has-text-align-center has-nv-site-bg-color has-text-color has-link-color has-small-font-size wp-elements-a3c9c8378667be66f001d54b74955b1d wp-block-paragraph\" style=\"line-height:.9\">KOSTNADSFRI OFFERT<\/p>\n\n\n\n<h2 class=\"wp-block-heading has-text-align-center animated backInUp has-nv-site-bg-color has-text-color has-link-color wp-elements-f3657addb03a7bd116d49629dcac666e\" id=\"schedule-a-visit\"><strong>Vill du veta mer om sealing?<\/strong><\/h2>\n\n\n\n<div class=\"wp-block-buttons is-horizontal is-content-justification-center is-layout-flex wp-container-core-buttons-is-layout-7d812b4c wp-block-buttons-is-layout-flex\">\n<div class=\"wp-block-button is-style-primary animated fadeIn\"><a class=\"wp-block-button__link wp-element-button\" href=\"mailto:ventilation@molndalssotarna.se\" style=\"border-radius:50px\"><strong>Kontakta oss<\/strong> f\u00f6r r\u00e5dgivning<\/a><\/div>\n<\/div>\n\n\n\n<div style=\"height:64px\" aria-hidden=\"true\" class=\"wp-block-spacer\"><\/div>\n<\/div><\/div>\n<\/div>\n<\/div><\/div>\n\n\n\n<div id=\"wp-block-themeisle-blocks-advanced-columns-f5bdc6e9\" class=\"wp-block-themeisle-blocks-advanced-columns alignfull has-1-columns has-desktop-equal-layout has-tablet-equal-layout has-mobile-collapsedRows-layout has-vertical-unset has-dark-bg\"><div class=\"wp-block-themeisle-blocks-advanced-columns-overlay\"><\/div><div class=\"innerblocks-wrap\">\n<div id=\"wp-block-themeisle-blocks-advanced-column-2f3fecad\" class=\"wp-block-themeisle-blocks-advanced-column\">\n<div class=\"wp-block-columns alignwide is-layout-flex wp-container-core-columns-is-layout-69ab9b2a wp-block-columns-is-layout-flex\" style=\"padding-right:var(--wp--preset--spacing--60);padding-left:var(--wp--preset--spacing--60)\">\n<div class=\"wp-block-column is-layout-flow wp-block-column-is-layout-flow\">\n<div class=\"wp-block-group has-nv-site-bg-color has-text-color has-link-color wp-elements-34e6b7bc3d0344ce2996abd2f5049802\"><div class=\"wp-block-group__inner-container is-layout-constrained wp-block-group-is-layout-constrained\">\n<h2 class=\"wp-block-heading has-text-align-left has-large-font-size\">Sovent<\/h2>\n\n\n\n<p class=\"has-text-align-left wp-block-paragraph\" style=\"font-size:17px\">Vi ing\u00e5r i Sovent Group, en koncern med 44 sot- och ventilationsbolag, verksamma fr\u00e5n Sk\u00e5ne i s\u00f6der till V\u00e4sterbotten i norr. Inom koncernen finns bland annat brandskyddskontrollanter, skorstensfejare och ventilationstekniker med OVK-beh\u00f6righet. Sovent har \u00e4ven en egen utbildning,&nbsp;Sovent Academy.<\/p>\n\n\n\n<div class=\"wp-block-buttons is-horizontal is-content-justification-left is-layout-flex wp-container-core-buttons-is-layout-39697d9b wp-block-buttons-is-layout-flex\">\n<div class=\"wp-block-button is-style-primary\"><a class=\"wp-block-button__link has-nv-site-bg-color has-text-color wp-element-button\" href=\"http:\/\/www.soventgroup.se\" target=\"_blank\" rel=\"noreferrer noopener\">L\u00e4s mer om Sovent<\/a><\/div>\n<\/div>\n\n\n\n<div style=\"height:40px\" aria-hidden=\"true\" class=\"wp-block-spacer\"><\/div>\n<\/div><\/div>\n<\/div>\n\n\n\n<div class=\"wp-block-column is-vertically-aligned-center is-layout-flow wp-block-column-is-layout-flow\"><div class=\"wp-block-image\">\n<figure class=\"aligncenter size-large is-resized\"><img loading=\"lazy\" decoding=\"async\" width=\"1024\" height=\"130\" src=\"http:\/\/molndalssotarna.se\/wp-content\/uploads\/2024\/10\/SOVENT-GROUP_2019_logo_white_EN-DEL-AV-1024x130.png\" alt=\"\" class=\"wp-image-533\" style=\"width:276px;height:auto\" srcset=\"https:\/\/molndalssotarna.se\/wp-content\/uploads\/2024\/10\/SOVENT-GROUP_2019_logo_white_EN-DEL-AV-1024x130.png 1024w, https:\/\/molndalssotarna.se\/wp-content\/uploads\/2024\/10\/SOVENT-GROUP_2019_logo_white_EN-DEL-AV-300x38.png 300w, https:\/\/molndalssotarna.se\/wp-content\/uploads\/2024\/10\/SOVENT-GROUP_2019_logo_white_EN-DEL-AV-768x97.png 768w, https:\/\/molndalssotarna.se\/wp-content\/uploads\/2024\/10\/SOVENT-GROUP_2019_logo_white_EN-DEL-AV-1536x195.png 1536w, https:\/\/molndalssotarna.se\/wp-content\/uploads\/2024\/10\/SOVENT-GROUP_2019_logo_white_EN-DEL-AV-2048x259.png 2048w\" sizes=\"auto, (max-width: 1024px) 100vw, 1024px\" \/><\/figure>\n<\/div><\/div>\n<\/div>\n<\/div>\n<\/div><\/div>\n","protected":false},"excerpt":{"rendered":"<p>Vi t\u00e4tar alla ventilationskanaler utan att riva i det befintliga, oavsett form, storlek och material p\u00e5 systemet. Vi anv\u00e4nder oss av tv\u00e5 olika metoder, Relining och Sealing, beroende p\u00e5 vad som passar dina kanaler b\u00e4st. S\u00e5 h\u00e4r g\u00e5r relining till F\u00f6rst dokumenterar vi ventilationskanalernas skick med en kamera och g\u00f6r en eventuell l\u00e4ckagem\u00e4tning. Reliningmaterialet f\u00f6rs&hellip;&nbsp;<a href=\"https:\/\/molndalssotarna.se\/?page_id=632\" rel=\"bookmark\">Read More &raquo;<span class=\"screen-reader-text\">Kanalt\u00e4tning<\/span><\/a><\/p>\n","protected":false},"author":2,"featured_media":725,"parent":0,"menu_order":0,"comment_status":"closed","ping_status":"closed","template":"","meta":{"_crdt_document":"","_uag_custom_page_level_css":"","neve_meta_sidebar":"","neve_meta_container":"","neve_meta_enable_content_width":"","neve_meta_content_width":0,"neve_meta_title_alignment":"","neve_meta_author_avatar":"","neve_post_elements_order":"","neve_meta_disable_header":"","neve_meta_disable_footer":"","neve_meta_disable_title":"","neve_meta_reading_time":"","_themeisle_gutenberg_block_has_review":false,"footnotes":""},"class_list":["post-632","page","type-page","status-publish","has-post-thumbnail","hentry"],"yoast_head":"<!-- This site is optimized with the Yoast SEO plugin v27.4 - https:\/\/yoast.com\/product\/yoast-seo-wordpress\/ -->\n<title>Kanalt\u00e4tning - M\u00f6lndal &amp; H\u00e4rryda Sotarna<\/title>\n<meta name=\"description\" content=\"Ot\u00e4ta ventilationskanaler? Vi t\u00e4tar alla typer av ventilationskanaler med modern relining-teknik. F\u00f6rb\u00e4ttra luftkvaliteten och spara energi!\" \/>\n<meta name=\"robots\" content=\"index, follow, max-snippet:-1, max-image-preview:large, max-video-preview:-1\" \/>\n<link rel=\"canonical\" href=\"https:\/\/molndalssotarna.se\/?page_id=632\" \/>\n<meta property=\"og:locale\" content=\"sv_SE\" \/>\n<meta property=\"og:type\" content=\"article\" \/>\n<meta property=\"og:title\" content=\"Kanalt\u00e4tning\" \/>\n<meta property=\"og:description\" content=\"Ot\u00e4ta ventilationskanaler? Vi t\u00e4tar alla typer av ventilationskanaler med modern relining-teknik. F\u00f6rb\u00e4ttra luftkvaliteten och spara energi genom kanalt\u00e4tning!\" \/>\n<meta property=\"og:url\" content=\"https:\/\/molndalssotarna.se\/?page_id=632\" \/>\n<meta property=\"og:site_name\" content=\"M\u00f6lndal &amp; H\u00e4rryda Sotarna\" \/>\n<meta property=\"article:publisher\" content=\"https:\/\/www.facebook.com\/profile.php?id=100054359687761\" \/>\n<meta property=\"article:modified_time\" content=\"2024-12-02T09:05:07+00:00\" \/>\n<meta property=\"og:image\" content=\"https:\/\/molndalssotarna.se\/wp-content\/uploads\/2024\/11\/Relining_mobil-Gra.jpg\" \/>\n\t<meta property=\"og:image:width\" content=\"1024\" \/>\n\t<meta property=\"og:image:height\" content=\"1034\" \/>\n\t<meta property=\"og:image:type\" content=\"image\/jpeg\" \/>\n<meta name=\"twitter:card\" content=\"summary_large_image\" \/>\n<meta name=\"twitter:label1\" content=\"Ber\u00e4knad l\u00e4stid\" \/>\n\t<meta name=\"twitter:data1\" content=\"8 minuter\" \/>\n<script type=\"application\/ld+json\" class=\"yoast-schema-graph\">{\"@context\":\"https:\\\/\\\/schema.org\",\"@graph\":[{\"@type\":\"WebPage\",\"@id\":\"https:\\\/\\\/molndalssotarna.se\\\/?page_id=632\",\"url\":\"https:\\\/\\\/molndalssotarna.se\\\/?page_id=632\",\"name\":\"Kanalt\u00e4tning - M\u00f6lndal &amp; H\u00e4rryda Sotarna\",\"isPartOf\":{\"@id\":\"https:\\\/\\\/molndalssotarna.se\\\/#website\"},\"primaryImageOfPage\":{\"@id\":\"https:\\\/\\\/molndalssotarna.se\\\/?page_id=632#primaryimage\"},\"image\":{\"@id\":\"https:\\\/\\\/molndalssotarna.se\\\/?page_id=632#primaryimage\"},\"thumbnailUrl\":\"https:\\\/\\\/molndalssotarna.se\\\/wp-content\\\/uploads\\\/2024\\\/11\\\/Relining_Gra.jpg\",\"datePublished\":\"2024-11-05T07:49:18+00:00\",\"dateModified\":\"2024-12-02T09:05:07+00:00\",\"description\":\"Ot\u00e4ta ventilationskanaler? Vi t\u00e4tar alla typer av ventilationskanaler med modern relining-teknik. F\u00f6rb\u00e4ttra luftkvaliteten och spara energi!\",\"breadcrumb\":{\"@id\":\"https:\\\/\\\/molndalssotarna.se\\\/?page_id=632#breadcrumb\"},\"inLanguage\":\"sv-SE\",\"potentialAction\":[{\"@type\":\"ReadAction\",\"target\":[\"https:\\\/\\\/molndalssotarna.se\\\/?page_id=632\"]}]},{\"@type\":\"ImageObject\",\"inLanguage\":\"sv-SE\",\"@id\":\"https:\\\/\\\/molndalssotarna.se\\\/?page_id=632#primaryimage\",\"url\":\"https:\\\/\\\/molndalssotarna.se\\\/wp-content\\\/uploads\\\/2024\\\/11\\\/Relining_Gra.jpg\",\"contentUrl\":\"https:\\\/\\\/molndalssotarna.se\\\/wp-content\\\/uploads\\\/2024\\\/11\\\/Relining_Gra.jpg\",\"width\":2000,\"height\":700,\"caption\":\"Man f\u00f6r ner reliningslang i skorsten, t\u00e4tar ventilationskanal\"},{\"@type\":\"BreadcrumbList\",\"@id\":\"https:\\\/\\\/molndalssotarna.se\\\/?page_id=632#breadcrumb\",\"itemListElement\":[{\"@type\":\"ListItem\",\"position\":1,\"name\":\"Hem\",\"item\":\"http:\\\/\\\/molndalssotarna.se\\\/\"},{\"@type\":\"ListItem\",\"position\":2,\"name\":\"Kanalt\u00e4tning\"}]},{\"@type\":\"WebSite\",\"@id\":\"https:\\\/\\\/molndalssotarna.se\\\/#website\",\"url\":\"https:\\\/\\\/molndalssotarna.se\\\/\",\"name\":\"M\u00f6lndal & H\u00e4rryda Sotarna\",\"description\":\"\",\"publisher\":{\"@id\":\"https:\\\/\\\/molndalssotarna.se\\\/#organization\"},\"potentialAction\":[{\"@type\":\"SearchAction\",\"target\":{\"@type\":\"EntryPoint\",\"urlTemplate\":\"https:\\\/\\\/molndalssotarna.se\\\/?s={search_term_string}\"},\"query-input\":{\"@type\":\"PropertyValueSpecification\",\"valueRequired\":true,\"valueName\":\"search_term_string\"}}],\"inLanguage\":\"sv-SE\"},{\"@type\":\"Organization\",\"@id\":\"https:\\\/\\\/molndalssotarna.se\\\/#organization\",\"name\":\"M\u00f6lndal & H\u00e4rryda Sotarna\",\"url\":\"https:\\\/\\\/molndalssotarna.se\\\/\",\"logo\":{\"@type\":\"ImageObject\",\"inLanguage\":\"sv-SE\",\"@id\":\"https:\\\/\\\/molndalssotarna.se\\\/#\\\/schema\\\/logo\\\/image\\\/\",\"url\":\"http:\\\/\\\/molndalssotarna.se\\\/wp-content\\\/uploads\\\/2024\\\/11\\\/cropped-molndalssotaren-1-1.jpg\",\"contentUrl\":\"http:\\\/\\\/molndalssotarna.se\\\/wp-content\\\/uploads\\\/2024\\\/11\\\/cropped-molndalssotaren-1-1.jpg\",\"width\":512,\"height\":512,\"caption\":\"M\u00f6lndal & H\u00e4rryda Sotarna\"},\"image\":{\"@id\":\"https:\\\/\\\/molndalssotarna.se\\\/#\\\/schema\\\/logo\\\/image\\\/\"},\"sameAs\":[\"https:\\\/\\\/www.facebook.com\\\/profile.php?id=100054359687761\"]}]}<\/script>\n<!-- \/ Yoast SEO plugin. -->","yoast_head_json":{"title":"Kanalt\u00e4tning - M\u00f6lndal &amp; H\u00e4rryda Sotarna","description":"Ot\u00e4ta ventilationskanaler? Vi t\u00e4tar alla typer av ventilationskanaler med modern relining-teknik. F\u00f6rb\u00e4ttra luftkvaliteten och spara energi!","robots":{"index":"index","follow":"follow","max-snippet":"max-snippet:-1","max-image-preview":"max-image-preview:large","max-video-preview":"max-video-preview:-1"},"canonical":"https:\/\/molndalssotarna.se\/?page_id=632","og_locale":"sv_SE","og_type":"article","og_title":"Kanalt\u00e4tning","og_description":"Ot\u00e4ta ventilationskanaler? Vi t\u00e4tar alla typer av ventilationskanaler med modern relining-teknik. F\u00f6rb\u00e4ttra luftkvaliteten och spara energi genom kanalt\u00e4tning!","og_url":"https:\/\/molndalssotarna.se\/?page_id=632","og_site_name":"M\u00f6lndal &amp; H\u00e4rryda Sotarna","article_publisher":"https:\/\/www.facebook.com\/profile.php?id=100054359687761","article_modified_time":"2024-12-02T09:05:07+00:00","og_image":[{"width":1024,"height":1034,"url":"https:\/\/molndalssotarna.se\/wp-content\/uploads\/2024\/11\/Relining_mobil-Gra.jpg","type":"image\/jpeg"}],"twitter_card":"summary_large_image","twitter_misc":{"Ber\u00e4knad l\u00e4stid":"8 minuter"},"schema":{"@context":"https:\/\/schema.org","@graph":[{"@type":"WebPage","@id":"https:\/\/molndalssotarna.se\/?page_id=632","url":"https:\/\/molndalssotarna.se\/?page_id=632","name":"Kanalt\u00e4tning - M\u00f6lndal &amp; H\u00e4rryda Sotarna","isPartOf":{"@id":"https:\/\/molndalssotarna.se\/#website"},"primaryImageOfPage":{"@id":"https:\/\/molndalssotarna.se\/?page_id=632#primaryimage"},"image":{"@id":"https:\/\/molndalssotarna.se\/?page_id=632#primaryimage"},"thumbnailUrl":"https:\/\/molndalssotarna.se\/wp-content\/uploads\/2024\/11\/Relining_Gra.jpg","datePublished":"2024-11-05T07:49:18+00:00","dateModified":"2024-12-02T09:05:07+00:00","description":"Ot\u00e4ta ventilationskanaler? Vi t\u00e4tar alla typer av ventilationskanaler med modern relining-teknik. F\u00f6rb\u00e4ttra luftkvaliteten och spara energi!","breadcrumb":{"@id":"https:\/\/molndalssotarna.se\/?page_id=632#breadcrumb"},"inLanguage":"sv-SE","potentialAction":[{"@type":"ReadAction","target":["https:\/\/molndalssotarna.se\/?page_id=632"]}]},{"@type":"ImageObject","inLanguage":"sv-SE","@id":"https:\/\/molndalssotarna.se\/?page_id=632#primaryimage","url":"https:\/\/molndalssotarna.se\/wp-content\/uploads\/2024\/11\/Relining_Gra.jpg","contentUrl":"https:\/\/molndalssotarna.se\/wp-content\/uploads\/2024\/11\/Relining_Gra.jpg","width":2000,"height":700,"caption":"Man f\u00f6r ner reliningslang i skorsten, t\u00e4tar ventilationskanal"},{"@type":"BreadcrumbList","@id":"https:\/\/molndalssotarna.se\/?page_id=632#breadcrumb","itemListElement":[{"@type":"ListItem","position":1,"name":"Hem","item":"http:\/\/molndalssotarna.se\/"},{"@type":"ListItem","position":2,"name":"Kanalt\u00e4tning"}]},{"@type":"WebSite","@id":"https:\/\/molndalssotarna.se\/#website","url":"https:\/\/molndalssotarna.se\/","name":"M\u00f6lndal & H\u00e4rryda Sotarna","description":"","publisher":{"@id":"https:\/\/molndalssotarna.se\/#organization"},"potentialAction":[{"@type":"SearchAction","target":{"@type":"EntryPoint","urlTemplate":"https:\/\/molndalssotarna.se\/?s={search_term_string}"},"query-input":{"@type":"PropertyValueSpecification","valueRequired":true,"valueName":"search_term_string"}}],"inLanguage":"sv-SE"},{"@type":"Organization","@id":"https:\/\/molndalssotarna.se\/#organization","name":"M\u00f6lndal & H\u00e4rryda Sotarna","url":"https:\/\/molndalssotarna.se\/","logo":{"@type":"ImageObject","inLanguage":"sv-SE","@id":"https:\/\/molndalssotarna.se\/#\/schema\/logo\/image\/","url":"http:\/\/molndalssotarna.se\/wp-content\/uploads\/2024\/11\/cropped-molndalssotaren-1-1.jpg","contentUrl":"http:\/\/molndalssotarna.se\/wp-content\/uploads\/2024\/11\/cropped-molndalssotaren-1-1.jpg","width":512,"height":512,"caption":"M\u00f6lndal & H\u00e4rryda Sotarna"},"image":{"@id":"https:\/\/molndalssotarna.se\/#\/schema\/logo\/image\/"},"sameAs":["https:\/\/www.facebook.com\/profile.php?id=100054359687761"]}]}},"uagb_featured_image_src":{"full":["https:\/\/molndalssotarna.se\/wp-content\/uploads\/2024\/11\/Relining_Gra.jpg",2000,700,false],"thumbnail":["https:\/\/molndalssotarna.se\/wp-content\/uploads\/2024\/11\/Relining_Gra-150x150.jpg",150,150,true],"medium":["https:\/\/molndalssotarna.se\/wp-content\/uploads\/2024\/11\/Relining_Gra-300x105.jpg",300,105,true],"medium_large":["https:\/\/molndalssotarna.se\/wp-content\/uploads\/2024\/11\/Relining_Gra-768x269.jpg",768,269,true],"large":["https:\/\/molndalssotarna.se\/wp-content\/uploads\/2024\/11\/Relining_Gra-1024x358.jpg",1024,358,true],"1536x1536":["https:\/\/molndalssotarna.se\/wp-content\/uploads\/2024\/11\/Relining_Gra-1536x538.jpg",1536,538,true],"2048x2048":["https:\/\/molndalssotarna.se\/wp-content\/uploads\/2024\/11\/Relining_Gra.jpg",2000,700,false],"neve-blog":["https:\/\/molndalssotarna.se\/wp-content\/uploads\/2024\/11\/Relining_Gra-930x620.jpg",930,620,true]},"uagb_author_info":{"display_name":"Jenny Nystr\u00f6m","author_link":"https:\/\/molndalssotarna.se\/?author=2"},"uagb_comment_info":0,"uagb_excerpt":"Vi t\u00e4tar alla ventilationskanaler utan att riva i det befintliga, oavsett form, storlek och material p\u00e5 systemet. Vi anv\u00e4nder oss av tv\u00e5 olika metoder, Relining och Sealing, beroende p\u00e5 vad som passar dina kanaler b\u00e4st. S\u00e5 h\u00e4r g\u00e5r relining till F\u00f6rst dokumenterar vi ventilationskanalernas skick med en kamera och g\u00f6r en eventuell l\u00e4ckagem\u00e4tning. Reliningmaterialet f\u00f6rs&hellip;&nbsp;Read&hellip;","_links":{"self":[{"href":"https:\/\/molndalssotarna.se\/index.php?rest_route=\/wp\/v2\/pages\/632","targetHints":{"allow":["GET"]}}],"collection":[{"href":"https:\/\/molndalssotarna.se\/index.php?rest_route=\/wp\/v2\/pages"}],"about":[{"href":"https:\/\/molndalssotarna.se\/index.php?rest_route=\/wp\/v2\/types\/page"}],"author":[{"embeddable":true,"href":"https:\/\/molndalssotarna.se\/index.php?rest_route=\/wp\/v2\/users\/2"}],"replies":[{"embeddable":true,"href":"https:\/\/molndalssotarna.se\/index.php?rest_route=%2Fwp%2Fv2%2Fcomments&post=632"}],"version-history":[{"count":36,"href":"https:\/\/molndalssotarna.se\/index.php?rest_route=\/wp\/v2\/pages\/632\/revisions"}],"predecessor-version":[{"id":1223,"href":"https:\/\/molndalssotarna.se\/index.php?rest_route=\/wp\/v2\/pages\/632\/revisions\/1223"}],"wp:featuredmedia":[{"embeddable":true,"href":"https:\/\/molndalssotarna.se\/index.php?rest_route=\/wp\/v2\/media\/725"}],"wp:attachment":[{"href":"https:\/\/molndalssotarna.se\/index.php?rest_route=%2Fwp%2Fv2%2Fmedia&parent=632"}],"curies":[{"name":"wp","href":"https:\/\/api.w.org\/{rel}","templated":true}]}}