{"id":575,"date":"2024-11-04T09:08:50","date_gmt":"2024-11-04T08:08:50","guid":{"rendered":"https:\/\/dinsotare.com\/?page_id=575"},"modified":"2024-12-02T08:46:51","modified_gmt":"2024-12-02T07:46:51","slug":"ventilation","status":"publish","type":"page","link":"https:\/\/molndalssotarna.se\/?page_id=575","title":{"rendered":"Ventilation"},"content":{"rendered":"\n<div id=\"wp-block-themeisle-blocks-advanced-columns-1ae2e18b\" class=\"wp-block-themeisle-blocks-advanced-columns alignfull has-1-columns has-desktop-equal-layout has-tablet-equal-layout has-mobile-equal-layout has-vertical-unset\"><div class=\"wp-block-themeisle-blocks-advanced-columns-overlay\"><\/div><div class=\"innerblocks-wrap\">\n<div id=\"wp-block-themeisle-blocks-advanced-column-0ea1032a\" class=\"wp-block-themeisle-blocks-advanced-column\">\n<header class=\"wp-block-uagb-advanced-heading uagb-block-5f1fd0b7\"><h1 class=\"uagb-heading-text\"><strong>Dina ventilationskanaler \u00e4r k\u00e4llan till ett bra och h\u00e4lsosamt inomhusklimat<\/strong><\/h1><\/header>\n\n\n\n<div style=\"height:15px\" aria-hidden=\"true\" class=\"wp-block-spacer\"><\/div>\n\n\n\n<p class=\"has-text-align-center has-nv-site-bg-color has-text-color has-link-color wp-elements-533abb91b04f8f957e224843b5889779 wp-block-paragraph\">I ventilationskanalerna samlas med \u00e5ren damm och andra partiklar fr\u00e5n luften som cirkulerar i din bostad. Om kanalerna inte rensas regelbundet f\u00f6rs\u00e4mras cirkulationen v\u00e4sentligt och effektiviteten i v\u00e4rmeanl\u00e4ggningen f\u00f6rs\u00e4mras. Detta kan leda till skador p\u00e5 b\u00e5de dig och ditt hus.<\/p>\n<\/div>\n<\/div><\/div>\n\n\n\n<section id=\"wp-block-themeisle-blocks-advanced-columns-ccfdd483\" class=\"wp-block-themeisle-blocks-advanced-columns alignfull has-2-columns has-desktop-equal-layout has-tablet-equal-layout has-mobile-collapsedRows-layout has-vertical-center has-light-bg\"><div class=\"wp-block-themeisle-blocks-advanced-columns-overlay\"><\/div><div class=\"innerblocks-wrap\">\n<div id=\"wp-block-themeisle-blocks-advanced-column-5e80d468\" class=\"wp-block-themeisle-blocks-advanced-column\">\n<h2 class=\"wp-block-heading has-small-font-size\" style=\"text-transform:uppercase\"><strong>Ge din fastighet r\u00e4tt luft<\/strong><\/h2>\n\n\n\n<h2 class=\"wp-block-heading has-text-align-left has-text-color has-link-color wp-elements-2e9e7715fd02c81a2185368c2014bda3\" style=\"color:#080808;margin-top:25px\"><strong>Det \u00e4r viktigt att din ventilation och dina <strong>ventilation<\/strong>skanaler h\u00e5lls rena och fria<\/strong><\/h2>\n\n\n\n<p class=\"has-text-align-left has-text-color has-link-color wp-elements-7aef71f07046393e0743906087840113 wp-block-paragraph\" style=\"color:#080808\">Om kanalerna inte rensas regelbundet f\u00f6rs\u00e4mras cirkulationen och effektiviteten i v\u00e4rmeanl\u00e4ggningen. Anl\u00e4ggningen drar d\u00e5 mer energi f\u00f6r att kompensera.<\/p>\n\n\n\n<p class=\"has-text-align-left has-text-color has-link-color wp-elements-cea4eedc90d0a9aa275a8126093df15b wp-block-paragraph\" style=\"color:#080808\">S\u00e5 med r\u00e4tt inst\u00e4llda luftfl\u00f6den, rena kanaler och underh\u00e5llna filter f\u00e5r du en fastighet som andas, drar mindre energi och besparar byggnaden fr\u00e5n fuktproblem.<\/p>\n<\/div>\n\n\n\n<div id=\"wp-block-themeisle-blocks-advanced-column-db653346\" class=\"wp-block-themeisle-blocks-advanced-column\">\n<figure class=\"wp-block-image size-full has-custom-border\"><img loading=\"lazy\" decoding=\"async\" width=\"700\" height=\"700\" src=\"http:\/\/molndalssotarna.se\/wp-content\/uploads\/2024\/11\/Vent-don_1-1.jpg\" alt=\"\" class=\"wp-image-582\" style=\"border-radius:10px;aspect-ratio:1;object-fit:cover\" srcset=\"https:\/\/molndalssotarna.se\/wp-content\/uploads\/2024\/11\/Vent-don_1-1.jpg 700w, https:\/\/molndalssotarna.se\/wp-content\/uploads\/2024\/11\/Vent-don_1-1-300x300.jpg 300w, https:\/\/molndalssotarna.se\/wp-content\/uploads\/2024\/11\/Vent-don_1-1-150x150.jpg 150w\" sizes=\"auto, (max-width: 700px) 100vw, 700px\" \/><\/figure>\n<\/div>\n<\/div><\/section>\n\n\n\n<section id=\"wp-block-themeisle-blocks-advanced-columns-5bf726c2\" class=\"wp-block-themeisle-blocks-advanced-columns alignfull has-2-columns has-desktop-equal-layout has-tablet-equal-layout has-mobile-collapsedRows-layout has-vertical-center has-light-bg\"><div class=\"wp-block-themeisle-blocks-advanced-columns-overlay\"><\/div><div class=\"innerblocks-wrap\">\n<div id=\"wp-block-themeisle-blocks-advanced-column-1ecc9713\" class=\"wp-block-themeisle-blocks-advanced-column\">\n<h2 class=\"wp-block-heading has-text-align-left\">Kombinera <strong>ventilation<\/strong>srensning och OVK<\/h2>\n\n\n\n<p class=\"has-text-align-left wp-block-paragraph\">En ventilationsrensning kan med f\u00f6rdel utf\u00f6ras i samband med den obligatoriska ventilationskontrollen, s\u00e5 kallad OVK. Att kombinera dessa tj\u00e4nster \u00e4r ett bra s\u00e4tt att spara b\u00e5de tid och pengar. OVK ska g\u00f6ras i de flesta byggnader. Syftet \u00e4r att visa att inomhusklimatet \u00e4r bra och att ventilationssystemen fungerar.<\/p>\n\n\n\n<div class=\"wp-block-buttons is-content-justification-center is-layout-flex wp-container-core-buttons-is-layout-2a95dd48 wp-block-buttons-is-layout-flex\" style=\"padding-bottom:var(--wp--preset--spacing--40)\">\n<div class=\"wp-block-button is-style-primary\"><a class=\"wp-block-button__link has-text-color has-background has-link-color wp-element-button\" style=\"border-radius:22px;color:#080808;background-color:#f0a733\">Boka rensning<\/a><\/div>\n<\/div>\n\n\n<style>.cfcf7-block .wpcf7-text, .cfcf7-block .wpcf7-textarea, .cfcf7-block input[type='number'], .cfcf7-block .wpcf7-select, .cfcf7-block .wpcf7-date { background-color: #f4f4f4; border-radius: 0.5em;  line-height:1.4em!important; } .cfcf7-block .wpcf7-text, .cfcf7-block .wpcf7-textarea, .cfcf7-block input[type='number'], .cfcf7-block .wpcf7-select, .cfcf7-block .wpcf7-date { border: none; } .cfcf7-block .wpcf7-text:focus, .cfcf7-block .wpcf7-textarea:focus, .cfcf7-block input[type='number']:focus, .cfcf7-block .wpcf7-select:focus, .cfcf7-block .wpcf7-date:focus { outline-width: 1px; } .cfcf7-block .wpcf7-text:focus, .cfcf7-block .wpcf7-textarea:focus, .cfcf7-block input[type='number']:focus, .cfcf7-block .wpcf7-select:focus, .cfcf7-block .wpcf7-date:focus { outline-offset: 1px; } .cfcf7-block .wpcf7-text:focus, .cfcf7-block .wpcf7-textarea:focus, .cfcf7-block input[type='number']:focus, .cfcf7-block .wpcf7-select:focus, .cfcf7-block .wpcf7-date:focus { outline-color: #403B40; } .cfcf7-block .wpcf7-text, .cfcf7-block .wpcf7-textarea, .cfcf7-block input[type='number'], .cfcf7-block .wpcf7-select, .cfcf7-block .wpcf7-date{ box-shadow: 0em 0.1em 1em -0.9em #403b40 inset;} .wpcf7 label{ font-size:1.1em!important;}  .wpcf7 label{ font-weight:400!important;}  .wpcf7 label{ line-height:2em!important;}   .wpcf7 label, .wpcf7 form p a, .wpcf7 form p{ color: #8C8E98!important; } .wpcf7 label{ line-height: 2em;} .cfcf7-block .wpcf7-text, .cfcf7-block .wpcf7-textarea, .cfcf7-block input[type='number'], .cfcf7-block .wpcf7-select, .cfcf7-block .wpcf7-date{font-size:1em!important;}  .cfcf7-block .wpcf7-text, .cfcf7-block .wpcf7-textarea, .cfcf7-block input[type='number'], .cfcf7-block .wpcf7-select, .cfcf7-block .wpcf7-date{ color: #545054;} .wpcf7 ::placeholder{ color: #C9C9C9} .cfcf7-block .wpcf7-text, .cfcf7-block .wpcf7-textarea, .cfcf7-block input[type='number'], .cfcf7-block .wpcf7-select, .cfcf7-block .wpcf7-date{ padding: 0.6em 0.6em; } .wpcf7-submit, .wpcf7-submit-wrapper{ background: #403b40!important; line-height:1.5em!important;} .cfcf7-block .wpcf7-submit{font-size:1em!important; }  .cfcf7-block .wpcf7-submit{ text-transform: capitalize!important; } .cfcf7-block .wpcf7-submit{ font-weight:400!important;}  .cfcf7-block .wpcf7-submit{color: white!important;}  .cfcf7-block .wpcf7-submit{padding-top:0.9em!important; padding-bottom:0.9em!important; }  .cfcf7-block .wpcf7-submit{padding-left:4em; padding-right:4em ; }  .cfcf7-block\r\n .wpcf7-submit{ width: 100%; } .cfcf7-block .wpcf7-submit{ border-radius: 0.5em!important;} .cfcf7-block .wpcf7-submit{ border: none;} .cfcf7-block .wpcf7-submit{box-shadow:0em 0.3em 1em -0.6em grey;} .cfcf7-block .wpcf7-submit:hover{box-shadow:none!important;} \r\n        @media only screen and (min-width: 361px) and (max-width: 780px) {\r\n            .cfcf7-block\r\n            { \r\n                font-size: 16px!important; \r\n                margin-top: 0em!important; \r\n                margin-left: 0em!important; \r\n                margin-right: 0em!important; \r\n                margin-bottom: 0em!important;\r\n                padding-top: 1.6em!important; \r\n                padding-left: 2.2em!important; \r\n                padding-right: 2.2em!important; \r\n                padding-bottom: 1.6em!important; \r\n            } \r\n            .cfcf7-block .wpcf7-submit{ width: 100%!important; \r\n        }} \r\n@media only screen and (max-width: 360px) {\r\n    .cfcf7-block\r\n{ \r\n                font-size: 16px!important; \r\n                margin-top: 1em!important; \r\n                margin-left: -0.5em!important; \r\n                margin-right: -0.5em!important; \r\n                margin-bottom: 1em!important;\r\n                padding-top: 2em!important; \r\n                padding-left: 1.5em!important; \r\n                padding-right: 1.5em!important; \r\n                padding-bottom: 2em!important; \r\n            } \r\n            .cfcf7-block .wpcf7-submit{ width: 100%!important; \r\n        }}<\/style><div class=\"cfcf7-block-container\"><div style=\"background-color:#fff; line-height: 1.4em!important; font-size:16px;  padding-top:2em; padding-left:3em; padding-right:3em; padding-bottom:2em; margin-top:0em; margin-left:0em; margin-right:0em; margin-bottom:0em; border-radius: 2em; box-shadow:none!important; border-color:black; \" class=\"cfcf7-block wp-block-mofistudio-customizer-block-cf7\">\n<div class=\"wpcf7 no-js\" id=\"wpcf7-f1055-o1\" lang=\"sv-SE\" dir=\"ltr\" data-wpcf7-id=\"1055\">\n<div class=\"screen-reader-response\"><p role=\"status\" aria-live=\"polite\" aria-atomic=\"true\"><\/p> <ul><\/ul><\/div>\n<form action=\"\/index.php?rest_route=%2Fwp%2Fv2%2Fpages%2F575#wpcf7-f1055-o1\" method=\"post\" class=\"wpcf7-form init\" aria-label=\"Kontaktformul\u00e4r\" novalidate=\"novalidate\" data-status=\"init\">\n<fieldset class=\"hidden-fields-container\"><input type=\"hidden\" name=\"_wpcf7\" value=\"1055\" \/><input type=\"hidden\" name=\"_wpcf7_version\" value=\"6.1.5\" \/><input type=\"hidden\" name=\"_wpcf7_locale\" value=\"sv_SE\" \/><input type=\"hidden\" name=\"_wpcf7_unit_tag\" value=\"wpcf7-f1055-o1\" \/><input type=\"hidden\" name=\"_wpcf7_container_post\" value=\"0\" \/><input type=\"hidden\" name=\"_wpcf7_posted_data_hash\" value=\"\" \/><input type=\"hidden\" name=\"_wpcf7_recaptcha_response\" value=\"\" \/>\n<\/fieldset>\n<p><label> Namn<br \/>\n<span class=\"wpcf7-form-control-wrap\" data-name=\"your-name\"><input size=\"40\" maxlength=\"400\" class=\"wpcf7-form-control wpcf7-text wpcf7-validates-as-required\" autocomplete=\"name\" aria-required=\"true\" aria-invalid=\"false\" value=\"\" type=\"text\" name=\"your-name\" \/><\/span> <\/label>\n<\/p>\n<p><label> Adress<br \/>\n<span class=\"wpcf7-form-control-wrap\" data-name=\"Adress\"><input size=\"40\" maxlength=\"400\" class=\"wpcf7-form-control wpcf7-text wpcf7-validates-as-required\" autocomplete=\"addres\" aria-required=\"true\" aria-invalid=\"false\" value=\"\" type=\"text\" name=\"Adress\" \/><\/span> <\/label>\n<\/p>\n<p><label> Telefonnummer<br \/>\n<span class=\"wpcf7-form-control-wrap\" data-name=\"Telefonnummer\"><input size=\"40\" maxlength=\"400\" class=\"wpcf7-form-control wpcf7-tel wpcf7-validates-as-required wpcf7-text wpcf7-validates-as-tel\" autocomplete=\"phone\" aria-required=\"true\" aria-invalid=\"false\" value=\"\" type=\"tel\" name=\"Telefonnummer\" \/><\/span> <\/label>\n<\/p>\n<p><label> E-post<br \/>\n<span class=\"wpcf7-form-control-wrap\" data-name=\"your-email\"><input size=\"40\" maxlength=\"400\" class=\"wpcf7-form-control wpcf7-email wpcf7-validates-as-required wpcf7-text wpcf7-validates-as-email\" autocomplete=\"email\" aria-required=\"true\" aria-invalid=\"false\" value=\"\" type=\"email\" name=\"your-email\" \/><\/span> <\/label>\n<\/p>\n<p><label> \u00c4mne<br \/>\n<span class=\"wpcf7-form-control-wrap\" data-name=\"your-subject\"><input size=\"40\" maxlength=\"400\" class=\"wpcf7-form-control wpcf7-text wpcf7-validates-as-required\" aria-required=\"true\" aria-invalid=\"false\" value=\"\" type=\"text\" name=\"your-subject\" \/><\/span> <\/label>\n<\/p>\n<p><label> Meddelande<br \/>\n<span class=\"wpcf7-form-control-wrap\" data-name=\"your-message\"><textarea cols=\"40\" rows=\"10\" maxlength=\"2000\" class=\"wpcf7-form-control wpcf7-textarea\" aria-invalid=\"false\" name=\"your-message\"><\/textarea><\/span> <\/label>\n<\/p>\n<p><input class=\"wpcf7-form-control wpcf7-submit has-spinner\" type=\"submit\" value=\"Skicka\" \/>\n<\/p><div class=\"wpcf7-response-output\" aria-hidden=\"true\"><\/div>\n<\/form>\n<\/div>\n<\/div><\/div><\/div>\n\n\n\n<div id=\"wp-block-themeisle-blocks-advanced-column-c7307024\" class=\"wp-block-themeisle-blocks-advanced-column\">\n<figure class=\"wp-block-gallery has-nested-images columns-2 is-cropped wp-block-gallery-1 is-layout-flex wp-block-gallery-is-layout-flex\">\n<figure class=\"wp-block-image size-full has-custom-border\"><img loading=\"lazy\" decoding=\"async\" width=\"1080\" height=\"1080\" data-id=\"586\" src=\"http:\/\/molndalssotarna.se\/wp-content\/uploads\/2024\/11\/Rensning_1-1-1.jpg\" alt=\"\" class=\"wp-image-586\" style=\"border-radius:10px\" srcset=\"https:\/\/molndalssotarna.se\/wp-content\/uploads\/2024\/11\/Rensning_1-1-1.jpg 1080w, https:\/\/molndalssotarna.se\/wp-content\/uploads\/2024\/11\/Rensning_1-1-1-300x300.jpg 300w, https:\/\/molndalssotarna.se\/wp-content\/uploads\/2024\/11\/Rensning_1-1-1-1024x1024.jpg 1024w, https:\/\/molndalssotarna.se\/wp-content\/uploads\/2024\/11\/Rensning_1-1-1-150x150.jpg 150w, https:\/\/molndalssotarna.se\/wp-content\/uploads\/2024\/11\/Rensning_1-1-1-768x768.jpg 768w\" sizes=\"auto, (max-width: 1080px) 100vw, 1080px\" \/><\/figure>\n\n\n\n<figure class=\"wp-block-image size-full has-custom-border\"><img loading=\"lazy\" decoding=\"async\" width=\"1000\" height=\"1000\" data-id=\"595\" src=\"http:\/\/molndalssotarna.se\/wp-content\/uploads\/2024\/11\/Smutsigt-don_1-1.jpg\" alt=\"Smutsig insida p\u00e5 ventilationsdon\" class=\"wp-image-595\" style=\"border-radius:10px\" srcset=\"https:\/\/molndalssotarna.se\/wp-content\/uploads\/2024\/11\/Smutsigt-don_1-1.jpg 1000w, https:\/\/molndalssotarna.se\/wp-content\/uploads\/2024\/11\/Smutsigt-don_1-1-300x300.jpg 300w, https:\/\/molndalssotarna.se\/wp-content\/uploads\/2024\/11\/Smutsigt-don_1-1-150x150.jpg 150w, https:\/\/molndalssotarna.se\/wp-content\/uploads\/2024\/11\/Smutsigt-don_1-1-768x768.jpg 768w\" sizes=\"auto, (max-width: 1000px) 100vw, 1000px\" \/><\/figure>\n\n\n\n<figure class=\"wp-block-image size-full has-custom-border\"><img loading=\"lazy\" decoding=\"async\" width=\"979\" height=\"979\" data-id=\"588\" src=\"http:\/\/molndalssotarna.se\/wp-content\/uploads\/2024\/11\/Mogel_1-1.jpg\" alt=\"\" class=\"wp-image-588\" style=\"border-radius:10px\" srcset=\"https:\/\/molndalssotarna.se\/wp-content\/uploads\/2024\/11\/Mogel_1-1.jpg 979w, https:\/\/molndalssotarna.se\/wp-content\/uploads\/2024\/11\/Mogel_1-1-300x300.jpg 300w, https:\/\/molndalssotarna.se\/wp-content\/uploads\/2024\/11\/Mogel_1-1-150x150.jpg 150w, https:\/\/molndalssotarna.se\/wp-content\/uploads\/2024\/11\/Mogel_1-1-768x768.jpg 768w\" sizes=\"auto, (max-width: 979px) 100vw, 979px\" \/><\/figure>\n\n\n\n<figure class=\"wp-block-image size-full has-custom-border\"><img loading=\"lazy\" decoding=\"async\" width=\"1000\" height=\"667\" data-id=\"589\" src=\"http:\/\/molndalssotarna.se\/wp-content\/uploads\/2024\/11\/Ventilation_Injustering.jpg\" alt=\"\" class=\"wp-image-589\" style=\"border-radius:10px\" srcset=\"https:\/\/molndalssotarna.se\/wp-content\/uploads\/2024\/11\/Ventilation_Injustering.jpg 1000w, https:\/\/molndalssotarna.se\/wp-content\/uploads\/2024\/11\/Ventilation_Injustering-300x200.jpg 300w, https:\/\/molndalssotarna.se\/wp-content\/uploads\/2024\/11\/Ventilation_Injustering-768x512.jpg 768w, https:\/\/molndalssotarna.se\/wp-content\/uploads\/2024\/11\/Ventilation_Injustering-930x620.jpg 930w\" sizes=\"auto, (max-width: 1000px) 100vw, 1000px\" \/><\/figure>\n<\/figure>\n<\/div>\n<\/div><\/section>\n\n\n\n<section id=\"wp-block-themeisle-blocks-advanced-columns-250bf7b0\" class=\"wp-block-themeisle-blocks-advanced-columns alignfull has-1-columns has-desktop-equal-layout has-tablet-equal-layout has-mobile-equal-layout has-vertical-center\"><div class=\"wp-block-themeisle-blocks-advanced-columns-overlay\"><\/div><div class=\"innerblocks-wrap\">\n<div id=\"wp-block-themeisle-blocks-advanced-column-164e5dda\" class=\"wp-block-themeisle-blocks-advanced-column\">\n<div style=\"height:30px\" aria-hidden=\"true\" class=\"wp-block-spacer\"><\/div>\n\n\n\n<h3 class=\"wp-block-heading has-text-align-left has-small-font-size\" style=\"text-transform:uppercase\">Syftet: visa P\u00c5 att inomhusklimatet \u00e4r bra och att ventilationssystemen fungerar KORREKT<\/h3>\n\n\n\n<h2 class=\"wp-block-heading has-text-align-left\">OVK, obligatorisk ventilationskontroll, ska g\u00f6ras i de flesta byggnader<\/h2>\n\n\n\n<div style=\"height:30px\" aria-hidden=\"true\" class=\"wp-block-spacer\"><\/div>\n\n\n\n<div class=\"wp-block-columns is-layout-flex wp-container-core-columns-is-layout-8f761849 wp-block-columns-is-layout-flex\">\n<div class=\"wp-block-column is-layout-flow wp-block-column-is-layout-flow\" style=\"padding-right:0;padding-left:0\">\n<div class=\"wp-block-group is-vertical is-layout-flex wp-container-core-group-is-layout-4fc3f8e1 wp-block-group-is-layout-flex\">\n<h3 class=\"wp-block-heading\">Av en certifierad kontrollant<\/h3>\n\n\n\n<p class=\"wp-block-paragraph\">En obligatorisk ventilationskontroll ska g\u00f6ras av en certifierad kontrollant, som ger f\u00f6rslag p\u00e5 hur ventilationens energi\u00e5tg\u00e5ng kan minskas \u2013 utan att det ger en s\u00e4mre inomhusmilj\u00f6. Det \u00e4r byggnadens \u00e4gare, till exempel bostadsr\u00e4ttsf\u00f6reningen, som ska se till att OVK utf\u00f6rs.<\/p>\n<\/div>\n\n\n\n<div style=\"height:50px\" aria-hidden=\"true\" class=\"wp-block-spacer\"><\/div>\n\n\n\n<div class=\"wp-block-group is-vertical is-layout-flex wp-container-core-group-is-layout-4fc3f8e1 wp-block-group-is-layout-flex\">\n<h3 class=\"wp-block-heading\">Byggnadens luftr\u00f6r<\/h3>\n\n\n\n<p class=\"wp-block-paragraph\">Om du t\u00e4nker dig ventilationskanalerna som byggnadens luftr\u00f6r \u00e4r det l\u00e4tt att f\u00f6rst\u00e5 hur viktigt det \u00e4r att h\u00e5lla dem fria fr\u00e5n damm och olika typer av f\u00f6roreningar och sm\u00e5partiklar som finns naturligt i inomhusmilj\u00f6n.<\/p>\n\n\n\n<p class=\"wp-block-paragraph\">Kanalerna har som uppgift \u00e4r att f\u00f6rse byggnaden med ren och frisk luft f\u00f6r er m\u00e4nniskor som vistas d\u00e4r. Med frisk luft m\u00e5r ocks\u00e5 byggnaden bra och drabbas inte av fuktskador eller blir till en grogrund f\u00f6r m\u00f6gel och bakterier.<\/p>\n<\/div>\n\n\n\n<div style=\"height:15px\" aria-hidden=\"true\" class=\"wp-block-spacer\"><\/div>\n<\/div>\n\n\n\n<div class=\"wp-block-column is-layout-flow wp-block-column-is-layout-flow\" style=\"padding-right:0;padding-left:0\">\n<div class=\"wp-block-group is-vertical is-layout-flex wp-container-core-group-is-layout-4fc3f8e1 wp-block-group-is-layout-flex\">\n<h3 class=\"wp-block-heading\" id=\"wp-block-themeisle-blocks-advanced-heading-05afcf3c\">Best\u00e4mmelser f\u00f6r OVK<\/h3>\n\n\n\n<p class=\"wp-block-paragraph\">Det finns best\u00e4mmelser inskrivna i plan- och byggnadslagen om obligatorisk ventilationskontroll, s\u00e5 kallad OVK. Best\u00e4mmelserna om OVK syftar till att s\u00e4kerst\u00e4lla ett bra inomhusklimat, samt att kontrollera att ventilationssystemen fungerar v\u00e4l.<\/p>\n\n\n\n<p class=\"wp-block-paragraph\">OVK bidrar \u00e4ven till att uppn\u00e5 det nationella milj\u00f6kvalitetsm\u00e5let \u2013 God Bebyggd Milj\u00f6 \u2013 vilket inneb\u00e4r att vi m\u00e4nniskor inte f\u00e5r uts\u00e4ttas f\u00f6r skadliga luftf\u00f6roreningar, ljudniv\u00e5er samt radonhalter, eller oacceptabla h\u00e4lso- och s\u00e4kerhetsrisker.<\/p>\n<\/div>\n\n\n\n<div style=\"height:50px\" aria-hidden=\"true\" class=\"wp-block-spacer\"><\/div>\n\n\n\n<div class=\"wp-block-group is-vertical is-layout-flex wp-container-core-group-is-layout-4fc3f8e1 wp-block-group-is-layout-flex\">\n<h3 class=\"wp-block-heading\" id=\"wp-block-themeisle-blocks-advanced-heading-f7db0faf\">Vi hj\u00e4lper dig n\u00e4r det \u00e4r dags f\u00f6r OVK<\/h3>\n\n\n\n<p class=\"wp-block-paragraph\">OVK m\u00e5ste utf\u00f6ras av en certifierad och sakkunnig funktionskontrollant.&nbsp;Viktigt att t\u00e4nka p\u00e5 \u00e4r ocks\u00e5 att f\u00f6r de flesta byggnader m\u00e5ste en kontroll g\u00f6ras vid vissa best\u00e4mda tidpunkter.<\/p>\n\n\n\n<p class=\"wp-block-paragraph\">L\u00e4s mer om OVK p\u00e5&nbsp;<a href=\"https:\/\/www.boverket.se\/sv\/byggande\/halsa-och-inomhusmiljo\/ventilation\/ovk\/\" target=\"_blank\" rel=\"noreferrer noopener\"><strong>Boverkets hemsida<\/strong><\/a><\/p>\n<\/div>\n<\/div>\n<\/div>\n\n\n\n<div style=\"height:50px\" aria-hidden=\"true\" class=\"wp-block-spacer\"><\/div>\n\n\n\n<h2 class=\"wp-block-heading\" id=\"wp-block-themeisle-blocks-advanced-heading-7ed28242\">OVK ska g\u00f6ras regelbundet<\/h2>\n\n\n\n<figure class=\"wp-block-table is-style-stripes\"><table class=\"has-fixed-layout\"><thead><tr><th><strong>Byggnader &amp; typ av ventilationssystem<\/strong><\/th><th>Intervall<\/th><\/tr><\/thead><tbody><tr><td>F\u00f6rskolor, skolor, v\u00e5rdlokaler och andra liknande byggnader. Oavsett typ av ventilationssystem<\/td><td>3 \u00e5r<\/td><\/tr><tr><td>Flerbostadshus, kontorsbyggnader samt personalutrymmen och kontor i industribyggnader och liknande. FT-, FTX-ventilation<\/td><td>3 \u00e5r<\/td><\/tr><tr><td>Flerbostadshus, kontorsbyggnader samt personalutrymmen och kontor i industribyggnader och liknande. S-, F-, FX-ventilation<\/td><td>6 \u00e5r<\/td><\/tr><tr><td>En- och tv\u00e5bostadshus med FX-, FT-, FTX-ventilation<\/td><td>Endast en f\u00f6rsta installationsbesiktning innan systemet tas i bruk. Ingen \u00e5terkommande besiktning.<\/td><\/tr><\/tbody><\/table><figcaption class=\"wp-element-caption\"><strong>S-ventilation<\/strong>&nbsp;= sj\u00e4lvdragsventilation.<br><strong>F-ventilation<\/strong>&nbsp;= fl\u00e4ktventilation d\u00e4r fr\u00e5nluftsfl\u00f6dena \u00e4r fl\u00e4ktstyrda.<br><strong>FT-ventilation<\/strong>&nbsp;= fl\u00e4ktventilation d\u00e4r b\u00e5de fr\u00e5nluft- och tilluftsfl\u00f6dena \u00e4r fl\u00e4ktstyrda.<br><strong>FX-ventilation<\/strong>&nbsp;= F-ventilation med v\u00e4rme\u00e5tervinning.<br><strong>FTX-ventilation<\/strong>&nbsp;= FT- ventilation med v\u00e4rme\u00e5tervinning.<\/figcaption><\/figure>\n<\/div>\n<\/div><\/section>\n\n\n\n<section id=\"wp-block-themeisle-blocks-advanced-columns-1bb1354a\" class=\"wp-block-themeisle-blocks-advanced-columns alignfull has-2-columns has-desktop-equal-layout has-tablet-equal-layout has-mobile-collapsedRows-layout has-vertical-center has-light-bg\"><div class=\"wp-block-themeisle-blocks-advanced-columns-overlay\"><\/div><div class=\"innerblocks-wrap\">\n<div id=\"wp-block-themeisle-blocks-advanced-column-d229e8c4\" class=\"wp-block-themeisle-blocks-advanced-column\">\n<h2 class=\"wp-block-heading\" style=\"font-size:30px\">Reng\u00f6ring av imkanal minskar&nbsp;brandrisken<\/h2>\n\n\n\n<h3 class=\"wp-block-heading has-medium-font-size\">I stork\u00f6k finns s\u00e4rskilda krav p\u00e5 reng\u00f6ring. Det g\u00e4ller s\u00e4rskilt reng\u00f6ring av imkanaler \u2013 ventilationskanalen kopplad till k\u00f6ksfl\u00e4kten. I stork\u00f6k finns risken att fett fastnar i imkanalen, vilket kan leda till brand. Vi spolar rent imkanalerna fr\u00e5n fett med specialkem.<\/h3>\n\n\n\n<p class=\"wp-block-paragraph\">Ventilation i k\u00f6k som <strong>v\u00e4rmer mat<\/strong> ska reng\u00f6ras minst en g\u00e5ng per \u00e5r, medan reng\u00f6ringen av ventilation i k\u00f6k som <strong>lagar mat <\/strong>beh\u00f6ver ske minst tre g\u00e5nger per \u00e5r.<\/p>\n<\/div>\n\n\n\n<div id=\"wp-block-themeisle-blocks-advanced-column-453003a7\" class=\"wp-block-themeisle-blocks-advanced-column\"><div class=\"wp-block-image\">\n<figure class=\"aligncenter size-full has-custom-border\"><img loading=\"lazy\" decoding=\"async\" width=\"1000\" height=\"665\" src=\"http:\/\/molndalssotarna.se\/wp-content\/uploads\/2024\/11\/Imkanal_Gra.jpg\" alt=\"En man reng\u00f6r imkanal i ett stork\u00f6k\" class=\"wp-image-732\" style=\"border-radius:10px\" srcset=\"https:\/\/molndalssotarna.se\/wp-content\/uploads\/2024\/11\/Imkanal_Gra.jpg 1000w, https:\/\/molndalssotarna.se\/wp-content\/uploads\/2024\/11\/Imkanal_Gra-300x200.jpg 300w, https:\/\/molndalssotarna.se\/wp-content\/uploads\/2024\/11\/Imkanal_Gra-768x511.jpg 768w\" sizes=\"auto, (max-width: 1000px) 100vw, 1000px\" \/><\/figure>\n<\/div><\/div>\n<\/div><\/section>\n","protected":false},"excerpt":{"rendered":"","protected":false},"author":2,"featured_media":858,"parent":0,"menu_order":0,"comment_status":"closed","ping_status":"closed","template":"","meta":{"_crdt_document":"","_uag_custom_page_level_css":"","neve_meta_sidebar":"","neve_meta_container":"","neve_meta_enable_content_width":"","neve_meta_content_width":0,"neve_meta_title_alignment":"","neve_meta_author_avatar":"","neve_post_elements_order":"","neve_meta_disable_header":"","neve_meta_disable_footer":"","neve_meta_disable_title":"","neve_meta_reading_time":"","_themeisle_gutenberg_block_has_review":false,"footnotes":""},"class_list":["post-575","page","type-page","status-publish","has-post-thumbnail","hentry"],"yoast_head":"<!-- This site is optimized with the Yoast SEO plugin v27.4 - https:\/\/yoast.com\/product\/yoast-seo-wordpress\/ -->\n<title>Ventilation - M\u00f6lndal &amp; H\u00e4rryda Sotarna<\/title>\n<meta name=\"description\" content=\"Din ventilation \u00e4r k\u00e4llan till ett bra och h\u00e4lsosamt inomhusklimat. I kanalerna samlas med \u00e5ren damm, viktigt att rensa regelbundet.\" \/>\n<meta name=\"robots\" content=\"index, follow, max-snippet:-1, max-image-preview:large, max-video-preview:-1\" \/>\n<link rel=\"canonical\" href=\"https:\/\/molndalssotarna.se\/?page_id=575\" \/>\n<meta property=\"og:locale\" content=\"sv_SE\" \/>\n<meta property=\"og:type\" content=\"article\" \/>\n<meta property=\"og:title\" content=\"Ventilationsrensning\" \/>\n<meta property=\"og:description\" content=\"Dina ventilationskanaler \u00e4r k\u00e4llan till ett bra och sunt inomhusklimat. I kanalerna samlas med \u00e5ren damm, t\u00e4nk p\u00e5 att rensa regelbundet.\" \/>\n<meta property=\"og:url\" content=\"https:\/\/molndalssotarna.se\/?page_id=575\" \/>\n<meta property=\"og:site_name\" content=\"M\u00f6lndal &amp; H\u00e4rryda Sotarna\" \/>\n<meta property=\"article:publisher\" content=\"https:\/\/www.facebook.com\/profile.php?id=100054359687761\" \/>\n<meta property=\"article:modified_time\" content=\"2024-12-02T07:46:51+00:00\" \/>\n<meta property=\"og:image\" content=\"https:\/\/molndalssotarna.se\/wp-content\/uploads\/2024\/11\/Smutsigt-don_1-1.jpg\" \/>\n\t<meta property=\"og:image:width\" content=\"1000\" \/>\n\t<meta property=\"og:image:height\" content=\"1000\" \/>\n\t<meta property=\"og:image:type\" content=\"image\/jpeg\" \/>\n<meta name=\"twitter:card\" content=\"summary_large_image\" \/>\n<meta name=\"twitter:label1\" content=\"Ber\u00e4knad l\u00e4stid\" \/>\n\t<meta name=\"twitter:data1\" content=\"5 minuter\" \/>\n<script type=\"application\/ld+json\" class=\"yoast-schema-graph\">{\"@context\":\"https:\\\/\\\/schema.org\",\"@graph\":[{\"@type\":\"WebPage\",\"@id\":\"https:\\\/\\\/molndalssotarna.se\\\/?page_id=575\",\"url\":\"https:\\\/\\\/molndalssotarna.se\\\/?page_id=575\",\"name\":\"Ventilation - M\u00f6lndal &amp; H\u00e4rryda Sotarna\",\"isPartOf\":{\"@id\":\"https:\\\/\\\/molndalssotarna.se\\\/#website\"},\"primaryImageOfPage\":{\"@id\":\"https:\\\/\\\/molndalssotarna.se\\\/?page_id=575#primaryimage\"},\"image\":{\"@id\":\"https:\\\/\\\/molndalssotarna.se\\\/?page_id=575#primaryimage\"},\"thumbnailUrl\":\"https:\\\/\\\/molndalssotarna.se\\\/wp-content\\\/uploads\\\/2024\\\/11\\\/Hero_Vent-1-scaled.jpg\",\"datePublished\":\"2024-11-04T08:08:50+00:00\",\"dateModified\":\"2024-12-02T07:46:51+00:00\",\"description\":\"Din ventilation \u00e4r k\u00e4llan till ett bra och h\u00e4lsosamt inomhusklimat. I kanalerna samlas med \u00e5ren damm, viktigt att rensa regelbundet.\",\"breadcrumb\":{\"@id\":\"https:\\\/\\\/molndalssotarna.se\\\/?page_id=575#breadcrumb\"},\"inLanguage\":\"sv-SE\",\"potentialAction\":[{\"@type\":\"ReadAction\",\"target\":[\"https:\\\/\\\/molndalssotarna.se\\\/?page_id=575\"]}]},{\"@type\":\"ImageObject\",\"inLanguage\":\"sv-SE\",\"@id\":\"https:\\\/\\\/molndalssotarna.se\\\/?page_id=575#primaryimage\",\"url\":\"https:\\\/\\\/molndalssotarna.se\\\/wp-content\\\/uploads\\\/2024\\\/11\\\/Hero_Vent-1-scaled.jpg\",\"contentUrl\":\"https:\\\/\\\/molndalssotarna.se\\\/wp-content\\\/uploads\\\/2024\\\/11\\\/Hero_Vent-1-scaled.jpg\",\"width\":2560,\"height\":896,\"caption\":\"Ventilationstekniker l\u00e4ser av instrument\"},{\"@type\":\"BreadcrumbList\",\"@id\":\"https:\\\/\\\/molndalssotarna.se\\\/?page_id=575#breadcrumb\",\"itemListElement\":[{\"@type\":\"ListItem\",\"position\":1,\"name\":\"Hem\",\"item\":\"http:\\\/\\\/molndalssotarna.se\\\/\"},{\"@type\":\"ListItem\",\"position\":2,\"name\":\"Ventilation\"}]},{\"@type\":\"WebSite\",\"@id\":\"https:\\\/\\\/molndalssotarna.se\\\/#website\",\"url\":\"https:\\\/\\\/molndalssotarna.se\\\/\",\"name\":\"M\u00f6lndal & H\u00e4rryda Sotarna\",\"description\":\"\",\"publisher\":{\"@id\":\"https:\\\/\\\/molndalssotarna.se\\\/#organization\"},\"potentialAction\":[{\"@type\":\"SearchAction\",\"target\":{\"@type\":\"EntryPoint\",\"urlTemplate\":\"https:\\\/\\\/molndalssotarna.se\\\/?s={search_term_string}\"},\"query-input\":{\"@type\":\"PropertyValueSpecification\",\"valueRequired\":true,\"valueName\":\"search_term_string\"}}],\"inLanguage\":\"sv-SE\"},{\"@type\":\"Organization\",\"@id\":\"https:\\\/\\\/molndalssotarna.se\\\/#organization\",\"name\":\"M\u00f6lndal & H\u00e4rryda Sotarna\",\"url\":\"https:\\\/\\\/molndalssotarna.se\\\/\",\"logo\":{\"@type\":\"ImageObject\",\"inLanguage\":\"sv-SE\",\"@id\":\"https:\\\/\\\/molndalssotarna.se\\\/#\\\/schema\\\/logo\\\/image\\\/\",\"url\":\"http:\\\/\\\/molndalssotarna.se\\\/wp-content\\\/uploads\\\/2024\\\/11\\\/cropped-molndalssotaren-1-1.jpg\",\"contentUrl\":\"http:\\\/\\\/molndalssotarna.se\\\/wp-content\\\/uploads\\\/2024\\\/11\\\/cropped-molndalssotaren-1-1.jpg\",\"width\":512,\"height\":512,\"caption\":\"M\u00f6lndal & H\u00e4rryda Sotarna\"},\"image\":{\"@id\":\"https:\\\/\\\/molndalssotarna.se\\\/#\\\/schema\\\/logo\\\/image\\\/\"},\"sameAs\":[\"https:\\\/\\\/www.facebook.com\\\/profile.php?id=100054359687761\"]}]}<\/script>\n<!-- \/ Yoast SEO plugin. -->","yoast_head_json":{"title":"Ventilation - M\u00f6lndal &amp; H\u00e4rryda Sotarna","description":"Din ventilation \u00e4r k\u00e4llan till ett bra och h\u00e4lsosamt inomhusklimat. I kanalerna samlas med \u00e5ren damm, viktigt att rensa regelbundet.","robots":{"index":"index","follow":"follow","max-snippet":"max-snippet:-1","max-image-preview":"max-image-preview:large","max-video-preview":"max-video-preview:-1"},"canonical":"https:\/\/molndalssotarna.se\/?page_id=575","og_locale":"sv_SE","og_type":"article","og_title":"Ventilationsrensning","og_description":"Dina ventilationskanaler \u00e4r k\u00e4llan till ett bra och sunt inomhusklimat. I kanalerna samlas med \u00e5ren damm, t\u00e4nk p\u00e5 att rensa regelbundet.","og_url":"https:\/\/molndalssotarna.se\/?page_id=575","og_site_name":"M\u00f6lndal &amp; H\u00e4rryda Sotarna","article_publisher":"https:\/\/www.facebook.com\/profile.php?id=100054359687761","article_modified_time":"2024-12-02T07:46:51+00:00","og_image":[{"width":1000,"height":1000,"url":"https:\/\/molndalssotarna.se\/wp-content\/uploads\/2024\/11\/Smutsigt-don_1-1.jpg","type":"image\/jpeg"}],"twitter_card":"summary_large_image","twitter_misc":{"Ber\u00e4knad l\u00e4stid":"5 minuter"},"schema":{"@context":"https:\/\/schema.org","@graph":[{"@type":"WebPage","@id":"https:\/\/molndalssotarna.se\/?page_id=575","url":"https:\/\/molndalssotarna.se\/?page_id=575","name":"Ventilation - M\u00f6lndal &amp; H\u00e4rryda Sotarna","isPartOf":{"@id":"https:\/\/molndalssotarna.se\/#website"},"primaryImageOfPage":{"@id":"https:\/\/molndalssotarna.se\/?page_id=575#primaryimage"},"image":{"@id":"https:\/\/molndalssotarna.se\/?page_id=575#primaryimage"},"thumbnailUrl":"https:\/\/molndalssotarna.se\/wp-content\/uploads\/2024\/11\/Hero_Vent-1-scaled.jpg","datePublished":"2024-11-04T08:08:50+00:00","dateModified":"2024-12-02T07:46:51+00:00","description":"Din ventilation \u00e4r k\u00e4llan till ett bra och h\u00e4lsosamt inomhusklimat. I kanalerna samlas med \u00e5ren damm, viktigt att rensa regelbundet.","breadcrumb":{"@id":"https:\/\/molndalssotarna.se\/?page_id=575#breadcrumb"},"inLanguage":"sv-SE","potentialAction":[{"@type":"ReadAction","target":["https:\/\/molndalssotarna.se\/?page_id=575"]}]},{"@type":"ImageObject","inLanguage":"sv-SE","@id":"https:\/\/molndalssotarna.se\/?page_id=575#primaryimage","url":"https:\/\/molndalssotarna.se\/wp-content\/uploads\/2024\/11\/Hero_Vent-1-scaled.jpg","contentUrl":"https:\/\/molndalssotarna.se\/wp-content\/uploads\/2024\/11\/Hero_Vent-1-scaled.jpg","width":2560,"height":896,"caption":"Ventilationstekniker l\u00e4ser av instrument"},{"@type":"BreadcrumbList","@id":"https:\/\/molndalssotarna.se\/?page_id=575#breadcrumb","itemListElement":[{"@type":"ListItem","position":1,"name":"Hem","item":"http:\/\/molndalssotarna.se\/"},{"@type":"ListItem","position":2,"name":"Ventilation"}]},{"@type":"WebSite","@id":"https:\/\/molndalssotarna.se\/#website","url":"https:\/\/molndalssotarna.se\/","name":"M\u00f6lndal & H\u00e4rryda Sotarna","description":"","publisher":{"@id":"https:\/\/molndalssotarna.se\/#organization"},"potentialAction":[{"@type":"SearchAction","target":{"@type":"EntryPoint","urlTemplate":"https:\/\/molndalssotarna.se\/?s={search_term_string}"},"query-input":{"@type":"PropertyValueSpecification","valueRequired":true,"valueName":"search_term_string"}}],"inLanguage":"sv-SE"},{"@type":"Organization","@id":"https:\/\/molndalssotarna.se\/#organization","name":"M\u00f6lndal & H\u00e4rryda Sotarna","url":"https:\/\/molndalssotarna.se\/","logo":{"@type":"ImageObject","inLanguage":"sv-SE","@id":"https:\/\/molndalssotarna.se\/#\/schema\/logo\/image\/","url":"http:\/\/molndalssotarna.se\/wp-content\/uploads\/2024\/11\/cropped-molndalssotaren-1-1.jpg","contentUrl":"http:\/\/molndalssotarna.se\/wp-content\/uploads\/2024\/11\/cropped-molndalssotaren-1-1.jpg","width":512,"height":512,"caption":"M\u00f6lndal & H\u00e4rryda Sotarna"},"image":{"@id":"https:\/\/molndalssotarna.se\/#\/schema\/logo\/image\/"},"sameAs":["https:\/\/www.facebook.com\/profile.php?id=100054359687761"]}]}},"uagb_featured_image_src":{"full":["https:\/\/molndalssotarna.se\/wp-content\/uploads\/2024\/11\/Hero_Vent-1-scaled.jpg",2560,896,false],"thumbnail":["https:\/\/molndalssotarna.se\/wp-content\/uploads\/2024\/11\/Hero_Vent-1-150x150.jpg",150,150,true],"medium":["https:\/\/molndalssotarna.se\/wp-content\/uploads\/2024\/11\/Hero_Vent-1-300x105.jpg",300,105,true],"medium_large":["https:\/\/molndalssotarna.se\/wp-content\/uploads\/2024\/11\/Hero_Vent-1-768x269.jpg",768,269,true],"large":["https:\/\/molndalssotarna.se\/wp-content\/uploads\/2024\/11\/Hero_Vent-1-1024x358.jpg",1024,358,true],"1536x1536":["https:\/\/molndalssotarna.se\/wp-content\/uploads\/2024\/11\/Hero_Vent-1-1536x538.jpg",1536,538,true],"2048x2048":["https:\/\/molndalssotarna.se\/wp-content\/uploads\/2024\/11\/Hero_Vent-1-2048x717.jpg",2048,717,true],"neve-blog":["https:\/\/molndalssotarna.se\/wp-content\/uploads\/2024\/11\/Hero_Vent-1-930x620.jpg",930,620,true]},"uagb_author_info":{"display_name":"Jenny Nystr\u00f6m","author_link":"https:\/\/molndalssotarna.se\/?author=2"},"uagb_comment_info":0,"uagb_excerpt":null,"_links":{"self":[{"href":"https:\/\/molndalssotarna.se\/index.php?rest_route=\/wp\/v2\/pages\/575","targetHints":{"allow":["GET"]}}],"collection":[{"href":"https:\/\/molndalssotarna.se\/index.php?rest_route=\/wp\/v2\/pages"}],"about":[{"href":"https:\/\/molndalssotarna.se\/index.php?rest_route=\/wp\/v2\/types\/page"}],"author":[{"embeddable":true,"href":"https:\/\/molndalssotarna.se\/index.php?rest_route=\/wp\/v2\/users\/2"}],"replies":[{"embeddable":true,"href":"https:\/\/molndalssotarna.se\/index.php?rest_route=%2Fwp%2Fv2%2Fcomments&post=575"}],"version-history":[{"count":49,"href":"https:\/\/molndalssotarna.se\/index.php?rest_route=\/wp\/v2\/pages\/575\/revisions"}],"predecessor-version":[{"id":1210,"href":"https:\/\/molndalssotarna.se\/index.php?rest_route=\/wp\/v2\/pages\/575\/revisions\/1210"}],"wp:featuredmedia":[{"embeddable":true,"href":"https:\/\/molndalssotarna.se\/index.php?rest_route=\/wp\/v2\/media\/858"}],"wp:attachment":[{"href":"https:\/\/molndalssotarna.se\/index.php?rest_route=%2Fwp%2Fv2%2Fmedia&parent=575"}],"curies":[{"name":"wp","href":"https:\/\/api.w.org\/{rel}","templated":true}]}}