{"id":398,"date":"2021-10-15T08:57:51","date_gmt":"2021-10-15T08:57:51","guid":{"rendered":"https:\/\/demosites.io\/neve-3\/?page_id=398"},"modified":"2024-12-02T11:09:56","modified_gmt":"2024-12-02T10:09:56","slug":"kontakt","status":"publish","type":"page","link":"https:\/\/molndalssotarna.se\/?page_id=398","title":{"rendered":"Kontakt"},"content":{"rendered":"\n<div id=\"wp-block-themeisle-blocks-advanced-columns-9ea810ec\" class=\"wp-block-themeisle-blocks-advanced-columns alignfull has-1-columns has-desktop-equal-layout has-tablet-equal-layout has-mobile-equal-layout has-vertical-unset\"><div class=\"wp-block-themeisle-blocks-advanced-columns-overlay\"><\/div><div class=\"innerblocks-wrap\">\n<div id=\"wp-block-themeisle-blocks-advanced-column-d8f3d92b\" class=\"wp-block-themeisle-blocks-advanced-column\">\n<header class=\"wp-block-uagb-advanced-heading uagb-block-5f1fd0b7\"><h1 class=\"uagb-heading-text\"><strong><strong>Kontakta oss<\/strong><\/strong><\/h1><\/header>\n<\/div>\n<\/div><\/div>\n\n\n\n<div style=\"height:60px\" aria-hidden=\"true\" class=\"wp-block-spacer\"><\/div>\n\n\n\n<div class=\"wp-block-columns is-layout-flex wp-container-core-columns-is-layout-8f761849 wp-block-columns-is-layout-flex\">\n<div class=\"wp-block-column is-vertically-aligned-top is-layout-flow wp-block-column-is-layout-flow\" style=\"flex-basis:50%\">\n<div class=\"wp-block-uagb-advanced-heading uagb-block-346f5bf3\"><h2 class=\"uagb-heading-text\">M\u00f6lndal &amp; H\u00e4rryda Sotarna Ulf Gustavsson AB<\/h2><\/div>\n\n\n\n<div style=\"height:20px\" aria-hidden=\"true\" class=\"wp-block-spacer\"><\/div>\n\n\n\n<p class=\"has-neve-text-color-color has-text-color wp-block-paragraph\">M\u00f6belgatan 3, 431 33 M\u00f6lndal<br>Tel: 031-27 18 92<\/p>\n\n\n\n<div class=\"wp-block-uagb-advanced-heading uagb-block-73746132\"><h2 class=\"uagb-heading-text\">\u00d6ppettider<\/h2><\/div>\n\n\n\n<div class=\"wp-block-group is-vertical is-layout-flex wp-container-core-group-is-layout-4fc3f8e1 wp-block-group-is-layout-flex\">\n<p class=\"wp-block-paragraph\">M\u00e5n-Tis, 07-17<\/p>\n\n\n\n<p class=\"wp-block-paragraph\">Ons-Tor, 07-20<\/p>\n\n\n\n<p class=\"wp-block-paragraph\">Fre, 07-17<\/p>\n<\/div>\n\n\n\n<div style=\"height:20px\" aria-hidden=\"true\" class=\"wp-block-spacer\"><\/div>\n\n\n\n<iframe src=\"https:\/\/www.google.com\/maps\/embed?pb=!1m14!1m8!1m3!1d4270.555185369445!2d12.029239!3d57.643768!3m2!1i1024!2i768!4f13.1!3m3!1m2!1s0x464ff2211ecbf297%3A0x87fe7617e02f81c5!2sM%C3%B6belgatan%203%2C%20431%2033%20M%C3%B6lndal%2C%20Sverige!5e0!3m2!1ssv!2sus!4v1730209852502!5m2!1ssv!2sus\" width=\"600\" height=\"450\" style=\"border:0;\" allowfullscreen=\"\" loading=\"lazy\" referrerpolicy=\"no-referrer-when-downgrade\"><\/iframe>\n\n\n\n<div style=\"height:20px\" aria-hidden=\"true\" class=\"wp-block-spacer\"><\/div>\n<\/div>\n\n\n\n<div class=\"wp-block-column is-layout-flow wp-block-column-is-layout-flow\" style=\"flex-basis:50%\">\n<h3 class=\"wp-block-heading has-neve-text-color-color has-text-color\" style=\"padding-right:var(--wp--preset--spacing--70);padding-left:var(--wp--preset--spacing--70)\">Boka sotning<\/h3>\n\n\n<style>.cfcf7-block .wpcf7-text, .cfcf7-block .wpcf7-textarea, .cfcf7-block input[type='number'], .cfcf7-block .wpcf7-select, .cfcf7-block .wpcf7-date { background-color: #f4f4f4; border-radius: 0.5em;  line-height:1.4em!important; } .cfcf7-block .wpcf7-text, .cfcf7-block .wpcf7-textarea, .cfcf7-block input[type='number'], .cfcf7-block .wpcf7-select, .cfcf7-block .wpcf7-date { border: none; } .cfcf7-block .wpcf7-text:focus, .cfcf7-block .wpcf7-textarea:focus, .cfcf7-block input[type='number']:focus, .cfcf7-block .wpcf7-select:focus, .cfcf7-block .wpcf7-date:focus { outline-width: 1px; } .cfcf7-block .wpcf7-text:focus, .cfcf7-block .wpcf7-textarea:focus, .cfcf7-block input[type='number']:focus, .cfcf7-block .wpcf7-select:focus, .cfcf7-block .wpcf7-date:focus { outline-offset: 1px; } .cfcf7-block .wpcf7-text:focus, .cfcf7-block .wpcf7-textarea:focus, .cfcf7-block input[type='number']:focus, .cfcf7-block .wpcf7-select:focus, .cfcf7-block .wpcf7-date:focus { outline-color: #403B40; } .cfcf7-block .wpcf7-text, .cfcf7-block .wpcf7-textarea, .cfcf7-block input[type='number'], .cfcf7-block .wpcf7-select, .cfcf7-block .wpcf7-date{ box-shadow: 0em 0.1em 1em -0.9em #403b40 inset;} .wpcf7 label{ font-size:1.1em!important;}  .wpcf7 label{ font-weight:400!important;}  .wpcf7 label{ line-height:2em!important;}   .wpcf7 label, .wpcf7 form p a, .wpcf7 form p{ color: #8C8E98!important; } .wpcf7 label{ line-height: 2em;} .cfcf7-block .wpcf7-text, .cfcf7-block .wpcf7-textarea, .cfcf7-block input[type='number'], .cfcf7-block .wpcf7-select, .cfcf7-block .wpcf7-date{font-size:1em!important;}  .cfcf7-block .wpcf7-text, .cfcf7-block .wpcf7-textarea, .cfcf7-block input[type='number'], .cfcf7-block .wpcf7-select, .cfcf7-block .wpcf7-date{ color: #545054;} .wpcf7 ::placeholder{ color: #C9C9C9} .cfcf7-block .wpcf7-text, .cfcf7-block .wpcf7-textarea, .cfcf7-block input[type='number'], .cfcf7-block .wpcf7-select, .cfcf7-block .wpcf7-date{ padding: 0.6em 0.6em; } .wpcf7-submit, .wpcf7-submit-wrapper{ background: #403b40!important; line-height:1.5em!important;} .cfcf7-block .wpcf7-submit{font-size:1em!important; }  .cfcf7-block .wpcf7-submit{ text-transform: capitalize!important; } .cfcf7-block .wpcf7-submit{ font-weight:400!important;}  .cfcf7-block .wpcf7-submit{color: white!important;}  .cfcf7-block .wpcf7-submit{padding-top:0.9em!important; padding-bottom:0.9em!important; }  .cfcf7-block .wpcf7-submit{padding-left:4em; padding-right:4em ; }  .cfcf7-block\r\n .wpcf7-submit{ width: 100%; } .cfcf7-block .wpcf7-submit{ border-radius: 0.5em!important;} .cfcf7-block .wpcf7-submit{ border: none;} .cfcf7-block .wpcf7-submit{box-shadow:0em 0.3em 1em -0.6em grey;} .cfcf7-block .wpcf7-submit:hover{box-shadow:none!important;} \r\n        @media only screen and (min-width: 361px) and (max-width: 780px) {\r\n            .cfcf7-block\r\n            { \r\n                font-size: 16px!important; \r\n                margin-top: 0em!important; \r\n                margin-left: 0em!important; \r\n                margin-right: 0em!important; \r\n                margin-bottom: 0em!important;\r\n                padding-top: 1.6em!important; \r\n                padding-left: 2.2em!important; \r\n                padding-right: 2.2em!important; \r\n                padding-bottom: 1.6em!important; \r\n            } \r\n            .cfcf7-block .wpcf7-submit{ width: 100%!important; \r\n        }} \r\n@media only screen and (max-width: 360px) {\r\n    .cfcf7-block\r\n{ \r\n                font-size: 16px!important; \r\n                margin-top: 1em!important; \r\n                margin-left: -0.5em!important; \r\n                margin-right: -0.5em!important; \r\n                margin-bottom: 1em!important;\r\n                padding-top: 2em!important; \r\n                padding-left: 1.5em!important; \r\n                padding-right: 1.5em!important; \r\n                padding-bottom: 2em!important; \r\n            } \r\n            .cfcf7-block .wpcf7-submit{ width: 100%!important; \r\n        }}<\/style><div class=\"cfcf7-block-container\"><div style=\"background-color:#fff; line-height: 1.4em!important; font-size:16px;  padding-top:2em; padding-left:3em; padding-right:3em; padding-bottom:2em; margin-top:-2.6em; margin-left:0em; margin-right:0em; margin-bottom:0em; border-radius: 2em; box-shadow:none!important; border-color:#b9b9b9; \" class=\"cfcf7-block wp-block-mofistudio-customizer-block-cf7\">\n<div class=\"wpcf7 no-js\" id=\"wpcf7-f1065-o1\" lang=\"sv-SE\" dir=\"ltr\" data-wpcf7-id=\"1065\">\n<div class=\"screen-reader-response\"><p role=\"status\" aria-live=\"polite\" aria-atomic=\"true\"><\/p> <ul><\/ul><\/div>\n<form action=\"\/index.php?rest_route=%2Fwp%2Fv2%2Fpages%2F398#wpcf7-f1065-o1\" method=\"post\" class=\"wpcf7-form init\" aria-label=\"Kontaktformul\u00e4r\" novalidate=\"novalidate\" data-status=\"init\">\n<fieldset class=\"hidden-fields-container\"><input type=\"hidden\" name=\"_wpcf7\" value=\"1065\" \/><input type=\"hidden\" name=\"_wpcf7_version\" value=\"6.1.5\" \/><input type=\"hidden\" name=\"_wpcf7_locale\" value=\"sv_SE\" \/><input type=\"hidden\" name=\"_wpcf7_unit_tag\" value=\"wpcf7-f1065-o1\" \/><input type=\"hidden\" name=\"_wpcf7_container_post\" value=\"0\" \/><input type=\"hidden\" name=\"_wpcf7_posted_data_hash\" value=\"\" \/><input type=\"hidden\" name=\"_wpcf7_recaptcha_response\" value=\"\" \/>\n<\/fieldset>\n<p><label> Namn<br \/>\n<span class=\"wpcf7-form-control-wrap\" data-name=\"your-name\"><input size=\"40\" maxlength=\"400\" class=\"wpcf7-form-control wpcf7-text wpcf7-validates-as-required\" autocomplete=\"name\" aria-required=\"true\" aria-invalid=\"false\" value=\"\" type=\"text\" name=\"your-name\" \/><\/span> <\/label>\n<\/p>\n<p><label> Adress<br \/>\n<span class=\"wpcf7-form-control-wrap\" data-name=\"Adress\"><input size=\"40\" maxlength=\"400\" class=\"wpcf7-form-control wpcf7-text wpcf7-validates-as-required\" autocomplete=\"addres\" aria-required=\"true\" aria-invalid=\"false\" value=\"\" type=\"text\" name=\"Adress\" \/><\/span> <\/label>\n<\/p>\n<p><label> Telefonnummer<br \/>\n<span class=\"wpcf7-form-control-wrap\" data-name=\"Telefonnummer\"><input size=\"40\" maxlength=\"400\" class=\"wpcf7-form-control wpcf7-tel wpcf7-validates-as-required wpcf7-text wpcf7-validates-as-tel\" autocomplete=\"phone\" aria-required=\"true\" aria-invalid=\"false\" value=\"\" type=\"tel\" name=\"Telefonnummer\" \/><\/span> <\/label>\n<\/p>\n<p><label> E-post<br \/>\n<span class=\"wpcf7-form-control-wrap\" data-name=\"your-email\"><input size=\"40\" maxlength=\"400\" class=\"wpcf7-form-control wpcf7-email wpcf7-validates-as-required wpcf7-text wpcf7-validates-as-email\" autocomplete=\"email\" aria-required=\"true\" aria-invalid=\"false\" value=\"\" type=\"email\" name=\"your-email\" \/><\/span> <\/label>\n<\/p>\n<p><label> \u00c4mne<br \/>\n<span class=\"wpcf7-form-control-wrap\" data-name=\"your-subject\"><input size=\"40\" maxlength=\"400\" class=\"wpcf7-form-control wpcf7-text wpcf7-validates-as-required\" aria-required=\"true\" aria-invalid=\"false\" value=\"\" type=\"text\" name=\"your-subject\" \/><\/span> <\/label>\n<\/p>\n<p><label> Meddelande<br \/>\n<span class=\"wpcf7-form-control-wrap\" data-name=\"your-message\"><textarea cols=\"40\" rows=\"10\" maxlength=\"2000\" class=\"wpcf7-form-control wpcf7-textarea\" aria-invalid=\"false\" name=\"your-message\"><\/textarea><\/span> <\/label>\n<\/p>\n<p><input class=\"wpcf7-form-control wpcf7-submit has-spinner\" type=\"submit\" value=\"Skicka\" \/>\n<\/p><div class=\"wpcf7-response-output\" aria-hidden=\"true\"><\/div>\n<\/form>\n<\/div>\n<\/div><\/div>\n\n\n<p class=\"wp-block-paragraph\" style=\"padding-right:var(--wp--preset--spacing--70);padding-left:var(--wp--preset--spacing--70)\">Aktuella sotningspriser i din kommun finns hos:&nbsp;<a href=\"http:\/\/www.rsgbg.se\/hem-och-fritid\/brandskyddskontroll-och-sotning\/sotning-och-rengoring\/\" target=\"_blank\" rel=\"noreferrer noopener\">R\u00e4ddningstj\u00e4nsten Storg\u00f6teborg<\/a><\/p>\n<\/div>\n<\/div>\n\n\n\n<div class=\"wp-block-columns is-layout-flex wp-container-core-columns-is-layout-8f761849 wp-block-columns-is-layout-flex\">\n<div class=\"wp-block-column is-vertically-aligned-top is-layout-flow wp-block-column-is-layout-flow\" style=\"flex-basis:50%\"><\/div>\n\n\n\n<div class=\"wp-block-column is-vertically-aligned-top is-layout-flow wp-block-column-is-layout-flow\" style=\"flex-basis:50%\"><\/div>\n<\/div>\n\n\n\n<div class=\"wp-block-cover alignfull\" style=\"min-height:50px;aspect-ratio:unset;\"><span aria-hidden=\"true\" class=\"wp-block-cover__background has-nv-site-bg-background-color has-background-dim-100 has-background-dim\"><\/span><div class=\"wp-block-cover__inner-container is-layout-flow wp-block-cover-is-layout-flow\">\n<div style=\"height:80px\" aria-hidden=\"true\" class=\"wp-block-spacer\"><\/div>\n<\/div><\/div>\n\n\n\n<div class=\"wp-block-cover alignfull has-neve-text-color-color has-text-color has-link-color wp-elements-b3a7c3bdb06e54c2cca277f070cb39e2\" style=\"min-height:200px;aspect-ratio:unset;\"><span aria-hidden=\"true\" class=\"wp-block-cover__background has-nv-light-bg-background-color has-background-dim-100 has-background-dim\"><\/span><div class=\"wp-block-cover__inner-container is-layout-flow wp-block-cover-is-layout-flow\">\n<div style=\"height:80px\" aria-hidden=\"true\" class=\"wp-block-spacer\"><\/div>\n\n\n\n<h2 class=\"wp-block-heading has-text-align-center has-neve-text-color-color has-text-color has-large-font-size\">Bra att veta<\/h2>\n\n\n\n<div style=\"height:40px\" aria-hidden=\"true\" class=\"wp-block-spacer\"><\/div>\n\n\n\n<div class=\"wp-block-columns are-vertically-aligned-top is-layout-flex wp-container-core-columns-is-layout-4bf43a18 wp-block-columns-is-layout-flex\" style=\"padding-right:var(--wp--preset--spacing--30);padding-left:var(--wp--preset--spacing--30)\">\n<div class=\"wp-block-column is-vertically-aligned-top is-layout-flow wp-block-column-is-layout-flow\" style=\"padding-right:var(--wp--preset--spacing--30);padding-left:var(--wp--preset--spacing--30)\">\n<h3 class=\"wp-block-heading has-text-align-left has-neve-text-color-color has-text-color\">P\u00e4rlbandsprincipen<\/h3>\n\n\n\n<p class=\"has-text-align-left has-neve-text-color-color has-text-color wp-block-paragraph\">F\u00f6r att h\u00e5lla en s\u00e5 l\u00e5g kostnad som m\u00f6jligt \u00e4r taxan f\u00f6r sotarens arbete baserad p\u00e5 den s\u00e5 kallade <strong>p\u00e4rlbandsprincipen<\/strong>. Det vill s\u00e4ga&nbsp;att tid och dag fastst\u00e4lls utifr\u00e5n inplanerade bes\u00f6k i ett specifikt bostadsomr\u00e5de. Genom att g\u00e5 fr\u00e5n hus till hus kan vi g\u00f6ra arbetet mer effektivt och till l\u00e4gsta m\u00f6jliga kostnad f\u00f6r dig.<\/p>\n\n\n\n<h3 class=\"wp-block-heading has-text-align-left has-neve-text-color-color has-text-color\">Boka om i god tid innan aviserad tid<\/h3>\n\n\n\n<p class=\"wp-block-paragraph\">Om <strong>den aviserade tiden inte passar<\/strong>, har du m\u00f6jlighet att boka om tiden. Ring eller maila oss. Men kom ih\u00e5g att boka om i god tid innan, vid sen ombokning (inom 48 timmar f\u00f6re aviserat bes\u00f6k) tillkommer en extra avgift. L\u00e4s mer om <a href=\"https:\/\/www.rsgbg.se\/hem-och-fritid\/brandskyddskontroll-och-sotning\/sotning-och-rengoring\/\" data-type=\"link\" data-id=\"https:\/\/www.rsgbg.se\/hem-och-fritid\/brandskyddskontroll-och-sotning\/sotning-och-rengoring\/\">sotningstaxan<\/a>.<\/p>\n<\/div>\n\n\n\n<div class=\"wp-block-column is-vertically-aligned-top is-layout-flow wp-block-column-is-layout-flow\" style=\"padding-right:var(--wp--preset--spacing--30);padding-left:var(--wp--preset--spacing--30)\">\n<h3 class=\"wp-block-heading has-text-align-left has-neve-text-color-color has-text-color\">Vid fr\u00e5gor om besiktningar\/tekniska \u00e4renden<\/h3>\n\n\n\n<div class=\"wp-block-group is-vertical is-layout-flex wp-container-core-group-is-layout-4fc3f8e1 wp-block-group-is-layout-flex\">\n<h3 class=\"wp-block-heading has-text-align-left has-small-font-size\" style=\"text-transform:uppercase\">Kontakta <\/h3>\n\n\n\n<p class=\"has-text-align-left wp-block-paragraph\"><strong>Dan Warvne<\/strong>, skorstensfejartekniker<br>0709-43 77 26<\/p>\n\n\n\n<p class=\"wp-block-paragraph\"><strong>Oskar Gustavsson<\/strong>, arbetsledare<br>0722-41 53 73<\/p>\n\n\n\n<p class=\"wp-block-paragraph\"><strong>Ulf Gustavsson<\/strong>, VD<br>0708-19 96 73<\/p>\n<\/div>\n\n\n\n<div style=\"height:40px\" aria-hidden=\"true\" class=\"wp-block-spacer\"><\/div>\n\n\n\n<h3 class=\"wp-block-heading has-text-align-left has-neve-text-color-color has-text-color\">Vid fr\u00e5gor om ventilation\/OVK<\/h3>\n\n\n\n<div class=\"wp-block-group is-vertical is-layout-flex wp-container-core-group-is-layout-4fc3f8e1 wp-block-group-is-layout-flex\">\n<h3 class=\"wp-block-heading has-text-align-left has-neve-text-color-color has-text-color has-small-font-size\" style=\"text-transform:uppercase\">Kontakta<\/h3>\n\n\n\n<p class=\"wp-block-paragraph\"><strong>Oskar Gustavsson<\/strong>, arbetsledare<br>0722-41 53 73<\/p>\n\n\n\n<p class=\"wp-block-paragraph\"><strong>Tobias Gustavsson<\/strong>, arbetsledare<br>0705-77 10 27<\/p>\n<\/div>\n<\/div>\n<\/div>\n\n\n\n<div style=\"height:50px\" aria-hidden=\"true\" class=\"wp-block-spacer\"><\/div>\n<\/div><\/div>\n\n\n\n<div id=\"wp-block-themeisle-blocks-advanced-columns-f078e4f4\" class=\"wp-block-themeisle-blocks-advanced-columns alignfull has-2-columns has-desktop-twoOne-layout has-tablet-equal-layout has-mobile-collapsedRows-layout has-vertical-top ticss-c00aadba has-light-bg\"><div class=\"wp-block-themeisle-blocks-advanced-columns-overlay\"><\/div><div class=\"innerblocks-wrap\">\n<div id=\"wp-block-themeisle-blocks-advanced-column-4e8544a8\" class=\"wp-block-themeisle-blocks-advanced-column\">\n<h2 class=\"wp-block-heading has-text-align-left has-nv-site-bg-color has-text-color has-x-large-font-size\">Slipp papper \u2013 v\u00e4lj att f\u00e5 v\u00e5ra brev digitalt via Kivra<\/h2>\n\n\n\n<p class=\"has-text-align-left has-nv-site-bg-color has-text-color wp-block-paragraph\" style=\"font-size:17px\">Vi vill minska klimatp\u00e5verkan och har d\u00e4rf\u00f6r anslutit oss till Kivra. F\u00f6r att komma ig\u00e5ng med digital post beh\u00f6ver du meddela oss ditt personnummer och se till att vara ansluten till Kivra. Klart!<\/p>\n\n\n\n<div class=\"wp-block-buttons is-horizontal is-content-justification-left is-layout-flex wp-container-core-buttons-is-layout-39697d9b wp-block-buttons-is-layout-flex\">\n<div class=\"wp-block-button is-style-primary\"><a class=\"wp-block-button__link has-nv-site-bg-color has-text-color wp-element-button\" href=\"http:\/\/molndalssotarna.se\/?page_id=1022\">Kom ig\u00e5ng med Kivra<\/a><\/div>\n<\/div>\n<\/div>\n\n\n\n<div id=\"wp-block-themeisle-blocks-advanced-column-8181b83d\" class=\"wp-block-themeisle-blocks-advanced-column\"><div class=\"wp-block-image\">\n<figure class=\"aligncenter size-full is-resized\"><img decoding=\"async\" src=\"https:\/\/sotoventgruppen.se\/wp-content\/uploads\/2024\/04\/Kivra.png\" alt=\"\" class=\"wp-image-2096\" style=\"width:410px;height:auto\"\/><\/figure>\n<\/div><\/div>\n<\/div><\/div>\n","protected":false},"excerpt":{"rendered":"<p>M\u00f6lndal &amp; H\u00e4rryda Sotarna Ulf Gustavsson AB M\u00f6belgatan 3, 431 33 M\u00f6lndalTel: 031-27 18 92 \u00d6ppettider M\u00e5n-Tis, 07-17 Ons-Tor, 07-20 Fre, 07-17 Boka sotning Aktuella sotningspriser i din kommun finns hos:&nbsp;R\u00e4ddningstj\u00e4nsten Storg\u00f6teborg<\/p>\n","protected":false},"author":2,"featured_media":860,"parent":0,"menu_order":0,"comment_status":"closed","ping_status":"closed","template":"","meta":{"_crdt_document":"","_uag_custom_page_level_css":"","neve_meta_sidebar":"","neve_meta_container":"contained","neve_meta_enable_content_width":"on","neve_meta_content_width":100,"neve_meta_title_alignment":"","neve_meta_author_avatar":"","neve_post_elements_order":"","neve_meta_disable_header":"","neve_meta_disable_footer":"","neve_meta_disable_title":"on","neve_meta_reading_time":"","_themeisle_gutenberg_block_has_review":false,"footnotes":""},"class_list":["post-398","page","type-page","status-publish","has-post-thumbnail","hentry"],"yoast_head":"<!-- This site is optimized with the Yoast SEO plugin v27.4 - https:\/\/yoast.com\/product\/yoast-seo-wordpress\/ -->\n<title>Kontakt - M\u00f6lndal &amp; H\u00e4rryda Sotarna<\/title>\n<meta name=\"description\" content=\"Kontakta oss p\u00e5 M\u00f6lndal &amp; H\u00e4rryda Sotarna Ulf Gustavsson AB, v\u00e4xeln \u00f6ppen m\u00e5n-tis 07-17, ons-tor 07-20, fre, 07-17\" \/>\n<meta name=\"robots\" content=\"index, follow, max-snippet:-1, max-image-preview:large, max-video-preview:-1\" \/>\n<link rel=\"canonical\" href=\"https:\/\/molndalssotarna.se\/?page_id=398\" \/>\n<meta property=\"og:locale\" content=\"sv_SE\" \/>\n<meta property=\"og:type\" content=\"article\" \/>\n<meta property=\"og:title\" content=\"Kontakta M\u00f6lndal &amp; H\u00e4rryda Sotarna\" \/>\n<meta property=\"og:description\" content=\"Kontakta oss p\u00e5 M\u00f6lndal &amp; H\u00e4rryda Sotarna Ulf Gustavsson AB, v\u00e4xeln \u00f6ppen m\u00e5n-tis 07-17, ons-tor 07-20, fre, 07-17\" \/>\n<meta property=\"og:url\" content=\"https:\/\/molndalssotarna.se\/?page_id=398\" \/>\n<meta property=\"og:site_name\" content=\"M\u00f6lndal &amp; H\u00e4rryda Sotarna\" \/>\n<meta property=\"article:publisher\" content=\"https:\/\/www.facebook.com\/profile.php?id=100054359687761\" \/>\n<meta property=\"article:modified_time\" content=\"2024-12-02T10:09:56+00:00\" \/>\n<meta property=\"og:image\" content=\"https:\/\/molndalssotarna.se\/wp-content\/uploads\/2024\/11\/Hero_Kontakt-scaled.jpg\" \/>\n\t<meta property=\"og:image:width\" content=\"2560\" \/>\n\t<meta property=\"og:image:height\" content=\"896\" \/>\n\t<meta property=\"og:image:type\" content=\"image\/jpeg\" \/>\n<meta name=\"twitter:card\" content=\"summary_large_image\" \/>\n<meta name=\"twitter:label1\" content=\"Ber\u00e4knad l\u00e4stid\" \/>\n\t<meta name=\"twitter:data1\" content=\"2 minuter\" \/>\n<script type=\"application\/ld+json\" class=\"yoast-schema-graph\">{\"@context\":\"https:\\\/\\\/schema.org\",\"@graph\":[{\"@type\":\"WebPage\",\"@id\":\"https:\\\/\\\/molndalssotarna.se\\\/?page_id=398\",\"url\":\"https:\\\/\\\/molndalssotarna.se\\\/?page_id=398\",\"name\":\"Kontakt - M\u00f6lndal &amp; H\u00e4rryda Sotarna\",\"isPartOf\":{\"@id\":\"https:\\\/\\\/molndalssotarna.se\\\/#website\"},\"primaryImageOfPage\":{\"@id\":\"https:\\\/\\\/molndalssotarna.se\\\/?page_id=398#primaryimage\"},\"image\":{\"@id\":\"https:\\\/\\\/molndalssotarna.se\\\/?page_id=398#primaryimage\"},\"thumbnailUrl\":\"https:\\\/\\\/molndalssotarna.se\\\/wp-content\\\/uploads\\\/2024\\\/11\\\/Hero_Kontakt-scaled.jpg\",\"datePublished\":\"2021-10-15T08:57:51+00:00\",\"dateModified\":\"2024-12-02T10:09:56+00:00\",\"description\":\"Kontakta oss p\u00e5 M\u00f6lndal & H\u00e4rryda Sotarna Ulf Gustavsson AB, v\u00e4xeln \u00f6ppen m\u00e5n-tis 07-17, ons-tor 07-20, fre, 07-17\",\"breadcrumb\":{\"@id\":\"https:\\\/\\\/molndalssotarna.se\\\/?page_id=398#breadcrumb\"},\"inLanguage\":\"sv-SE\",\"potentialAction\":[{\"@type\":\"ReadAction\",\"target\":[\"https:\\\/\\\/molndalssotarna.se\\\/?page_id=398\"]}]},{\"@type\":\"ImageObject\",\"inLanguage\":\"sv-SE\",\"@id\":\"https:\\\/\\\/molndalssotarna.se\\\/?page_id=398#primaryimage\",\"url\":\"https:\\\/\\\/molndalssotarna.se\\\/wp-content\\\/uploads\\\/2024\\\/11\\\/Hero_Kontakt-scaled.jpg\",\"contentUrl\":\"https:\\\/\\\/molndalssotarna.se\\\/wp-content\\\/uploads\\\/2024\\\/11\\\/Hero_Kontakt-scaled.jpg\",\"width\":2560,\"height\":896,\"caption\":\"Receptionist\"},{\"@type\":\"BreadcrumbList\",\"@id\":\"https:\\\/\\\/molndalssotarna.se\\\/?page_id=398#breadcrumb\",\"itemListElement\":[{\"@type\":\"ListItem\",\"position\":1,\"name\":\"Hem\",\"item\":\"http:\\\/\\\/molndalssotarna.se\\\/\"},{\"@type\":\"ListItem\",\"position\":2,\"name\":\"Kontakt\"}]},{\"@type\":\"WebSite\",\"@id\":\"https:\\\/\\\/molndalssotarna.se\\\/#website\",\"url\":\"https:\\\/\\\/molndalssotarna.se\\\/\",\"name\":\"M\u00f6lndal & H\u00e4rryda Sotarna\",\"description\":\"\",\"publisher\":{\"@id\":\"https:\\\/\\\/molndalssotarna.se\\\/#organization\"},\"potentialAction\":[{\"@type\":\"SearchAction\",\"target\":{\"@type\":\"EntryPoint\",\"urlTemplate\":\"https:\\\/\\\/molndalssotarna.se\\\/?s={search_term_string}\"},\"query-input\":{\"@type\":\"PropertyValueSpecification\",\"valueRequired\":true,\"valueName\":\"search_term_string\"}}],\"inLanguage\":\"sv-SE\"},{\"@type\":\"Organization\",\"@id\":\"https:\\\/\\\/molndalssotarna.se\\\/#organization\",\"name\":\"M\u00f6lndal & H\u00e4rryda Sotarna\",\"url\":\"https:\\\/\\\/molndalssotarna.se\\\/\",\"logo\":{\"@type\":\"ImageObject\",\"inLanguage\":\"sv-SE\",\"@id\":\"https:\\\/\\\/molndalssotarna.se\\\/#\\\/schema\\\/logo\\\/image\\\/\",\"url\":\"http:\\\/\\\/molndalssotarna.se\\\/wp-content\\\/uploads\\\/2024\\\/11\\\/cropped-molndalssotaren-1-1.jpg\",\"contentUrl\":\"http:\\\/\\\/molndalssotarna.se\\\/wp-content\\\/uploads\\\/2024\\\/11\\\/cropped-molndalssotaren-1-1.jpg\",\"width\":512,\"height\":512,\"caption\":\"M\u00f6lndal & H\u00e4rryda Sotarna\"},\"image\":{\"@id\":\"https:\\\/\\\/molndalssotarna.se\\\/#\\\/schema\\\/logo\\\/image\\\/\"},\"sameAs\":[\"https:\\\/\\\/www.facebook.com\\\/profile.php?id=100054359687761\"]}]}<\/script>\n<!-- \/ Yoast SEO plugin. -->","yoast_head_json":{"title":"Kontakt - M\u00f6lndal &amp; H\u00e4rryda Sotarna","description":"Kontakta oss p\u00e5 M\u00f6lndal & H\u00e4rryda Sotarna Ulf Gustavsson AB, v\u00e4xeln \u00f6ppen m\u00e5n-tis 07-17, ons-tor 07-20, fre, 07-17","robots":{"index":"index","follow":"follow","max-snippet":"max-snippet:-1","max-image-preview":"max-image-preview:large","max-video-preview":"max-video-preview:-1"},"canonical":"https:\/\/molndalssotarna.se\/?page_id=398","og_locale":"sv_SE","og_type":"article","og_title":"Kontakta M\u00f6lndal & H\u00e4rryda Sotarna","og_description":"Kontakta oss p\u00e5 M\u00f6lndal & H\u00e4rryda Sotarna Ulf Gustavsson AB, v\u00e4xeln \u00f6ppen m\u00e5n-tis 07-17, ons-tor 07-20, fre, 07-17","og_url":"https:\/\/molndalssotarna.se\/?page_id=398","og_site_name":"M\u00f6lndal &amp; H\u00e4rryda Sotarna","article_publisher":"https:\/\/www.facebook.com\/profile.php?id=100054359687761","article_modified_time":"2024-12-02T10:09:56+00:00","og_image":[{"width":2560,"height":896,"url":"https:\/\/molndalssotarna.se\/wp-content\/uploads\/2024\/11\/Hero_Kontakt-scaled.jpg","type":"image\/jpeg"}],"twitter_card":"summary_large_image","twitter_misc":{"Ber\u00e4knad l\u00e4stid":"2 minuter"},"schema":{"@context":"https:\/\/schema.org","@graph":[{"@type":"WebPage","@id":"https:\/\/molndalssotarna.se\/?page_id=398","url":"https:\/\/molndalssotarna.se\/?page_id=398","name":"Kontakt - M\u00f6lndal &amp; H\u00e4rryda Sotarna","isPartOf":{"@id":"https:\/\/molndalssotarna.se\/#website"},"primaryImageOfPage":{"@id":"https:\/\/molndalssotarna.se\/?page_id=398#primaryimage"},"image":{"@id":"https:\/\/molndalssotarna.se\/?page_id=398#primaryimage"},"thumbnailUrl":"https:\/\/molndalssotarna.se\/wp-content\/uploads\/2024\/11\/Hero_Kontakt-scaled.jpg","datePublished":"2021-10-15T08:57:51+00:00","dateModified":"2024-12-02T10:09:56+00:00","description":"Kontakta oss p\u00e5 M\u00f6lndal & H\u00e4rryda Sotarna Ulf Gustavsson AB, v\u00e4xeln \u00f6ppen m\u00e5n-tis 07-17, ons-tor 07-20, fre, 07-17","breadcrumb":{"@id":"https:\/\/molndalssotarna.se\/?page_id=398#breadcrumb"},"inLanguage":"sv-SE","potentialAction":[{"@type":"ReadAction","target":["https:\/\/molndalssotarna.se\/?page_id=398"]}]},{"@type":"ImageObject","inLanguage":"sv-SE","@id":"https:\/\/molndalssotarna.se\/?page_id=398#primaryimage","url":"https:\/\/molndalssotarna.se\/wp-content\/uploads\/2024\/11\/Hero_Kontakt-scaled.jpg","contentUrl":"https:\/\/molndalssotarna.se\/wp-content\/uploads\/2024\/11\/Hero_Kontakt-scaled.jpg","width":2560,"height":896,"caption":"Receptionist"},{"@type":"BreadcrumbList","@id":"https:\/\/molndalssotarna.se\/?page_id=398#breadcrumb","itemListElement":[{"@type":"ListItem","position":1,"name":"Hem","item":"http:\/\/molndalssotarna.se\/"},{"@type":"ListItem","position":2,"name":"Kontakt"}]},{"@type":"WebSite","@id":"https:\/\/molndalssotarna.se\/#website","url":"https:\/\/molndalssotarna.se\/","name":"M\u00f6lndal & H\u00e4rryda Sotarna","description":"","publisher":{"@id":"https:\/\/molndalssotarna.se\/#organization"},"potentialAction":[{"@type":"SearchAction","target":{"@type":"EntryPoint","urlTemplate":"https:\/\/molndalssotarna.se\/?s={search_term_string}"},"query-input":{"@type":"PropertyValueSpecification","valueRequired":true,"valueName":"search_term_string"}}],"inLanguage":"sv-SE"},{"@type":"Organization","@id":"https:\/\/molndalssotarna.se\/#organization","name":"M\u00f6lndal & H\u00e4rryda Sotarna","url":"https:\/\/molndalssotarna.se\/","logo":{"@type":"ImageObject","inLanguage":"sv-SE","@id":"https:\/\/molndalssotarna.se\/#\/schema\/logo\/image\/","url":"http:\/\/molndalssotarna.se\/wp-content\/uploads\/2024\/11\/cropped-molndalssotaren-1-1.jpg","contentUrl":"http:\/\/molndalssotarna.se\/wp-content\/uploads\/2024\/11\/cropped-molndalssotaren-1-1.jpg","width":512,"height":512,"caption":"M\u00f6lndal & H\u00e4rryda Sotarna"},"image":{"@id":"https:\/\/molndalssotarna.se\/#\/schema\/logo\/image\/"},"sameAs":["https:\/\/www.facebook.com\/profile.php?id=100054359687761"]}]}},"uagb_featured_image_src":{"full":["https:\/\/molndalssotarna.se\/wp-content\/uploads\/2024\/11\/Hero_Kontakt-scaled.jpg",2560,896,false],"thumbnail":["https:\/\/molndalssotarna.se\/wp-content\/uploads\/2024\/11\/Hero_Kontakt-150x150.jpg",150,150,true],"medium":["https:\/\/molndalssotarna.se\/wp-content\/uploads\/2024\/11\/Hero_Kontakt-300x105.jpg",300,105,true],"medium_large":["https:\/\/molndalssotarna.se\/wp-content\/uploads\/2024\/11\/Hero_Kontakt-768x269.jpg",768,269,true],"large":["https:\/\/molndalssotarna.se\/wp-content\/uploads\/2024\/11\/Hero_Kontakt-1024x359.jpg",1024,359,true],"1536x1536":["https:\/\/molndalssotarna.se\/wp-content\/uploads\/2024\/11\/Hero_Kontakt-1536x538.jpg",1536,538,true],"2048x2048":["https:\/\/molndalssotarna.se\/wp-content\/uploads\/2024\/11\/Hero_Kontakt-2048x717.jpg",2048,717,true],"neve-blog":["https:\/\/molndalssotarna.se\/wp-content\/uploads\/2024\/11\/Hero_Kontakt-930x620.jpg",930,620,true]},"uagb_author_info":{"display_name":"Jenny Nystr\u00f6m","author_link":"https:\/\/molndalssotarna.se\/?author=2"},"uagb_comment_info":0,"uagb_excerpt":"M\u00f6lndal &amp; H\u00e4rryda Sotarna Ulf Gustavsson AB M\u00f6belgatan 3, 431 33 M\u00f6lndalTel: 031-27 18 92 \u00d6ppettider M\u00e5n-Tis, 07-17 Ons-Tor, 07-20 Fre, 07-17 Boka sotning Aktuella sotningspriser i din kommun finns hos:&nbsp;R\u00e4ddningstj\u00e4nsten Storg\u00f6teborg","_links":{"self":[{"href":"https:\/\/molndalssotarna.se\/index.php?rest_route=\/wp\/v2\/pages\/398","targetHints":{"allow":["GET"]}}],"collection":[{"href":"https:\/\/molndalssotarna.se\/index.php?rest_route=\/wp\/v2\/pages"}],"about":[{"href":"https:\/\/molndalssotarna.se\/index.php?rest_route=\/wp\/v2\/types\/page"}],"author":[{"embeddable":true,"href":"https:\/\/molndalssotarna.se\/index.php?rest_route=\/wp\/v2\/users\/2"}],"replies":[{"embeddable":true,"href":"https:\/\/molndalssotarna.se\/index.php?rest_route=%2Fwp%2Fv2%2Fcomments&post=398"}],"version-history":[{"count":68,"href":"https:\/\/molndalssotarna.se\/index.php?rest_route=\/wp\/v2\/pages\/398\/revisions"}],"predecessor-version":[{"id":1236,"href":"https:\/\/molndalssotarna.se\/index.php?rest_route=\/wp\/v2\/pages\/398\/revisions\/1236"}],"wp:featuredmedia":[{"embeddable":true,"href":"https:\/\/molndalssotarna.se\/index.php?rest_route=\/wp\/v2\/media\/860"}],"wp:attachment":[{"href":"https:\/\/molndalssotarna.se\/index.php?rest_route=%2Fwp%2Fv2%2Fmedia&parent=398"}],"curies":[{"name":"wp","href":"https:\/\/api.w.org\/{rel}","templated":true}]}}