{"id":393,"date":"2021-10-14T13:41:21","date_gmt":"2021-10-14T13:41:21","guid":{"rendered":"https:\/\/demosites.io\/neve-3\/?page_id=393"},"modified":"2024-12-02T08:50:31","modified_gmt":"2024-12-02T07:50:31","slug":"om-oss","status":"publish","type":"page","link":"https:\/\/molndalssotarna.se\/?page_id=393","title":{"rendered":"Om oss"},"content":{"rendered":"\n<div id=\"wp-block-themeisle-blocks-advanced-columns-997a3a7e\" class=\"wp-block-themeisle-blocks-advanced-columns alignfull has-1-columns has-desktop-equal-layout has-tablet-equal-layout has-mobile-equal-layout has-vertical-unset\"><div class=\"wp-block-themeisle-blocks-advanced-columns-overlay\"><\/div><div class=\"innerblocks-wrap\">\n<div id=\"wp-block-themeisle-blocks-advanced-column-c85b09ee\" class=\"wp-block-themeisle-blocks-advanced-column\">\n<header class=\"wp-block-uagb-advanced-heading uagb-block-b8b1270f\"><h1 class=\"uagb-heading-text\"><strong><strong><strong>Om oss<\/strong><\/strong><\/strong> p\u00e5 M\u00f6lndal &amp; H\u00e4rryda Sotarna<\/h1><\/header>\n<\/div>\n<\/div><\/div>\n\n\n\n<div style=\"height:80px\" aria-hidden=\"true\" class=\"wp-block-spacer\"><\/div>\n\n\n\n<div class=\"wp-block-uagb-advanced-heading uagb-block-f23f88ad\"><h2 class=\"uagb-heading-text\">M\u00f6lndal &amp; H\u00e4rryda Sotarna Ulf Gustavsson AB drivs av Ulf Gustavsson och s\u00f6ner<\/h2><\/div>\n\n\n\n<div style=\"height:30px\" aria-hidden=\"true\" class=\"wp-block-spacer\"><\/div>\n\n\n\n<h3 class=\"wp-block-heading has-text-align-center has-neve-text-color-color has-text-color\">Ulf tog \u00f6ver verksamheten \u00e5r 2008, efter att ha varit anst\u00e4lld i 15 \u00e5r f\u00f6re det. Idag drivs bolaget som ett familjef\u00f6retag, d\u00e4r Ulf jobbar tillsammans med s\u00f6nerna Oskar och Tobias Gustavsson. Totalt har vi 13 anst\u00e4llda.<\/h3>\n\n\n\n<p class=\"has-text-align-center has-neve-text-color-color has-text-color wp-block-paragraph\">2022 gick vi in i Sovent Group som \u00e4r den ledande akt\u00f6ren inom sotnings- och ventilationsbranschen med 44 bolag fr\u00e5n Sk\u00e5ne i s\u00f6der till V\u00e4sterbotten i norr. Men vi driver forfarande f\u00f6retaget lokalt i V\u00e4stra G\u00f6taland, fr\u00e4mst i M\u00f6lndal, H\u00e4rryda, Partille och Lerums kommun. Vi v\u00e4nder oss till b\u00e5de f\u00f6retag, privatpersoner och kommuner. V\u00e5r vision, i enlighet med Sovent Groups, \u00e4r att vara den ledande akt\u00f6ren f\u00f6r att skapa en trygg och sund inomhusmilj\u00f6. Och att samarbeta med de andra bolagen inom koncernen \u00e4r en nyckelfaktor \u2013 inte minst f\u00f6r att kunna f\u00f6rb\u00e4ttra servicegraden gentemot dig som kund.&nbsp;<\/p>\n\n\n\n<p class=\"has-text-align-center has-neve-text-color-color has-text-color wp-block-paragraph\">Vi vill ocks\u00e5 forts\u00e4tta driva utvecklingen p\u00e5 marknaden, bland annat n\u00e4r det g\u00e4ller kompetens och service. P\u00e5 Sovents egen skola, <a href=\"https:\/\/soventacademy.se\/\">Sovent Academy<\/a> i Arlandastad, utbildas medarbetare inom bland annat ventilation, sotning och ledarskap.<\/p>\n\n\n\n<p class=\"has-text-align-center wp-block-paragraph\">Vi \u00e4r medlemmar i branschorganisationen&nbsp;<a href=\"http:\/\/www.skorstensfejare.se\/\" target=\"_blank\" rel=\"noreferrer noopener\">SSR, Sveriges Skorstensfejarm\u00e4stares Riksf\u00f6rbund<\/a><\/p>\n\n\n\n<p class=\"has-text-align-center wp-block-paragraph\">Och certifierade enligt&nbsp;<a href=\"http:\/\/www.fr2000.se\/\" target=\"_blank\" rel=\"noreferrer noopener\">FR 2000, vilket \u00e4ven \u00e4r en milj\u00f6certifiering<\/a><\/p>\n\n\n\n<div id=\"wp-block-themeisle-blocks-advanced-columns-6876c4b7\" class=\"wp-block-themeisle-blocks-advanced-columns has-1-columns has-desktop-equal-layout has-tablet-equal-layout has-mobile-equal-layout has-vertical-unset\"><div class=\"wp-block-themeisle-blocks-advanced-columns-overlay\"><\/div><div class=\"innerblocks-wrap\">\n<div id=\"wp-block-themeisle-blocks-advanced-column-847ea06e\" class=\"wp-block-themeisle-blocks-advanced-column\">\n<div class=\"wp-block-group is-nowrap is-layout-flex wp-container-core-group-is-layout-8f761849 wp-block-group-is-layout-flex\"><div class=\"wp-block-image\">\n<figure class=\"aligncenter size-large is-resized\"><img loading=\"lazy\" decoding=\"async\" width=\"931\" height=\"1024\" src=\"http:\/\/molndalssotarna.se\/wp-content\/uploads\/2024\/10\/SSR-Medlem-2-931x1024.png\" alt=\"\" class=\"wp-image-518\" style=\"width:155px;height:auto\" srcset=\"https:\/\/molndalssotarna.se\/wp-content\/uploads\/2024\/10\/SSR-Medlem-2-931x1024.png 931w, https:\/\/molndalssotarna.se\/wp-content\/uploads\/2024\/10\/SSR-Medlem-2-273x300.png 273w, https:\/\/molndalssotarna.se\/wp-content\/uploads\/2024\/10\/SSR-Medlem-2-768x845.png 768w, https:\/\/molndalssotarna.se\/wp-content\/uploads\/2024\/10\/SSR-Medlem-2-1396x1536.png 1396w, https:\/\/molndalssotarna.se\/wp-content\/uploads\/2024\/10\/SSR-Medlem-2-1861x2048.png 1861w\" sizes=\"auto, (max-width: 931px) 100vw, 931px\" \/><\/figure>\n<\/div>\n\n\n<div style=\"height:3px;width:0px\" aria-hidden=\"true\" class=\"wp-block-spacer wp-container-content-8ae7b905\"><\/div>\n\n\n<div class=\"wp-block-image\">\n<figure class=\"aligncenter size-full is-resized\"><img loading=\"lazy\" decoding=\"async\" width=\"512\" height=\"512\" src=\"http:\/\/molndalssotarna.se\/wp-content\/uploads\/2024\/10\/Gra-PNG.png\" alt=\"\" class=\"wp-image-515\" style=\"width:156px;height:auto\" srcset=\"https:\/\/molndalssotarna.se\/wp-content\/uploads\/2024\/10\/Gra-PNG.png 512w, https:\/\/molndalssotarna.se\/wp-content\/uploads\/2024\/10\/Gra-PNG-300x300.png 300w, https:\/\/molndalssotarna.se\/wp-content\/uploads\/2024\/10\/Gra-PNG-150x150.png 150w\" sizes=\"auto, (max-width: 512px) 100vw, 512px\" \/><\/figure>\n<\/div><\/div>\n<\/div>\n<\/div><\/div>\n\n\n\n<div style=\"height:91px\" aria-hidden=\"true\" class=\"wp-block-spacer\"><\/div>\n\n\n\n<div class=\"wp-block-cover alignfull\"><span aria-hidden=\"true\" class=\"wp-block-cover__background has-neve-link-color-background-color has-background-dim-100 has-background-dim\"><\/span><div class=\"wp-block-cover__inner-container is-layout-flow wp-block-cover-is-layout-flow\">\n<div style=\"height:80px\" aria-hidden=\"true\" class=\"wp-block-spacer\"><\/div>\n\n\n\n<div class=\"wp-block-columns are-vertically-aligned-center is-layout-flex wp-container-core-columns-is-layout-8f761849 wp-block-columns-is-layout-flex\">\n<div class=\"wp-block-column is-vertically-aligned-center is-layout-flow wp-block-column-is-layout-flow\">\n<div class=\"wp-block-uagb-team uagb-team__image-position-above uagb-team__align-center uagb-team__stack-tablet uagb-block-4cb385d6 ticss-4cb385d6\"><div class=\"uagb-team__content\"><img decoding=\"async\" class=\"uagb-team__image-crop-circle\" src=\"http:\/\/molndalssotarna.se\/wp-content\/uploads\/2024\/11\/Ulf-Gustavsson-1024x1024.jpg\" alt=\"Ulf Gustavsson\" height=\"250\" width=\"250\" loading=\"lazy\"\/><h3 class=\"uagb-team__title\">Ulf Gustavsson<\/h3><span class=\"uagb-team__prefix\"><strong>VD<\/strong><\/span><p class=\"uagb-team__desc\"><a href=\"mailto:ulf@molndalssotarna.se\">ulf@molndalssotarna.se<\/a><br>0708-19 96 73<\/p><\/div><\/div>\n<\/div>\n\n\n\n<div class=\"wp-block-column is-vertically-aligned-center is-layout-flow wp-block-column-is-layout-flow\">\n<div class=\"wp-block-uagb-team uagb-team__image-position-above uagb-team__align-center uagb-team__stack-tablet uagb-block-9ae6460f\"><div class=\"uagb-team__content\"><img decoding=\"async\" class=\"uagb-team__image-crop-circle\" src=\"http:\/\/molndalssotarna.se\/wp-content\/uploads\/2024\/11\/Oskar-Gustavsson-1024x1024.jpg\" alt=\"Oskar Gustavsson\" height=\"250\" width=\"250\" loading=\"lazy\"\/><h3 class=\"uagb-team__title\">Oskar Gustavsson<\/h3><span class=\"uagb-team__prefix\"><strong>Arbetsledare<\/strong><\/span><p class=\"uagb-team__desc\"><a href=\"mailto:oskar@molndalssotarna.se\">oskar@molndalssotarna.se<\/a><br>0722-41 53 73<\/p><\/div><\/div>\n<\/div>\n\n\n\n<div class=\"wp-block-column is-layout-flow wp-block-column-is-layout-flow\">\n<div class=\"wp-block-uagb-team uagb-team__image-position-above uagb-team__align-center uagb-team__stack-tablet uagb-block-cdf24a81\"><div class=\"uagb-team__content\"><img decoding=\"async\" class=\"uagb-team__image-crop-circle\" src=\"http:\/\/molndalssotarna.se\/wp-content\/uploads\/2024\/11\/Tobias-Gustavsson-1024x1024.jpg\" alt=\"Tobias Gustavsson\" height=\"250\" width=\"250\" loading=\"lazy\"\/><h3 class=\"uagb-team__title\">Tobias Gustavsson<\/h3><span class=\"uagb-team__prefix\"><strong>Arbetsledare<\/strong><\/span><p class=\"uagb-team__desc\"><a href=\"mailto:tobias@molndalssotarna.se\">tobias@molndalssotarna.se<\/a><br>0705-77 10 27<\/p><\/div><\/div>\n<\/div>\n<\/div>\n\n\n\n<div style=\"height:40px\" aria-hidden=\"true\" class=\"wp-block-spacer\"><\/div>\n<\/div><\/div>\n\n\n\n<div id=\"wp-block-themeisle-blocks-advanced-columns-f078e4f4\" class=\"wp-block-themeisle-blocks-advanced-columns alignfull has-2-columns has-desktop-twoOne-layout has-tablet-equal-layout has-mobile-collapsedRows-layout has-vertical-top ticss-c00aadba has-light-bg\"><div class=\"wp-block-themeisle-blocks-advanced-columns-overlay\"><\/div><div class=\"innerblocks-wrap\">\n<div id=\"wp-block-themeisle-blocks-advanced-column-4e8544a8\" class=\"wp-block-themeisle-blocks-advanced-column\">\n<h2 class=\"wp-block-heading has-text-align-left has-nv-site-bg-color has-text-color has-x-large-font-size\">Slipp papper \u2013 v\u00e4lj att f\u00e5 v\u00e5ra brev digitalt via Kivra<\/h2>\n\n\n\n<p class=\"has-text-align-left has-nv-site-bg-color has-text-color wp-block-paragraph\" style=\"font-size:17px\">Vi vill minska klimatp\u00e5verkan och har d\u00e4rf\u00f6r anslutit oss till Kivra. F\u00f6r att komma ig\u00e5ng med digital post beh\u00f6ver du meddela oss ditt personnummer och se till att vara ansluten till Kivra. Klart!<\/p>\n\n\n\n<div class=\"wp-block-buttons is-horizontal is-content-justification-left is-layout-flex wp-container-core-buttons-is-layout-39697d9b wp-block-buttons-is-layout-flex\">\n<div class=\"wp-block-button is-style-primary\"><a class=\"wp-block-button__link has-nv-site-bg-color has-text-color wp-element-button\" href=\"http:\/\/molndalssotarna.se\/?page_id=1022\">Kom ig\u00e5ng med Kivra<\/a><\/div>\n<\/div>\n<\/div>\n\n\n\n<div id=\"wp-block-themeisle-blocks-advanced-column-8181b83d\" class=\"wp-block-themeisle-blocks-advanced-column\"><div class=\"wp-block-image\">\n<figure class=\"aligncenter size-full is-resized\"><img decoding=\"async\" src=\"https:\/\/sotoventgruppen.se\/wp-content\/uploads\/2024\/04\/Kivra.png\" alt=\"\" class=\"wp-image-2096\" style=\"width:410px;height:auto\"\/><\/figure>\n<\/div><\/div>\n<\/div><\/div>\n\n\n\n<div class=\"wp-block-cover alignfull\"><span aria-hidden=\"true\" class=\"wp-block-cover__background has-nv-dark-bg-background-color has-background-dim-100 has-background-dim\"><\/span><div class=\"wp-block-cover__inner-container is-layout-flow wp-block-cover-is-layout-flow\">\n<div style=\"height:80px\" aria-hidden=\"true\" class=\"wp-block-spacer\"><\/div>\n\n\n\n<div class=\"wp-block-columns are-vertically-aligned-center is-layout-flex wp-container-core-columns-is-layout-610fb7d4 wp-block-columns-is-layout-flex\" style=\"padding-right:var(--wp--preset--spacing--50);padding-left:var(--wp--preset--spacing--50)\">\n<div class=\"wp-block-column is-vertically-aligned-center is-layout-flow wp-block-column-is-layout-flow\">\n<h2 class=\"wp-block-heading has-nv-text-dark-bg-color has-text-color\">Jobba hos oss p\u00e5 M\u00f6lndal &amp; H\u00e4rryda Sotarna<\/h2>\n\n\n\n<div class=\"wp-block-buttons is-layout-flex wp-block-buttons-is-layout-flex\">\n<div class=\"wp-block-button is-style-primary\"><a class=\"wp-block-button__link wp-element-button\" href=\"https:\/\/molndalssotarna.weselect.com\/\">Se lediga jobb \/ spontanans\u00f6k<\/a><\/div>\n<\/div>\n\n\n\n<div style=\"height:32px\" aria-hidden=\"true\" class=\"wp-block-spacer\"><\/div>\n\n\n\n<p class=\"has-nv-text-dark-bg-color has-text-color wp-block-paragraph\">Hittar du ingen ledig tj\u00e4nst som passar dig? \u00c4ven om vi inte har en ledig tj\u00e4nst utannonserad just nu s\u00e5 s\u00f6ker vi alltid duktiga och engagerade medarbetare! Skicka g\u00e4rna in en spontanans\u00f6kan s\u00e5 h\u00f6r vi av oss om vi ser en m\u00f6jlighet.<\/p>\n\n\n\n<div style=\"height:40px\" aria-hidden=\"true\" class=\"wp-block-spacer\"><\/div>\n<\/div>\n\n\n\n<div class=\"wp-block-column is-vertically-aligned-center is-layout-flow wp-block-column-is-layout-flow\">\n<figure class=\"wp-block-image size-full has-custom-border\"><img loading=\"lazy\" decoding=\"async\" width=\"1153\" height=\"1153\" src=\"http:\/\/molndalssotarna.se\/wp-content\/uploads\/2024\/11\/Logo-pa-rygg-1.jpg\" alt=\"\" class=\"wp-image-927\" style=\"border-radius:10px\" srcset=\"https:\/\/molndalssotarna.se\/wp-content\/uploads\/2024\/11\/Logo-pa-rygg-1.jpg 1153w, https:\/\/molndalssotarna.se\/wp-content\/uploads\/2024\/11\/Logo-pa-rygg-1-300x300.jpg 300w, https:\/\/molndalssotarna.se\/wp-content\/uploads\/2024\/11\/Logo-pa-rygg-1-1024x1024.jpg 1024w, https:\/\/molndalssotarna.se\/wp-content\/uploads\/2024\/11\/Logo-pa-rygg-1-150x150.jpg 150w, https:\/\/molndalssotarna.se\/wp-content\/uploads\/2024\/11\/Logo-pa-rygg-1-768x768.jpg 768w\" sizes=\"auto, (max-width: 1153px) 100vw, 1153px\" \/><\/figure>\n<\/div>\n<\/div>\n\n\n\n<div style=\"height:40px\" aria-hidden=\"true\" class=\"wp-block-spacer\"><\/div>\n<\/div><\/div>\n","protected":false},"excerpt":{"rendered":"<p>M\u00f6lndal &amp; H\u00e4rryda Sotarna Ulf Gustavsson AB drivs av Ulf Gustavsson och s\u00f6ner Ulf tog \u00f6ver verksamheten \u00e5r 2008, efter att ha varit anst\u00e4lld i 15 \u00e5r f\u00f6re det. Idag drivs bolaget som ett familjef\u00f6retag, d\u00e4r Ulf jobbar tillsammans med s\u00f6nerna Oskar och Tobias Gustavsson. Totalt har vi 13 anst\u00e4llda. 2022 gick vi in i&hellip;&nbsp;<a href=\"https:\/\/molndalssotarna.se\/?page_id=393\" rel=\"bookmark\">Read More &raquo;<span class=\"screen-reader-text\">Om oss<\/span><\/a><\/p>\n","protected":false},"author":2,"featured_media":852,"parent":0,"menu_order":0,"comment_status":"closed","ping_status":"closed","template":"","meta":{"_crdt_document":"","_uag_custom_page_level_css":"","neve_meta_sidebar":"","neve_meta_container":"contained","neve_meta_enable_content_width":"on","neve_meta_content_width":100,"neve_meta_title_alignment":"","neve_meta_author_avatar":"","neve_post_elements_order":"","neve_meta_disable_header":"","neve_meta_disable_footer":"","neve_meta_disable_title":"on","neve_meta_reading_time":"","_themeisle_gutenberg_block_has_review":false,"footnotes":""},"class_list":["post-393","page","type-page","status-publish","has-post-thumbnail","hentry"],"yoast_head":"<!-- This site is optimized with the Yoast SEO plugin v27.4 - https:\/\/yoast.com\/product\/yoast-seo-wordpress\/ -->\n<title>Om oss - M\u00f6lndal &amp; H\u00e4rryda Sotarna<\/title>\n<meta name=\"description\" content=\"M\u00f6lndal &amp; H\u00e4rryda Sotarna Ulf Gustavsson AB drivs av Ulf Gustavsson och s\u00f6ner, Oskar och Tobias Gustavsson\" \/>\n<meta name=\"robots\" content=\"index, follow, max-snippet:-1, max-image-preview:large, max-video-preview:-1\" \/>\n<link rel=\"canonical\" href=\"https:\/\/molndalssotarna.se\/?page_id=393\" \/>\n<meta property=\"og:locale\" content=\"sv_SE\" \/>\n<meta property=\"og:type\" content=\"article\" \/>\n<meta property=\"og:title\" content=\"M\u00f6lndal &amp; H\u00e4rryda Sotarna\" \/>\n<meta property=\"og:description\" content=\"M\u00f6lndal &amp; H\u00e4rryda Sotarna Ulf Gustavsson AB drivs av Ulf Gustavsson och s\u00f6ner, Oskar och Tobias Gustavsson\" \/>\n<meta property=\"og:url\" content=\"https:\/\/molndalssotarna.se\/?page_id=393\" \/>\n<meta property=\"og:site_name\" content=\"M\u00f6lndal &amp; H\u00e4rryda Sotarna\" \/>\n<meta property=\"article:publisher\" content=\"https:\/\/www.facebook.com\/profile.php?id=100054359687761\" \/>\n<meta property=\"article:modified_time\" content=\"2024-12-02T07:50:31+00:00\" \/>\n<meta property=\"og:image\" content=\"https:\/\/molndalssotarna.se\/wp-content\/uploads\/2024\/11\/Hero_Ulf-Gustavsson-scaled.jpg\" \/>\n\t<meta property=\"og:image:width\" content=\"2560\" \/>\n\t<meta property=\"og:image:height\" content=\"896\" \/>\n\t<meta property=\"og:image:type\" content=\"image\/jpeg\" \/>\n<meta name=\"twitter:card\" content=\"summary_large_image\" \/>\n<meta name=\"twitter:label1\" content=\"Ber\u00e4knad l\u00e4stid\" \/>\n\t<meta name=\"twitter:data1\" content=\"4 minuter\" \/>\n<script type=\"application\/ld+json\" class=\"yoast-schema-graph\">{\"@context\":\"https:\\\/\\\/schema.org\",\"@graph\":[{\"@type\":\"WebPage\",\"@id\":\"https:\\\/\\\/molndalssotarna.se\\\/?page_id=393\",\"url\":\"https:\\\/\\\/molndalssotarna.se\\\/?page_id=393\",\"name\":\"Om oss - M\u00f6lndal &amp; H\u00e4rryda Sotarna\",\"isPartOf\":{\"@id\":\"https:\\\/\\\/molndalssotarna.se\\\/#website\"},\"primaryImageOfPage\":{\"@id\":\"https:\\\/\\\/molndalssotarna.se\\\/?page_id=393#primaryimage\"},\"image\":{\"@id\":\"https:\\\/\\\/molndalssotarna.se\\\/?page_id=393#primaryimage\"},\"thumbnailUrl\":\"https:\\\/\\\/molndalssotarna.se\\\/wp-content\\\/uploads\\\/2024\\\/11\\\/Hero_Ulf-Gustavsson-scaled.jpg\",\"datePublished\":\"2021-10-14T13:41:21+00:00\",\"dateModified\":\"2024-12-02T07:50:31+00:00\",\"description\":\"M\u00f6lndal & H\u00e4rryda Sotarna Ulf Gustavsson AB drivs av Ulf Gustavsson och s\u00f6ner, Oskar och Tobias Gustavsson\",\"breadcrumb\":{\"@id\":\"https:\\\/\\\/molndalssotarna.se\\\/?page_id=393#breadcrumb\"},\"inLanguage\":\"sv-SE\",\"potentialAction\":[{\"@type\":\"ReadAction\",\"target\":[\"https:\\\/\\\/molndalssotarna.se\\\/?page_id=393\"]}]},{\"@type\":\"ImageObject\",\"inLanguage\":\"sv-SE\",\"@id\":\"https:\\\/\\\/molndalssotarna.se\\\/?page_id=393#primaryimage\",\"url\":\"https:\\\/\\\/molndalssotarna.se\\\/wp-content\\\/uploads\\\/2024\\\/11\\\/Hero_Ulf-Gustavsson-scaled.jpg\",\"contentUrl\":\"https:\\\/\\\/molndalssotarna.se\\\/wp-content\\\/uploads\\\/2024\\\/11\\\/Hero_Ulf-Gustavsson-scaled.jpg\",\"width\":2560,\"height\":896,\"caption\":\"Ulf Gustavsson, VD M\u00f6lndal & H\u00e4rryda Sotaren\"},{\"@type\":\"BreadcrumbList\",\"@id\":\"https:\\\/\\\/molndalssotarna.se\\\/?page_id=393#breadcrumb\",\"itemListElement\":[{\"@type\":\"ListItem\",\"position\":1,\"name\":\"Hem\",\"item\":\"http:\\\/\\\/molndalssotarna.se\\\/\"},{\"@type\":\"ListItem\",\"position\":2,\"name\":\"Om oss\"}]},{\"@type\":\"WebSite\",\"@id\":\"https:\\\/\\\/molndalssotarna.se\\\/#website\",\"url\":\"https:\\\/\\\/molndalssotarna.se\\\/\",\"name\":\"M\u00f6lndal & H\u00e4rryda Sotarna\",\"description\":\"\",\"publisher\":{\"@id\":\"https:\\\/\\\/molndalssotarna.se\\\/#organization\"},\"potentialAction\":[{\"@type\":\"SearchAction\",\"target\":{\"@type\":\"EntryPoint\",\"urlTemplate\":\"https:\\\/\\\/molndalssotarna.se\\\/?s={search_term_string}\"},\"query-input\":{\"@type\":\"PropertyValueSpecification\",\"valueRequired\":true,\"valueName\":\"search_term_string\"}}],\"inLanguage\":\"sv-SE\"},{\"@type\":\"Organization\",\"@id\":\"https:\\\/\\\/molndalssotarna.se\\\/#organization\",\"name\":\"M\u00f6lndal & H\u00e4rryda Sotarna\",\"url\":\"https:\\\/\\\/molndalssotarna.se\\\/\",\"logo\":{\"@type\":\"ImageObject\",\"inLanguage\":\"sv-SE\",\"@id\":\"https:\\\/\\\/molndalssotarna.se\\\/#\\\/schema\\\/logo\\\/image\\\/\",\"url\":\"http:\\\/\\\/molndalssotarna.se\\\/wp-content\\\/uploads\\\/2024\\\/11\\\/cropped-molndalssotaren-1-1.jpg\",\"contentUrl\":\"http:\\\/\\\/molndalssotarna.se\\\/wp-content\\\/uploads\\\/2024\\\/11\\\/cropped-molndalssotaren-1-1.jpg\",\"width\":512,\"height\":512,\"caption\":\"M\u00f6lndal & H\u00e4rryda Sotarna\"},\"image\":{\"@id\":\"https:\\\/\\\/molndalssotarna.se\\\/#\\\/schema\\\/logo\\\/image\\\/\"},\"sameAs\":[\"https:\\\/\\\/www.facebook.com\\\/profile.php?id=100054359687761\"]}]}<\/script>\n<!-- \/ Yoast SEO plugin. -->","yoast_head_json":{"title":"Om oss - M\u00f6lndal &amp; H\u00e4rryda Sotarna","description":"M\u00f6lndal & H\u00e4rryda Sotarna Ulf Gustavsson AB drivs av Ulf Gustavsson och s\u00f6ner, Oskar och Tobias Gustavsson","robots":{"index":"index","follow":"follow","max-snippet":"max-snippet:-1","max-image-preview":"max-image-preview:large","max-video-preview":"max-video-preview:-1"},"canonical":"https:\/\/molndalssotarna.se\/?page_id=393","og_locale":"sv_SE","og_type":"article","og_title":"M\u00f6lndal & H\u00e4rryda Sotarna","og_description":"M\u00f6lndal & H\u00e4rryda Sotarna Ulf Gustavsson AB drivs av Ulf Gustavsson och s\u00f6ner, Oskar och Tobias Gustavsson","og_url":"https:\/\/molndalssotarna.se\/?page_id=393","og_site_name":"M\u00f6lndal &amp; H\u00e4rryda Sotarna","article_publisher":"https:\/\/www.facebook.com\/profile.php?id=100054359687761","article_modified_time":"2024-12-02T07:50:31+00:00","og_image":[{"width":2560,"height":896,"url":"https:\/\/molndalssotarna.se\/wp-content\/uploads\/2024\/11\/Hero_Ulf-Gustavsson-scaled.jpg","type":"image\/jpeg"}],"twitter_card":"summary_large_image","twitter_misc":{"Ber\u00e4knad l\u00e4stid":"4 minuter"},"schema":{"@context":"https:\/\/schema.org","@graph":[{"@type":"WebPage","@id":"https:\/\/molndalssotarna.se\/?page_id=393","url":"https:\/\/molndalssotarna.se\/?page_id=393","name":"Om oss - M\u00f6lndal &amp; H\u00e4rryda Sotarna","isPartOf":{"@id":"https:\/\/molndalssotarna.se\/#website"},"primaryImageOfPage":{"@id":"https:\/\/molndalssotarna.se\/?page_id=393#primaryimage"},"image":{"@id":"https:\/\/molndalssotarna.se\/?page_id=393#primaryimage"},"thumbnailUrl":"https:\/\/molndalssotarna.se\/wp-content\/uploads\/2024\/11\/Hero_Ulf-Gustavsson-scaled.jpg","datePublished":"2021-10-14T13:41:21+00:00","dateModified":"2024-12-02T07:50:31+00:00","description":"M\u00f6lndal & H\u00e4rryda Sotarna Ulf Gustavsson AB drivs av Ulf Gustavsson och s\u00f6ner, Oskar och Tobias Gustavsson","breadcrumb":{"@id":"https:\/\/molndalssotarna.se\/?page_id=393#breadcrumb"},"inLanguage":"sv-SE","potentialAction":[{"@type":"ReadAction","target":["https:\/\/molndalssotarna.se\/?page_id=393"]}]},{"@type":"ImageObject","inLanguage":"sv-SE","@id":"https:\/\/molndalssotarna.se\/?page_id=393#primaryimage","url":"https:\/\/molndalssotarna.se\/wp-content\/uploads\/2024\/11\/Hero_Ulf-Gustavsson-scaled.jpg","contentUrl":"https:\/\/molndalssotarna.se\/wp-content\/uploads\/2024\/11\/Hero_Ulf-Gustavsson-scaled.jpg","width":2560,"height":896,"caption":"Ulf Gustavsson, VD M\u00f6lndal & H\u00e4rryda Sotaren"},{"@type":"BreadcrumbList","@id":"https:\/\/molndalssotarna.se\/?page_id=393#breadcrumb","itemListElement":[{"@type":"ListItem","position":1,"name":"Hem","item":"http:\/\/molndalssotarna.se\/"},{"@type":"ListItem","position":2,"name":"Om oss"}]},{"@type":"WebSite","@id":"https:\/\/molndalssotarna.se\/#website","url":"https:\/\/molndalssotarna.se\/","name":"M\u00f6lndal & H\u00e4rryda Sotarna","description":"","publisher":{"@id":"https:\/\/molndalssotarna.se\/#organization"},"potentialAction":[{"@type":"SearchAction","target":{"@type":"EntryPoint","urlTemplate":"https:\/\/molndalssotarna.se\/?s={search_term_string}"},"query-input":{"@type":"PropertyValueSpecification","valueRequired":true,"valueName":"search_term_string"}}],"inLanguage":"sv-SE"},{"@type":"Organization","@id":"https:\/\/molndalssotarna.se\/#organization","name":"M\u00f6lndal & H\u00e4rryda Sotarna","url":"https:\/\/molndalssotarna.se\/","logo":{"@type":"ImageObject","inLanguage":"sv-SE","@id":"https:\/\/molndalssotarna.se\/#\/schema\/logo\/image\/","url":"http:\/\/molndalssotarna.se\/wp-content\/uploads\/2024\/11\/cropped-molndalssotaren-1-1.jpg","contentUrl":"http:\/\/molndalssotarna.se\/wp-content\/uploads\/2024\/11\/cropped-molndalssotaren-1-1.jpg","width":512,"height":512,"caption":"M\u00f6lndal & H\u00e4rryda Sotarna"},"image":{"@id":"https:\/\/molndalssotarna.se\/#\/schema\/logo\/image\/"},"sameAs":["https:\/\/www.facebook.com\/profile.php?id=100054359687761"]}]}},"uagb_featured_image_src":{"full":["https:\/\/molndalssotarna.se\/wp-content\/uploads\/2024\/11\/Hero_Ulf-Gustavsson-scaled.jpg",2560,896,false],"thumbnail":["https:\/\/molndalssotarna.se\/wp-content\/uploads\/2024\/11\/Hero_Ulf-Gustavsson-150x150.jpg",150,150,true],"medium":["https:\/\/molndalssotarna.se\/wp-content\/uploads\/2024\/11\/Hero_Ulf-Gustavsson-300x105.jpg",300,105,true],"medium_large":["https:\/\/molndalssotarna.se\/wp-content\/uploads\/2024\/11\/Hero_Ulf-Gustavsson-768x269.jpg",768,269,true],"large":["https:\/\/molndalssotarna.se\/wp-content\/uploads\/2024\/11\/Hero_Ulf-Gustavsson-1024x358.jpg",1024,358,true],"1536x1536":["https:\/\/molndalssotarna.se\/wp-content\/uploads\/2024\/11\/Hero_Ulf-Gustavsson-1536x538.jpg",1536,538,true],"2048x2048":["https:\/\/molndalssotarna.se\/wp-content\/uploads\/2024\/11\/Hero_Ulf-Gustavsson-2048x717.jpg",2048,717,true],"neve-blog":["https:\/\/molndalssotarna.se\/wp-content\/uploads\/2024\/11\/Hero_Ulf-Gustavsson-930x620.jpg",930,620,true]},"uagb_author_info":{"display_name":"Jenny Nystr\u00f6m","author_link":"https:\/\/molndalssotarna.se\/?author=2"},"uagb_comment_info":0,"uagb_excerpt":"M\u00f6lndal &amp; H\u00e4rryda Sotarna Ulf Gustavsson AB drivs av Ulf Gustavsson och s\u00f6ner Ulf tog \u00f6ver verksamheten \u00e5r 2008, efter att ha varit anst\u00e4lld i 15 \u00e5r f\u00f6re det. Idag drivs bolaget som ett familjef\u00f6retag, d\u00e4r Ulf jobbar tillsammans med s\u00f6nerna Oskar och Tobias Gustavsson. Totalt har vi 13 anst\u00e4llda. 2022 gick vi in i&hellip;&nbsp;Read&hellip;","_links":{"self":[{"href":"https:\/\/molndalssotarna.se\/index.php?rest_route=\/wp\/v2\/pages\/393","targetHints":{"allow":["GET"]}}],"collection":[{"href":"https:\/\/molndalssotarna.se\/index.php?rest_route=\/wp\/v2\/pages"}],"about":[{"href":"https:\/\/molndalssotarna.se\/index.php?rest_route=\/wp\/v2\/types\/page"}],"author":[{"embeddable":true,"href":"https:\/\/molndalssotarna.se\/index.php?rest_route=\/wp\/v2\/users\/2"}],"replies":[{"embeddable":true,"href":"https:\/\/molndalssotarna.se\/index.php?rest_route=%2Fwp%2Fv2%2Fcomments&post=393"}],"version-history":[{"count":74,"href":"https:\/\/molndalssotarna.se\/index.php?rest_route=\/wp\/v2\/pages\/393\/revisions"}],"predecessor-version":[{"id":1212,"href":"https:\/\/molndalssotarna.se\/index.php?rest_route=\/wp\/v2\/pages\/393\/revisions\/1212"}],"wp:featuredmedia":[{"embeddable":true,"href":"https:\/\/molndalssotarna.se\/index.php?rest_route=\/wp\/v2\/media\/852"}],"wp:attachment":[{"href":"https:\/\/molndalssotarna.se\/index.php?rest_route=%2Fwp%2Fv2%2Fmedia&parent=393"}],"curies":[{"name":"wp","href":"https:\/\/api.w.org\/{rel}","templated":true}]}}