{"id":3,"date":"2024-10-29T11:05:47","date_gmt":"2024-10-29T10:05:47","guid":{"rendered":"http:\/\/dinsotare.com\/?page_id=3"},"modified":"2024-11-26T12:00:20","modified_gmt":"2024-11-26T11:00:20","slug":"integritetspolicy","status":"publish","type":"page","link":"https:\/\/molndalssotarna.se\/?page_id=3","title":{"rendered":"Integritetspolicy"},"content":{"rendered":"\n<div style=\"height:60px\" aria-hidden=\"true\" class=\"wp-block-spacer\"><\/div>\n\n\n\n<h2 class=\"wp-block-heading\">Integritetspolicy<\/h2>\n\n\n\n<p class=\"wp-block-paragraph\"><strong>DINA PERSONUPPGIFTER \u00c4R VIKTIGA F\u00d6R OSS<\/strong><br>M\u00f6lndal &amp; H\u00e4rryda Sotarna Ulf Gustavsson AB tar integritet p\u00e5 st\u00f6rsta allvar och anv\u00e4nder uppgifter som kan identifiera enskilda individer (nedan Personuppgifter) endast i enlighet med denna lagenliga policy. I denna text redog\u00f6r vi \u00f6versiktligt f\u00f6r vad vi g\u00f6r med dina personuppgifter. Det \u00e4r vi ocks\u00e5 skyldiga till enligt svensk och europeisk dataskyddslagstiftning.<\/p>\n\n\n\n<p class=\"wp-block-paragraph\"><strong>VEM SOM ANSVARAR F\u00d6R DINA PERSONUPPGIFTER<\/strong><br>N\u00e4r du som kund har kontakt med oss eller anm\u00e4ler dig till ett nyhetsbrev och anv\u00e4nder v\u00e5r webbplats \u00e4r det M\u00f6lndal &amp; H\u00e4rryda Sotarna Ulf Gustavsson AB som ansvarar f\u00f6r dina personuppgifter i egenskap av personuppgiftsansvarig.<\/p>\n\n\n\n<p class=\"wp-block-paragraph\"><strong>VARIFR\u00c5N DINA PERSONUPPGIFTER KOMMER<\/strong><br>Den fr\u00e4msta k\u00e4llan till personuppgifter om dig \u00e4r du sj\u00e4lv, exempelvis uppgifter som du l\u00e4mnar n\u00e4r du anv\u00e4nder en tj\u00e4nst hos oss, l\u00e4mnar ditt samtycke eller uppdaterar dina uppgifter i samband med ett nyhetsbrev eller e-postutskick. Exempel p\u00e5 s\u00e5dana personuppgifter \u00e4r namn, kontaktuppgifter s\u00e5som telefonnummer, e-postadress och adress.<\/p>\n\n\n\n<p class=\"wp-block-paragraph\">Vi sparar ocks\u00e5 bes\u00f6ks- och trafikdata p\u00e5 v\u00e5r hemsida. Exempel p\u00e5 s\u00e5dana personuppgifter \u00e4r, din IP-adress, typ av enhet, operativsystem och webbl\u00e4sare. Dessa uppgifter samlas in via s\u00e5 kallade Cookies. Detta g\u00f6rs f\u00f6ra att utveckla v\u00e5r hemsida till att ge dig b\u00e4sta m\u00f6jliga upplevelse.<br>Vid behov kan vi ocks\u00e5 komma att uppdatera dina uppgifter fr\u00e5n offentliga register eller publika upplysningstj\u00e4nster s\u00e5som t&nbsp; ex SPAR och Bolagsverket.<\/p>\n\n\n\n<p class=\"wp-block-paragraph\"><strong>VILKA VI KAN DELA DINA PERSONUPPGIFTER MED<\/strong><br>Dina personuppgifter kommer ej att delas med andra f\u00f6retag utan ditt medgivande. Vi s\u00e4kerst\u00e4ller \u00e4ven att dina personuppgifter hanteras lagligt och korrekt om de \u00f6verf\u00f6rs utanf\u00f6r EU\/EES-omr\u00e5det.<\/p>\n\n\n\n<p class=\"wp-block-paragraph\"><strong>DINA R\u00c4TTIGHETER<\/strong><br>Enligt EU:s <a href=\"https:\/\/www.imy.se\/verksamhet\/dataskydd\/det-har-galler-enligt-gdpr\/\">dataskyddsf\u00f6rordning <\/a>har du som individ vissa lagstadgade r\u00e4ttigheter i relation till de personuppgifter vi hanterar om dig. Du har r\u00e4tt att f\u00e5 tillg\u00e5ng till dina personuppgifter genom kontakt enligt nedan, r\u00e4tt till r\u00e4ttning och radering och r\u00e4tt att inv\u00e4nda mot behandling till exempel direktmarknadsf\u00f6ring. Du har ocks\u00e5 r\u00e4tt att klaga till den nationella dataskyddsmyndigheten, Datainspektionen. H\u00e4r kan du l\u00e4sa mer om dina r\u00e4ttigheter.<\/p>\n\n\n\n<p class=\"wp-block-paragraph\"><strong>\u00c4NDAM\u00c5L G\u00c4LLANDE BEHANDLINGEN AV DINA PERSONUPPGIFTER<\/strong><br>M\u00f6lndal &amp; H\u00e4rryda Sotarna Ulf Gustavsson AB behandlar personuppgifter f\u00f6r att kunna skicka ut information, nyheter, erbjudande, inbjudan till event till dig som \u00e4r kund eller prenumerant av M\u00f6lndal &amp; H\u00e4rryda Sotarna Ulf Gustavsson AB nyhetsbrev. Du kan n\u00e4r som helst avst\u00e5 fr\u00e5n att ta emot marknadsf\u00f6ringskommunikation fr\u00e5n oss genom att klicka p\u00e5 \u201davsluta prenumeration\u201d i e-post och SMS kommunikation som vi skickar till dig.<\/p>\n\n\n\n<p class=\"wp-block-paragraph\"><strong>HUR L\u00c4NGE VI BEH\u00c5LLER DINA PERSONUPPGIFTER<\/strong><br>Vi sparar dina personuppgifter s\u00e5 l\u00e4nge de beh\u00f6vs f\u00f6r ovan angivna \u00e4ndam\u00e5l, s\u00e5 l\u00e4nge du \u00e4r kund eller s\u00e5 l\u00e4nge det m\u00e5ste sparas p\u00e5 grund av lagkrav, d\u00e4refter tas uppgifterna bort eller avidentifieras.<\/p>\n\n\n\n<p class=\"wp-block-paragraph\"><strong>M\u00f6lndal &amp; H\u00e4rryda Sotarna Ulf Gustavsson AB<br><\/strong>Org.nummer: 556753-9027<br><a href=\"mailto:ulf@molndalssotarna.se\">ulf@molndalssotarna.se<\/a><\/p>\n\n\n\n<div style=\"height:150px\" aria-hidden=\"true\" class=\"wp-block-spacer\"><\/div>\n\n\n\n<div id=\"wp-block-themeisle-blocks-advanced-columns-997a3a7e\" class=\"wp-block-themeisle-blocks-advanced-columns alignfull has-1-columns has-desktop-equal-layout has-tablet-equal-layout has-mobile-equal-layout has-vertical-unset\"><div class=\"wp-block-themeisle-blocks-advanced-columns-overlay\"><\/div><div class=\"innerblocks-wrap\">\n<div id=\"wp-block-themeisle-blocks-advanced-column-c85b09ee\" class=\"wp-block-themeisle-blocks-advanced-column\">\n<header class=\"wp-block-uagb-advanced-heading uagb-block-b8b1270f\"><h2 class=\"uagb-heading-text\"><a href=\"http:\/\/molndalssotarna.se\/?page_id=393\"><strong><strong><strong>L\u00e4s om oss<\/strong><\/strong><\/strong> p\u00e5 <br>M\u00f6lndal &amp; H\u00e4rryda Sotarna<\/a><\/h2><\/header>\n<\/div>\n<\/div><\/div>\n","protected":false},"excerpt":{"rendered":"<p>Integritetspolicy DINA PERSONUPPGIFTER \u00c4R VIKTIGA F\u00d6R OSSM\u00f6lndal &amp; H\u00e4rryda Sotarna Ulf Gustavsson AB tar integritet p\u00e5 st\u00f6rsta allvar och anv\u00e4nder uppgifter som kan identifiera enskilda individer (nedan Personuppgifter) endast i enlighet med denna lagenliga policy. I denna text redog\u00f6r vi \u00f6versiktligt f\u00f6r vad vi g\u00f6r med dina personuppgifter. Det \u00e4r vi ocks\u00e5 skyldiga till enligt&hellip;&nbsp;<a href=\"https:\/\/molndalssotarna.se\/?page_id=3\" rel=\"bookmark\">Read More &raquo;<span class=\"screen-reader-text\">Integritetspolicy<\/span><\/a><\/p>\n","protected":false},"author":2,"featured_media":852,"parent":0,"menu_order":0,"comment_status":"closed","ping_status":"closed","template":"","meta":{"_crdt_document":"","_uag_custom_page_level_css":"","neve_meta_sidebar":"","neve_meta_container":"","neve_meta_enable_content_width":"","neve_meta_content_width":0,"neve_meta_title_alignment":"","neve_meta_author_avatar":"","neve_post_elements_order":"","neve_meta_disable_header":"","neve_meta_disable_footer":"","neve_meta_disable_title":"","neve_meta_reading_time":"","_themeisle_gutenberg_block_has_review":false,"footnotes":""},"class_list":["post-3","page","type-page","status-publish","has-post-thumbnail","hentry"],"yoast_head":"<!-- This site is optimized with the Yoast SEO plugin v27.4 - https:\/\/yoast.com\/product\/yoast-seo-wordpress\/ -->\n<title>Integritetspolicy - M\u00f6lndal &amp; H\u00e4rryda Sotarna<\/title>\n<meta name=\"description\" content=\"M\u00f6lndal &amp; H\u00e4rryda Sotarna tar integritet p\u00e5 st\u00f6rsta allvar. Vi anv\u00e4nder bara personuppgifter i enlighet g\u00e4llande lagar.\" \/>\n<meta name=\"robots\" content=\"index, follow, max-snippet:-1, max-image-preview:large, max-video-preview:-1\" \/>\n<link rel=\"canonical\" href=\"https:\/\/molndalssotarna.se\/?page_id=3\" \/>\n<meta property=\"og:locale\" content=\"sv_SE\" \/>\n<meta property=\"og:type\" content=\"article\" \/>\n<meta property=\"og:title\" content=\"Integritetspolicy - M\u00f6lndal &amp; H\u00e4rryda Sotarna\" \/>\n<meta property=\"og:description\" content=\"M\u00f6lndal &amp; H\u00e4rryda Sotarna tar integritet p\u00e5 st\u00f6rsta allvar. Vi anv\u00e4nder bara personuppgifter i enlighet g\u00e4llande lagar.\" \/>\n<meta property=\"og:url\" content=\"https:\/\/molndalssotarna.se\/?page_id=3\" \/>\n<meta property=\"og:site_name\" content=\"M\u00f6lndal &amp; H\u00e4rryda Sotarna\" \/>\n<meta property=\"article:publisher\" content=\"https:\/\/www.facebook.com\/profile.php?id=100054359687761\" \/>\n<meta property=\"article:modified_time\" content=\"2024-11-26T11:00:20+00:00\" \/>\n<meta property=\"og:image\" content=\"https:\/\/molndalssotarna.se\/wp-content\/uploads\/2024\/11\/Hero_Ulf-Gustavsson-scaled.jpg\" \/>\n\t<meta property=\"og:image:width\" content=\"2560\" \/>\n\t<meta property=\"og:image:height\" content=\"896\" \/>\n\t<meta property=\"og:image:type\" content=\"image\/jpeg\" \/>\n<meta name=\"twitter:card\" content=\"summary_large_image\" \/>\n<meta name=\"twitter:label1\" content=\"Ber\u00e4knad l\u00e4stid\" \/>\n\t<meta name=\"twitter:data1\" content=\"3 minuter\" \/>\n<script type=\"application\/ld+json\" class=\"yoast-schema-graph\">{\"@context\":\"https:\\\/\\\/schema.org\",\"@graph\":[{\"@type\":\"WebPage\",\"@id\":\"https:\\\/\\\/molndalssotarna.se\\\/?page_id=3\",\"url\":\"https:\\\/\\\/molndalssotarna.se\\\/?page_id=3\",\"name\":\"Integritetspolicy - M\u00f6lndal &amp; H\u00e4rryda Sotarna\",\"isPartOf\":{\"@id\":\"https:\\\/\\\/molndalssotarna.se\\\/#website\"},\"primaryImageOfPage\":{\"@id\":\"https:\\\/\\\/molndalssotarna.se\\\/?page_id=3#primaryimage\"},\"image\":{\"@id\":\"https:\\\/\\\/molndalssotarna.se\\\/?page_id=3#primaryimage\"},\"thumbnailUrl\":\"https:\\\/\\\/molndalssotarna.se\\\/wp-content\\\/uploads\\\/2024\\\/11\\\/Hero_Ulf-Gustavsson-scaled.jpg\",\"datePublished\":\"2024-10-29T10:05:47+00:00\",\"dateModified\":\"2024-11-26T11:00:20+00:00\",\"description\":\"M\u00f6lndal & H\u00e4rryda Sotarna tar integritet p\u00e5 st\u00f6rsta allvar. Vi anv\u00e4nder bara personuppgifter i enlighet g\u00e4llande lagar.\",\"breadcrumb\":{\"@id\":\"https:\\\/\\\/molndalssotarna.se\\\/?page_id=3#breadcrumb\"},\"inLanguage\":\"sv-SE\",\"potentialAction\":[{\"@type\":\"ReadAction\",\"target\":[\"https:\\\/\\\/molndalssotarna.se\\\/?page_id=3\"]}]},{\"@type\":\"ImageObject\",\"inLanguage\":\"sv-SE\",\"@id\":\"https:\\\/\\\/molndalssotarna.se\\\/?page_id=3#primaryimage\",\"url\":\"https:\\\/\\\/molndalssotarna.se\\\/wp-content\\\/uploads\\\/2024\\\/11\\\/Hero_Ulf-Gustavsson-scaled.jpg\",\"contentUrl\":\"https:\\\/\\\/molndalssotarna.se\\\/wp-content\\\/uploads\\\/2024\\\/11\\\/Hero_Ulf-Gustavsson-scaled.jpg\",\"width\":2560,\"height\":896,\"caption\":\"Ulf Gustavsson, VD M\u00f6lndal & H\u00e4rryda Sotaren\"},{\"@type\":\"BreadcrumbList\",\"@id\":\"https:\\\/\\\/molndalssotarna.se\\\/?page_id=3#breadcrumb\",\"itemListElement\":[{\"@type\":\"ListItem\",\"position\":1,\"name\":\"Hem\",\"item\":\"http:\\\/\\\/molndalssotarna.se\\\/\"},{\"@type\":\"ListItem\",\"position\":2,\"name\":\"Integritetspolicy\"}]},{\"@type\":\"WebSite\",\"@id\":\"https:\\\/\\\/molndalssotarna.se\\\/#website\",\"url\":\"https:\\\/\\\/molndalssotarna.se\\\/\",\"name\":\"M\u00f6lndal & H\u00e4rryda Sotarna\",\"description\":\"\",\"publisher\":{\"@id\":\"https:\\\/\\\/molndalssotarna.se\\\/#organization\"},\"potentialAction\":[{\"@type\":\"SearchAction\",\"target\":{\"@type\":\"EntryPoint\",\"urlTemplate\":\"https:\\\/\\\/molndalssotarna.se\\\/?s={search_term_string}\"},\"query-input\":{\"@type\":\"PropertyValueSpecification\",\"valueRequired\":true,\"valueName\":\"search_term_string\"}}],\"inLanguage\":\"sv-SE\"},{\"@type\":\"Organization\",\"@id\":\"https:\\\/\\\/molndalssotarna.se\\\/#organization\",\"name\":\"M\u00f6lndal & H\u00e4rryda Sotarna\",\"url\":\"https:\\\/\\\/molndalssotarna.se\\\/\",\"logo\":{\"@type\":\"ImageObject\",\"inLanguage\":\"sv-SE\",\"@id\":\"https:\\\/\\\/molndalssotarna.se\\\/#\\\/schema\\\/logo\\\/image\\\/\",\"url\":\"http:\\\/\\\/molndalssotarna.se\\\/wp-content\\\/uploads\\\/2024\\\/11\\\/cropped-molndalssotaren-1-1.jpg\",\"contentUrl\":\"http:\\\/\\\/molndalssotarna.se\\\/wp-content\\\/uploads\\\/2024\\\/11\\\/cropped-molndalssotaren-1-1.jpg\",\"width\":512,\"height\":512,\"caption\":\"M\u00f6lndal & H\u00e4rryda Sotarna\"},\"image\":{\"@id\":\"https:\\\/\\\/molndalssotarna.se\\\/#\\\/schema\\\/logo\\\/image\\\/\"},\"sameAs\":[\"https:\\\/\\\/www.facebook.com\\\/profile.php?id=100054359687761\"]}]}<\/script>\n<!-- \/ Yoast SEO plugin. -->","yoast_head_json":{"title":"Integritetspolicy - M\u00f6lndal &amp; H\u00e4rryda Sotarna","description":"M\u00f6lndal & H\u00e4rryda Sotarna tar integritet p\u00e5 st\u00f6rsta allvar. Vi anv\u00e4nder bara personuppgifter i enlighet g\u00e4llande lagar.","robots":{"index":"index","follow":"follow","max-snippet":"max-snippet:-1","max-image-preview":"max-image-preview:large","max-video-preview":"max-video-preview:-1"},"canonical":"https:\/\/molndalssotarna.se\/?page_id=3","og_locale":"sv_SE","og_type":"article","og_title":"Integritetspolicy - M\u00f6lndal &amp; H\u00e4rryda Sotarna","og_description":"M\u00f6lndal & H\u00e4rryda Sotarna tar integritet p\u00e5 st\u00f6rsta allvar. Vi anv\u00e4nder bara personuppgifter i enlighet g\u00e4llande lagar.","og_url":"https:\/\/molndalssotarna.se\/?page_id=3","og_site_name":"M\u00f6lndal &amp; H\u00e4rryda Sotarna","article_publisher":"https:\/\/www.facebook.com\/profile.php?id=100054359687761","article_modified_time":"2024-11-26T11:00:20+00:00","og_image":[{"width":2560,"height":896,"url":"https:\/\/molndalssotarna.se\/wp-content\/uploads\/2024\/11\/Hero_Ulf-Gustavsson-scaled.jpg","type":"image\/jpeg"}],"twitter_card":"summary_large_image","twitter_misc":{"Ber\u00e4knad l\u00e4stid":"3 minuter"},"schema":{"@context":"https:\/\/schema.org","@graph":[{"@type":"WebPage","@id":"https:\/\/molndalssotarna.se\/?page_id=3","url":"https:\/\/molndalssotarna.se\/?page_id=3","name":"Integritetspolicy - M\u00f6lndal &amp; H\u00e4rryda Sotarna","isPartOf":{"@id":"https:\/\/molndalssotarna.se\/#website"},"primaryImageOfPage":{"@id":"https:\/\/molndalssotarna.se\/?page_id=3#primaryimage"},"image":{"@id":"https:\/\/molndalssotarna.se\/?page_id=3#primaryimage"},"thumbnailUrl":"https:\/\/molndalssotarna.se\/wp-content\/uploads\/2024\/11\/Hero_Ulf-Gustavsson-scaled.jpg","datePublished":"2024-10-29T10:05:47+00:00","dateModified":"2024-11-26T11:00:20+00:00","description":"M\u00f6lndal & H\u00e4rryda Sotarna tar integritet p\u00e5 st\u00f6rsta allvar. Vi anv\u00e4nder bara personuppgifter i enlighet g\u00e4llande lagar.","breadcrumb":{"@id":"https:\/\/molndalssotarna.se\/?page_id=3#breadcrumb"},"inLanguage":"sv-SE","potentialAction":[{"@type":"ReadAction","target":["https:\/\/molndalssotarna.se\/?page_id=3"]}]},{"@type":"ImageObject","inLanguage":"sv-SE","@id":"https:\/\/molndalssotarna.se\/?page_id=3#primaryimage","url":"https:\/\/molndalssotarna.se\/wp-content\/uploads\/2024\/11\/Hero_Ulf-Gustavsson-scaled.jpg","contentUrl":"https:\/\/molndalssotarna.se\/wp-content\/uploads\/2024\/11\/Hero_Ulf-Gustavsson-scaled.jpg","width":2560,"height":896,"caption":"Ulf Gustavsson, VD M\u00f6lndal & H\u00e4rryda Sotaren"},{"@type":"BreadcrumbList","@id":"https:\/\/molndalssotarna.se\/?page_id=3#breadcrumb","itemListElement":[{"@type":"ListItem","position":1,"name":"Hem","item":"http:\/\/molndalssotarna.se\/"},{"@type":"ListItem","position":2,"name":"Integritetspolicy"}]},{"@type":"WebSite","@id":"https:\/\/molndalssotarna.se\/#website","url":"https:\/\/molndalssotarna.se\/","name":"M\u00f6lndal & H\u00e4rryda Sotarna","description":"","publisher":{"@id":"https:\/\/molndalssotarna.se\/#organization"},"potentialAction":[{"@type":"SearchAction","target":{"@type":"EntryPoint","urlTemplate":"https:\/\/molndalssotarna.se\/?s={search_term_string}"},"query-input":{"@type":"PropertyValueSpecification","valueRequired":true,"valueName":"search_term_string"}}],"inLanguage":"sv-SE"},{"@type":"Organization","@id":"https:\/\/molndalssotarna.se\/#organization","name":"M\u00f6lndal & H\u00e4rryda Sotarna","url":"https:\/\/molndalssotarna.se\/","logo":{"@type":"ImageObject","inLanguage":"sv-SE","@id":"https:\/\/molndalssotarna.se\/#\/schema\/logo\/image\/","url":"http:\/\/molndalssotarna.se\/wp-content\/uploads\/2024\/11\/cropped-molndalssotaren-1-1.jpg","contentUrl":"http:\/\/molndalssotarna.se\/wp-content\/uploads\/2024\/11\/cropped-molndalssotaren-1-1.jpg","width":512,"height":512,"caption":"M\u00f6lndal & H\u00e4rryda Sotarna"},"image":{"@id":"https:\/\/molndalssotarna.se\/#\/schema\/logo\/image\/"},"sameAs":["https:\/\/www.facebook.com\/profile.php?id=100054359687761"]}]}},"uagb_featured_image_src":{"full":["https:\/\/molndalssotarna.se\/wp-content\/uploads\/2024\/11\/Hero_Ulf-Gustavsson-scaled.jpg",2560,896,false],"thumbnail":["https:\/\/molndalssotarna.se\/wp-content\/uploads\/2024\/11\/Hero_Ulf-Gustavsson-150x150.jpg",150,150,true],"medium":["https:\/\/molndalssotarna.se\/wp-content\/uploads\/2024\/11\/Hero_Ulf-Gustavsson-300x105.jpg",300,105,true],"medium_large":["https:\/\/molndalssotarna.se\/wp-content\/uploads\/2024\/11\/Hero_Ulf-Gustavsson-768x269.jpg",768,269,true],"large":["https:\/\/molndalssotarna.se\/wp-content\/uploads\/2024\/11\/Hero_Ulf-Gustavsson-1024x358.jpg",1024,358,true],"1536x1536":["https:\/\/molndalssotarna.se\/wp-content\/uploads\/2024\/11\/Hero_Ulf-Gustavsson-1536x538.jpg",1536,538,true],"2048x2048":["https:\/\/molndalssotarna.se\/wp-content\/uploads\/2024\/11\/Hero_Ulf-Gustavsson-2048x717.jpg",2048,717,true],"neve-blog":["https:\/\/molndalssotarna.se\/wp-content\/uploads\/2024\/11\/Hero_Ulf-Gustavsson-930x620.jpg",930,620,true]},"uagb_author_info":{"display_name":"Jenny Nystr\u00f6m","author_link":"https:\/\/molndalssotarna.se\/?author=2"},"uagb_comment_info":0,"uagb_excerpt":"Integritetspolicy DINA PERSONUPPGIFTER \u00c4R VIKTIGA F\u00d6R OSSM\u00f6lndal &amp; H\u00e4rryda Sotarna Ulf Gustavsson AB tar integritet p\u00e5 st\u00f6rsta allvar och anv\u00e4nder uppgifter som kan identifiera enskilda individer (nedan Personuppgifter) endast i enlighet med denna lagenliga policy. I denna text redog\u00f6r vi \u00f6versiktligt f\u00f6r vad vi g\u00f6r med dina personuppgifter. Det \u00e4r vi ocks\u00e5 skyldiga till enligt&hellip;&nbsp;Read&hellip;","_links":{"self":[{"href":"https:\/\/molndalssotarna.se\/index.php?rest_route=\/wp\/v2\/pages\/3","targetHints":{"allow":["GET"]}}],"collection":[{"href":"https:\/\/molndalssotarna.se\/index.php?rest_route=\/wp\/v2\/pages"}],"about":[{"href":"https:\/\/molndalssotarna.se\/index.php?rest_route=\/wp\/v2\/types\/page"}],"author":[{"embeddable":true,"href":"https:\/\/molndalssotarna.se\/index.php?rest_route=\/wp\/v2\/users\/2"}],"replies":[{"embeddable":true,"href":"https:\/\/molndalssotarna.se\/index.php?rest_route=%2Fwp%2Fv2%2Fcomments&post=3"}],"version-history":[{"count":6,"href":"https:\/\/molndalssotarna.se\/index.php?rest_route=\/wp\/v2\/pages\/3\/revisions"}],"predecessor-version":[{"id":1201,"href":"https:\/\/molndalssotarna.se\/index.php?rest_route=\/wp\/v2\/pages\/3\/revisions\/1201"}],"wp:featuredmedia":[{"embeddable":true,"href":"https:\/\/molndalssotarna.se\/index.php?rest_route=\/wp\/v2\/media\/852"}],"wp:attachment":[{"href":"https:\/\/molndalssotarna.se\/index.php?rest_route=%2Fwp%2Fv2%2Fmedia&parent=3"}],"curies":[{"name":"wp","href":"https:\/\/api.w.org\/{rel}","templated":true}]}}